{"id":3187,"date":"2020-06-18T22:19:37","date_gmt":"2020-06-18T21:19:37","guid":{"rendered":"https:\/\/www.orchard-gallery.com\/artists\/josef-valcik\/"},"modified":"2020-11-30T18:15:59","modified_gmt":"2020-11-30T17:15:59","slug":"josef-valcik","status":"publish","type":"page","link":"https:\/\/orchard-gallery.com\/en\/artists\/josef-valcik\/","title":{"rendered":"Josef Val\u010d\u00edk"},"content":{"rendered":"<section class=\"wpb-content-wrapper\">[vc_row curly_padding=&#8221;content-padding&#8221; css=&#8221;.vc_custom_1504195713546{padding-bottom: 0px !important;}&#8221;][vc_column][vc_column_text]\n<h1 class=\"display-2 special-title\" style=\"text-align: center;\"><small>CZECH ARTIST<\/small>Josef Val\u010d\u00edk<\/h1>\n[\/vc_column_text][vc_empty_space height=&#8221;&#8221; el_class=&#8221;xtd-spacer&#8221;][\/vc_column][vc_column width=&#8221;1\/3&#8243;][vc_empty_space][vc_single_image image=&#8221;3150&#8243; img_size=&#8221;full&#8221; style=&#8221;xtd-shadow&#8211;normal-light&#8221; el_class=&#8221;xtd-offset-frame&#8221;][vc_btn title=&#8221;Go to e-shop&#8221; style=&#8221;btn-outline-primary&#8221; shape=&#8221;square&#8221; align=&#8221;center&#8221; link=&#8221;url:https%3A%2F%2Fwww.artisticostores.com%2Fcategories%2Fjosef-valcik-2%2F|title:Josef%20Val%C4%8D%C3%ADk%20Artistico||&#8221;][\/vc_column][vc_column width=&#8221;2\/3&#8243; offset=&#8221;vc_col-lg-offset-1 vc_col-lg-7&#8243;][vc_column_text]\n<p style=\"text-align: justify;\">Josef Val\u010d\u00edk is the protean element of Studio Val\u010d\u00edk. He is not protean in the sense that he changes his approach to art or his style based on some current trend or fashion. On the contrary \u2013 his approaches to painting, photography and sculpture contain certain features constant over long periods of time. These features include the same thematic approaches and motifs, a constant range of works and genres and constant technical approaches and brushwork. Yet in spite of these constants, Josef Val\u010d\u00edk \u2013 unlike the other members of this studio \u2013 is not satisfied with one type of painting; he continuously moves between the various fine arts, struggling with their limitations.<\/p>\n<p style=\"text-align: justify;\">Josef Val\u010d\u00edk began his career as a painter of landscapes, flower bouquets and nudes and it is his interest in these genres that was able to pass on to his children Magda and Ale\u0161. The use of acrylics and a passion for pastose brushwork has however led him towards abstract compositions with symbolic references. These works began to appear in the mid-nineties and have influenced how all of his previous and subsequent works are viewed. Since that time, his flower bouquets, nudes and landscapes are simply pretexts for the unrestricted rhythm of his painting that has become characteristic for how he sees the world.<\/p>\n[\/vc_column_text][\/vc_column][\/vc_row][vc_row][vc_column width=&#8221;2\/3&#8243;][vc_column_text]\n<p style=\"text-align: justify;\">Josef Val\u010d\u00edk may be considered a protean being for yet another reason. He has willingly walked into the pictographic cycle of advertising, visual provocation and kitsch in order to continuously question the value of his own participation in more complex and conflicting levels of the \u201ciconosphere\u201d. This is what has led to polarities of symbolic meaning and empty gestures, commerciality and independence, and sacredness and obscenity in his work. These polarities first came to the surface in his nudes and almost subject-free compositions and reached their full development in his portraits, hunting scenes and photographic compositions of painted naked bodies of women and ceramics that treat naked bodies with irony. If however we attempt to reach for something in this protean flow of paintings using various media that motivates their creation, we can see the footprints of this protean nature in the painted, photographed and sculpted worlds of Josef Val\u010d\u00edk. He begins painting by announcing the color that will define the shapes on the canvas; he inserts colors into bodies and gives a ceramic-like patina.<\/p>\n<p style=\"text-align: justify;\">We find that it is not possible to link Josef Val\u010d\u00edk with one color or typical chord. Rather his uses the contrast of dark monochromatic surfaces with lively multicolored ones. His photographs bring the immediate and unique to the game of documentation. His sculpture has always been linked with space and volume, which can be seen in his varied three-dimensional shapes of fired clay as well as in the stylized compositions of movement and the intersection of natural bodies and the spontaneous and yet severe acrylic splashes. The previously mentioned polarities in Val\u010d\u00edk\u2019s works can be traced through his photographic, painted and sculpted works. His photographs reflect connotations of advertising, the tabloid and commerciality, while his sculptures are important for their totemic and pseudo-memorial nature. His paintings reflect possible links to the pure and aural and on the other hand are full of studiedness and meaning. These three media with their own internal memories open up a varied horizon of possibilities and together create a picture of the artist Josef Val\u010d\u00edk\u2019s personality. Each reflects a different ego, a different side of his being. But it is only through their interaction that we can truly find signs of his internal integrity.<\/p>\n[\/vc_column_text][\/vc_column][vc_column width=&#8221;1\/3&#8243;][vc_column_text]\n<h3 style=\"padding-left: 40px;\">SOLO EXHIBITIONS<\/h3>\n<ul>\n<li class=\"\">1989 \u2013 Kyjov \u2013 exhibition space at the Kyjov Hospital and Clinic<\/li>\n<li class=\"\">1990 \u2013 Str\u00e1\u017enice \u2013 private gallery of Ivan L\u017ei\u010da\u0159ov\u00e1<\/li>\n<li class=\"\">1991 \u2013 Choce\u0148 \u2013 exhibition space at the Chateau Bookstore<\/li>\n<li class=\"\">1992 \u2013 Str\u00e1\u017enice \u2013 private gallery of Ivan L\u017ei\u010da\u0159ov\u00e1<\/li>\n<li class=\"\">1992 \u2013 Hodon\u00edn \u2013 Inteko Gallery<\/li>\n<li class=\"\">1993 \u2013 V\u00fd\u0161kov -Art Spektrum Gallery<\/li>\n<li class=\"\">1993 \u2013 Brno \u2013 Gallery \u201eG\u201d<\/li>\n<li class=\"\">1993 \u2013 Kun\u0161t\u00e1t na Morav\u011b \u2013 exhibition space of the artistic ceramics store<\/li>\n<li class=\"\">1994 \u2013 V\u00fd\u0161kov -Art Spektrum Galery<\/li>\n<li class=\"\">1994 \u2013 Str\u00e1\u017enice \u2013 private galery of lvana L\u017ei\u010da\u0159ov\u00e1<\/li>\n<li class=\"\">1994 \u2013 Krava\u0159e \u2013 Chateau Gallery<\/li>\n<li class=\"\">1994 \u2013 Uhersk\u00e9 Hradi\u0161t\u011b \u2013 D\u00edlo Gallery<\/li>\n<li class=\"\">1995 \u2013 Brno \u2013 Eva Gallery<\/li>\n<li class=\"\">1995 \u2013 Brno \u2013 Pegas Gallery<\/li>\n<li class=\"\">1995 \u2013 Brno \u2013 Baret Gallery<\/li>\n<li class=\"\">1995 \u2013 Brno \u2013 exhibition space of the Czech-Moravian Building Society<\/li>\n<li class=\"\">1996 \u2013 Brno \u2013 Eva Gallery<\/li>\n<li class=\"\">1996 \u2013 P\u0159erov \u2013 D\u00edlo Gallery<\/li>\n<\/ul>\n[\/vc_column_text][\/vc_column][\/vc_row][vc_row curly_padding=&#8221;content-padding&#8221; css=&#8221;.vc_custom_1587296404408{margin-top: -50px !important;padding-bottom: 0px !important;}&#8221;][vc_column][vc_column_text]\n<div class=\"page\" title=\"Page 246\">\n<div class=\"section\">\n<div class=\"layoutArea\">\n<div class=\"column\">\n<h3 style=\"text-align: center;\">COLLECTIVE EXHIBITIONS<\/h3>\n<\/div>\n<\/div>\n<\/div>\n<\/div>\n[\/vc_column_text][vc_row_inner][vc_column_inner width=&#8221;1\/2&#8243;][vc_column_text]\n<div title=\"Page 246\">\n<ul>\n<li>1981 \u2013 \u0160ardice \u2013 exhibition with Miroslav Bravenec<\/li>\n<li>1982-1988 \u2013 exhibition within the framework of the ASUT military competition<\/li>\n<li>1990 \u2013 \u010cej\u010d \u2013 exhibition with Miroslav Bravenec Brno, Olomouc, Moravsk\u00e1 T\u0159ebov\u00e1 and Troubsko \u2013 exhibition within the framework of the Association of Artists in the Moravian-Silesian Region.<\/li>\n<li>1990 \u2013 Kyjov \u2013 exhibition at the VEGA Gallery<\/li>\n<li>1991 \u2013 Olomouc \u2013 exhibition space at Flora Olomouc exhibition by AUMUS<\/li>\n<li>1991 \u2013 Nov\u00fd Dv\u016fr u Opavy \u2013 exhibition by AUMUS at the Arboreta<\/li>\n<li>1991 \u2013 Brno \u2013 exhibition by the Association of Creative Artists \u2013 \u010cSFR (ACA \u2013 \u010cSFR) at the Brnoo Trade Fair grounds<\/li>\n<li>1991 \u2013 Berl\u00edn (Germany) \u2013 exhibition by ACA \u2013 \u010cSFR to mark he 150th anniversary of Antonin Dvo\u0159\u00e1k\u2019s birth<\/li>\n<li>1991 \u2013 Prague \u2013 exhibition by ACA- \u010cSFR at CIBOK \u201cEXPERIMENT\u2019<\/li>\n<li>1991 \u2013 Mikulov \u2013 exhibition by ACA- \u010cSFR<\/li>\n<li>1991 \u2013 Laa a d. Thaya (Austria) \u2013 exhibition by ACA \u2013 \u010cSFR<\/li>\n<li>1991 \u2013 Hollabrunn (Austria) \u2013 exhibition by ACA \u2013 \u010cSFR<\/li>\n<li>1991 \u2013 Mistelbach (Austria) \u2013 exhibition by ACA \u2013 \u010cSFR<\/li>\n<li>1992 \u2013 Olomouc \u2013 exhibition by AUMS at Fl\u00f3ra Olomouc<\/li>\n<li>1992 \u2013 Nov\u00fd Dv\u016fr u Opavy \u2013 exhibition by AUMS atthe Arboreta<\/li>\n<li>1992 \u2013 Opava \u2013 the Petr Bezru\u010de House \u2013 exhibition by VTS QUINTART<\/li>\n<li>1992 \u2013 Mistelbach (Austria) \u2013 exhibition by VTS QUINTART<\/li>\n<li>1992 \u2013 Hollabrunn (Austria) -exhibition by VTS QUINTART<\/li>\n<li>1992 \u2013 Retz (Austria) \u2013 exhibition by VTS QUINTART<\/li>\n<\/ul>\n<\/div>\n[\/vc_column_text][\/vc_column_inner][vc_column_inner width=&#8221;1\/2&#8243;][vc_column_text]\n<div title=\"Page 246\">\n<ul>\n<li>1993 \u2013 V\u00edtkov \u2013 exhibition by VTS QUINTART<\/li>\n<li>1993 \u2013 Stockerau (Austria) \u2013 exhibition by VTS QUINTART<\/li>\n<li>1993 \u2013 Korneubug (Austria) \u2013 exhibition by VTS QUINTART<\/li>\n<li>1993 \u2013 Nov\u00fd Ji\u010d\u00edn \u2013 exhibition by VTS QUINTART at the Municipal Cultural Center<\/li>\n<li>1993 \u2013 Opava \u2013 the Petr Bezru\u010d House \u2013 exhibition by VTS QUINTART<\/li>\n<li>1994 \u2013 Brno \u2013 exhibition by Prof Art Brno at the Brno Trade Fair grounds<\/li>\n<li>1995 \u2013 Brno \u2013 exhibition by Prof Art Brno at the exhibition hall of the Brno-\u0158e\u010dkovice town hall<\/li>\n<li>1995 \u2013 Brno \u2013 exhibition by Prof Ad Brno in the foyer gallery of the Jadran Cinema<\/li>\n<li>1995 \u2013 Brno \u2013 exhibition by Studio Val\u010d\u00edk in the exhibition space of the firm Automedia<\/li>\n<li>1995 \u2013 Brno \u2013 exhibition by studio Val\u010d\u00edk in the exhibition space of the Czech-Moravia Building Society<\/li>\n<li>1996 \u2013 Brno \u2013 exhibition by Prof Art Brno in the foyer of the Jan\u00e1\u010dek Theater<\/li>\n<li>2010 \u2013 Bratislava \u2013 exhibition in the Fine Art Gallery<\/li>\n<li>\n<div>2012 \u2013 Bratislava \u2013 ARTisti&amp;Co<\/div>\n<\/li>\n<li>\n<div>2013 \u2013 Praha \u2013 ARTisti&amp;Co<\/div>\n<\/li>\n<li>\n<div>2014 \u2013 Ko\u0161ice \u2013 Museum of Technology<\/div>\n<\/li>\n<li>\n<div>2014 \u2013 Vide\u0148 \u2013 ARTisti&amp;Co<\/div>\n<\/li>\n<li>\n<div>2018 \u2013 Ostrava \u2013 Orchard Gallery<\/div>\n<\/li>\n<li>\n<div>2019 \u2013 Ostrava \u2013 Orchard Gallery<\/div>\n<\/li>\n<\/ul>\n<\/div>\n[\/vc_column_text][\/vc_column_inner][\/vc_row_inner][vc_row_inner][vc_column_inner width=&#8221;1\/3&#8243;][vc_single_image image=&#8221;3181&#8243; img_size=&#8221;full&#8221;][\/vc_column_inner][vc_column_inner width=&#8221;1\/3&#8243;][vc_single_image image=&#8221;3178&#8243; img_size=&#8221;full&#8221;][\/vc_column_inner][vc_column_inner width=&#8221;1\/3&#8243;][vc_single_image image=&#8221;3175&#8243; img_size=&#8221;full&#8221;][\/vc_column_inner][\/vc_row_inner][\/vc_column][\/vc_row]\n<\/section>","protected":false},"excerpt":{"rendered":"<p>[vc_row curly_padding=&#8221;content-padding&#8221; css=&#8221;.vc_custom_1504195713546{padding-bottom: 0px !important;}&#8221;][vc_column][vc_column_text] CZECH ARTISTJosef Val\u010d\u00edk [\/vc_column_text][vc_empty_space height=&#8221;&#8221; el_class=&#8221;xtd-spacer&#8221;][\/vc_column][vc_column width=&#8221;1\/3&#8243;][vc_empty_space][vc_single_image image=&#8221;3150&#8243; img_size=&#8221;full&#8221; style=&#8221;xtd-shadow&#8211;normal-light&#8221; el_class=&#8221;xtd-offset-frame&#8221;][vc_btn title=&#8221;Go to e-shop&#8221; style=&#8221;btn-outline-primary&#8221; shape=&#8221;square&#8221; align=&#8221;center&#8221; link=&#8221;url:https%3A%2F%2Fwww.artisticostores.com%2Fcategories%2Fjosef-valcik-2%2F|title:Josef%20Val%C4%8D%C3%ADk%20Artistico||&#8221;][\/vc_column][vc_column width=&#8221;2\/3&#8243; offset=&#8221;vc_col-lg-offset-1 vc_col-lg-7&#8243;][vc_column_text] Josef Val\u010d\u00edk is the protean element of Studio Val\u010d\u00edk. He is not protean in the sense that he changes his approach to art or his style based on some current trend or fashion. On [&hellip;]<\/p>\n","protected":false},"author":1,"featured_media":0,"parent":667,"menu_order":0,"comment_status":"closed","ping_status":"closed","template":"","meta":{"footnotes":""},"yoast_head":"<!-- This site is optimized with the Yoast SEO plugin v22.7 - https:\/\/yoast.com\/wordpress\/plugins\/seo\/ -->\n<title>Josef Val\u010d\u00edk -<\/title>\n<meta name=\"robots\" content=\"index, follow, max-snippet:-1, max-image-preview:large, max-video-preview:-1\" \/>\n<link rel=\"canonical\" href=\"https:\/\/orchard-gallery.com\/en\/artists\/josef-valcik\/\" \/>\n<meta property=\"og:locale\" content=\"en_US\" \/>\n<meta property=\"og:type\" content=\"article\" \/>\n<meta property=\"og:title\" content=\"Josef Val\u010d\u00edk -\" \/>\n<meta property=\"og:description\" content=\"[vc_row curly_padding=&#8221;content-padding&#8221; css=&#8221;.vc_custom_1504195713546{padding-bottom: 0px !important;}&#8221;][vc_column][vc_column_text] CZECH ARTISTJosef Val\u010d\u00edk [\/vc_column_text][vc_empty_space height=&#8221;&#8221; el_class=&#8221;xtd-spacer&#8221;][\/vc_column][vc_column width=&#8221;1\/3&#8243;][vc_empty_space][vc_single_image image=&#8221;3150&#8243; img_size=&#8221;full&#8221; style=&#8221;xtd-shadow&#8211;normal-light&#8221; el_class=&#8221;xtd-offset-frame&#8221;][vc_btn title=&#8221;Go to e-shop&#8221; style=&#8221;btn-outline-primary&#8221; shape=&#8221;square&#8221; align=&#8221;center&#8221; link=&#8221;url:https%3A%2F%2Fwww.artisticostores.com%2Fcategories%2Fjosef-valcik-2%2F|title:Josef%20Val%C4%8D%C3%ADk%20Artistico||&#8221;][\/vc_column][vc_column width=&#8221;2\/3&#8243; offset=&#8221;vc_col-lg-offset-1 vc_col-lg-7&#8243;][vc_column_text] Josef Val\u010d\u00edk is the protean element of Studio Val\u010d\u00edk. He is not protean in the sense that he changes his approach to art or his style based on some current trend or fashion. On [&hellip;]\" \/>\n<meta property=\"og:url\" content=\"https:\/\/orchard-gallery.com\/artists\/josef-valcik\/\" \/>\n<meta property=\"article:publisher\" content=\"https:\/\/www.facebook.com\/galleryorchard\/\" \/>\n<meta property=\"article:modified_time\" content=\"2020-11-30T17:15:59+00:00\" \/>\n<meta name=\"twitter:card\" content=\"summary_large_image\" \/>\n<meta name=\"twitter:label1\" content=\"Est. reading time\" \/>\n\t<meta name=\"twitter:data1\" content=\"6 minutes\" \/>\n<script type=\"application\/ld+json\" class=\"yoast-schema-graph\">{\"@context\":\"https:\/\/schema.org\",\"@graph\":[{\"@type\":\"WebPage\",\"@id\":\"https:\/\/orchard-gallery.com\/artists\/josef-valcik\/\",\"url\":\"https:\/\/orchard-gallery.com\/artists\/josef-valcik\/\",\"name\":\"Josef Val\u010d\u00edk -\",\"isPartOf\":{\"@id\":\"https:\/\/orchard-gallery.com\/#website\"},\"datePublished\":\"2020-06-18T21:19:37+00:00\",\"dateModified\":\"2020-11-30T17:15:59+00:00\",\"breadcrumb\":{\"@id\":\"https:\/\/orchard-gallery.com\/artists\/josef-valcik\/#breadcrumb\"},\"inLanguage\":\"en-US\",\"potentialAction\":[{\"@type\":\"ReadAction\",\"target\":[\"https:\/\/orchard-gallery.com\/artists\/josef-valcik\/\"]}]},{\"@type\":\"BreadcrumbList\",\"@id\":\"https:\/\/orchard-gallery.com\/artists\/josef-valcik\/#breadcrumb\",\"itemListElement\":[{\"@type\":\"ListItem\",\"position\":1,\"name\":\"Dom\u016f\",\"item\":\"https:\/\/orchard-gallery.com\/en\/\"},{\"@type\":\"ListItem\",\"position\":2,\"name\":\"Artists\",\"item\":\"https:\/\/orchard-gallery.com\/artists\/\"},{\"@type\":\"ListItem\",\"position\":3,\"name\":\"Josef Val\u010d\u00edk\"}]},{\"@type\":\"WebSite\",\"@id\":\"https:\/\/orchard-gallery.com\/#website\",\"url\":\"https:\/\/orchard-gallery.com\/\",\"name\":\"Orchard Gallery\",\"description\":\"\",\"publisher\":{\"@id\":\"https:\/\/orchard-gallery.com\/#organization\"},\"potentialAction\":[{\"@type\":\"SearchAction\",\"target\":{\"@type\":\"EntryPoint\",\"urlTemplate\":\"https:\/\/orchard-gallery.com\/?s={search_term_string}\"},\"query-input\":\"required name=search_term_string\"}],\"inLanguage\":\"en-US\"},{\"@type\":\"Organization\",\"@id\":\"https:\/\/orchard-gallery.com\/#organization\",\"name\":\"OrchardGallery\",\"url\":\"https:\/\/orchard-gallery.com\/\",\"logo\":{\"@type\":\"ImageObject\",\"inLanguage\":\"en-US\",\"@id\":\"https:\/\/orchard-gallery.com\/#\/schema\/logo\/image\/\",\"url\":\"https:\/\/www.orchard-gallery.com\/wp-content\/uploads\/2020\/05\/orchard_retina-.png\",\"contentUrl\":\"https:\/\/www.orchard-gallery.com\/wp-content\/uploads\/2020\/05\/orchard_retina-.png\",\"width\":400,\"height\":38,\"caption\":\"OrchardGallery\"},\"image\":{\"@id\":\"https:\/\/orchard-gallery.com\/#\/schema\/logo\/image\/\"},\"sameAs\":[\"https:\/\/www.facebook.com\/galleryorchard\/\",\"https:\/\/www.instagram.com\/artisticostores\/\",\"https:\/\/www.youtube.com\/channel\/UC6fZFM4tjduboVY2BzlFjzA\"]}]}<\/script>\n<!-- \/ Yoast SEO plugin. -->","yoast_head_json":{"title":"Josef Val\u010d\u00edk -","robots":{"index":"index","follow":"follow","max-snippet":"max-snippet:-1","max-image-preview":"max-image-preview:large","max-video-preview":"max-video-preview:-1"},"canonical":"https:\/\/orchard-gallery.com\/en\/artists\/josef-valcik\/","og_locale":"en_US","og_type":"article","og_title":"Josef Val\u010d\u00edk -","og_description":"[vc_row curly_padding=&#8221;content-padding&#8221; css=&#8221;.vc_custom_1504195713546{padding-bottom: 0px !important;}&#8221;][vc_column][vc_column_text] CZECH ARTISTJosef Val\u010d\u00edk [\/vc_column_text][vc_empty_space height=&#8221;&#8221; el_class=&#8221;xtd-spacer&#8221;][\/vc_column][vc_column width=&#8221;1\/3&#8243;][vc_empty_space][vc_single_image image=&#8221;3150&#8243; img_size=&#8221;full&#8221; style=&#8221;xtd-shadow&#8211;normal-light&#8221; el_class=&#8221;xtd-offset-frame&#8221;][vc_btn title=&#8221;Go to e-shop&#8221; style=&#8221;btn-outline-primary&#8221; shape=&#8221;square&#8221; align=&#8221;center&#8221; link=&#8221;url:https%3A%2F%2Fwww.artisticostores.com%2Fcategories%2Fjosef-valcik-2%2F|title:Josef%20Val%C4%8D%C3%ADk%20Artistico||&#8221;][\/vc_column][vc_column width=&#8221;2\/3&#8243; offset=&#8221;vc_col-lg-offset-1 vc_col-lg-7&#8243;][vc_column_text] Josef Val\u010d\u00edk is the protean element of Studio Val\u010d\u00edk. He is not protean in the sense that he changes his approach to art or his style based on some current trend or fashion. On [&hellip;]","og_url":"https:\/\/orchard-gallery.com\/artists\/josef-valcik\/","article_publisher":"https:\/\/www.facebook.com\/galleryorchard\/","article_modified_time":"2020-11-30T17:15:59+00:00","twitter_card":"summary_large_image","twitter_misc":{"Est. reading time":"6 minutes"},"schema":{"@context":"https:\/\/schema.org","@graph":[{"@type":"WebPage","@id":"https:\/\/orchard-gallery.com\/artists\/josef-valcik\/","url":"https:\/\/orchard-gallery.com\/artists\/josef-valcik\/","name":"Josef Val\u010d\u00edk -","isPartOf":{"@id":"https:\/\/orchard-gallery.com\/#website"},"datePublished":"2020-06-18T21:19:37+00:00","dateModified":"2020-11-30T17:15:59+00:00","breadcrumb":{"@id":"https:\/\/orchard-gallery.com\/artists\/josef-valcik\/#breadcrumb"},"inLanguage":"en-US","potentialAction":[{"@type":"ReadAction","target":["https:\/\/orchard-gallery.com\/artists\/josef-valcik\/"]}]},{"@type":"BreadcrumbList","@id":"https:\/\/orchard-gallery.com\/artists\/josef-valcik\/#breadcrumb","itemListElement":[{"@type":"ListItem","position":1,"name":"Dom\u016f","item":"https:\/\/orchard-gallery.com\/en\/"},{"@type":"ListItem","position":2,"name":"Artists","item":"https:\/\/orchard-gallery.com\/artists\/"},{"@type":"ListItem","position":3,"name":"Josef Val\u010d\u00edk"}]},{"@type":"WebSite","@id":"https:\/\/orchard-gallery.com\/#website","url":"https:\/\/orchard-gallery.com\/","name":"Orchard Gallery","description":"","publisher":{"@id":"https:\/\/orchard-gallery.com\/#organization"},"potentialAction":[{"@type":"SearchAction","target":{"@type":"EntryPoint","urlTemplate":"https:\/\/orchard-gallery.com\/?s={search_term_string}"},"query-input":"required name=search_term_string"}],"inLanguage":"en-US"},{"@type":"Organization","@id":"https:\/\/orchard-gallery.com\/#organization","name":"OrchardGallery","url":"https:\/\/orchard-gallery.com\/","logo":{"@type":"ImageObject","inLanguage":"en-US","@id":"https:\/\/orchard-gallery.com\/#\/schema\/logo\/image\/","url":"https:\/\/www.orchard-gallery.com\/wp-content\/uploads\/2020\/05\/orchard_retina-.png","contentUrl":"https:\/\/www.orchard-gallery.com\/wp-content\/uploads\/2020\/05\/orchard_retina-.png","width":400,"height":38,"caption":"OrchardGallery"},"image":{"@id":"https:\/\/orchard-gallery.com\/#\/schema\/logo\/image\/"},"sameAs":["https:\/\/www.facebook.com\/galleryorchard\/","https:\/\/www.instagram.com\/artisticostores\/","https:\/\/www.youtube.com\/channel\/UC6fZFM4tjduboVY2BzlFjzA"]}]}},"_links":{"self":[{"href":"https:\/\/orchard-gallery.com\/en\/wp-json\/wp\/v2\/pages\/3187"}],"collection":[{"href":"https:\/\/orchard-gallery.com\/en\/wp-json\/wp\/v2\/pages"}],"about":[{"href":"https:\/\/orchard-gallery.com\/en\/wp-json\/wp\/v2\/types\/page"}],"author":[{"embeddable":true,"href":"https:\/\/orchard-gallery.com\/en\/wp-json\/wp\/v2\/users\/1"}],"replies":[{"embeddable":true,"href":"https:\/\/orchard-gallery.com\/en\/wp-json\/wp\/v2\/comments?post=3187"}],"version-history":[{"count":4,"href":"https:\/\/orchard-gallery.com\/en\/wp-json\/wp\/v2\/pages\/3187\/revisions"}],"predecessor-version":[{"id":4867,"href":"https:\/\/orchard-gallery.com\/en\/wp-json\/wp\/v2\/pages\/3187\/revisions\/4867"}],"up":[{"embeddable":true,"href":"https:\/\/orchard-gallery.com\/en\/wp-json\/wp\/v2\/pages\/667"}],"wp:attachment":[{"href":"https:\/\/orchard-gallery.com\/en\/wp-json\/wp\/v2\/media?parent=3187"}],"curies":[{"name":"wp","href":"https:\/\/api.w.org\/{rel}","templated":true}]}}