{"id":668,"date":"2017-09-05T10:49:47","date_gmt":"2017-09-05T10:49:47","guid":{"rendered":"http:\/\/www.orchard-gallery.com\/artists\/"},"modified":"2020-06-19T17:54:58","modified_gmt":"2020-06-19T16:54:58","slug":"artists","status":"publish","type":"page","link":"https:\/\/orchard-gallery.com\/de\/artists\/","title":{"rendered":"K\u00fcnstler"},"content":{"rendered":"<section class=\"wpb-content-wrapper\">[vc_row full_width=&#8220;stretch_row&#8220; gap=&#8220;35&#8243; curly_padding=&#8220;content-padding&#8220; css=&#8220;.vc_custom_1504636772443{background-color: #f5f5f5 !important;}&#8220; el_id=&#8220;our-artists&#8220;][vc_column][vc_column_text]\n<h1 class=\"display-1 special-title\" style=\"text-align: center;\">K\u00fcnstler<\/h1>\n[\/vc_column_text][\/vc_column][vc_column width=&#8220;1\/3&#8243;]<div class='xtd-person  '><div class='xtd-person__image color-primary xtd-shadow--normal-light'><a href='https:\/\/www.orchard-gallery.com\/de\/artists\/manuel-martinez\/' title='Manuel Martinez'><img loading=\"lazy\" decoding=\"async\" width=\"400\" height=\"265\" src=\"https:\/\/orchard-gallery.com\/wp-content\/uploads\/2020\/04\/manuel_martinez_umelec.jpg\" class=\"attachment-large size-large\" alt=\"\" srcset=\"https:\/\/orchard-gallery.com\/wp-content\/uploads\/2020\/04\/manuel_martinez_umelec.jpg 400w, https:\/\/orchard-gallery.com\/wp-content\/uploads\/2020\/04\/manuel_martinez_umelec-300x199.jpg 300w\" sizes=\"(max-width: 400px) 100vw, 400px\" \/><\/a><\/div><div class='xtd-person__info'><div class='xtd-person__title h2'><a href='https:\/\/www.orchard-gallery.com\/de\/artists\/manuel-martinez\/' title='Manuel Martinez'>Manuel Martinez<\/a><\/div><div class='xtd-person__content'><\/div><\/div><\/div><div class='xtd-person  '><div class='xtd-person__image color-primary xtd-shadow--normal-light'><a href='https:\/\/www.orchard-gallery.com\/de\/artists\/vaclav-killer\/' title='V\u00e1clav K. Killer'><img loading=\"lazy\" decoding=\"async\" width=\"660\" height=\"439\" src=\"https:\/\/orchard-gallery.com\/wp-content\/uploads\/2020\/04\/vkkiller-1024x681.jpg\" class=\"attachment-large size-large\" alt=\"\" srcset=\"https:\/\/orchard-gallery.com\/wp-content\/uploads\/2020\/04\/vkkiller-1024x681.jpg 1024w, https:\/\/orchard-gallery.com\/wp-content\/uploads\/2020\/04\/vkkiller-300x199.jpg 300w, https:\/\/orchard-gallery.com\/wp-content\/uploads\/2020\/04\/vkkiller-768x511.jpg 768w, https:\/\/orchard-gallery.com\/wp-content\/uploads\/2020\/04\/vkkiller-1536x1021.jpg 1536w, https:\/\/orchard-gallery.com\/wp-content\/uploads\/2020\/04\/vkkiller-2048x1362.jpg 2048w\" sizes=\"(max-width: 660px) 100vw, 660px\" \/><\/a><\/div><div class='xtd-person__info'><div class='xtd-person__title h2'><a href='https:\/\/www.orchard-gallery.com\/de\/artists\/vaclav-killer\/' title='V\u00e1clav K. Killer'>V\u00e1clav K. Killer<\/a><\/div><div class='xtd-person__content'><\/div><\/div><\/div><div class='xtd-person  '><div class='xtd-person__image color-primary xtd-shadow--normal-light'><a href='https:\/\/www.orchard-gallery.com\/de\/artists\/josef-valcik\/' title='Josef Val\u010d\u00edk'><img loading=\"lazy\" decoding=\"async\" width=\"398\" height=\"265\" src=\"https:\/\/orchard-gallery.com\/wp-content\/uploads\/2020\/06\/josef_valcik_malir.jpg\" class=\"attachment-large size-large\" alt=\"\" srcset=\"https:\/\/orchard-gallery.com\/wp-content\/uploads\/2020\/06\/josef_valcik_malir.jpg 398w, https:\/\/orchard-gallery.com\/wp-content\/uploads\/2020\/06\/josef_valcik_malir-300x200.jpg 300w\" sizes=\"(max-width: 398px) 100vw, 398px\" \/><\/a><\/div><div class='xtd-person__info'><div class='xtd-person__title h2'><a href='https:\/\/www.orchard-gallery.com\/de\/artists\/josef-valcik\/' title='Josef Val\u010d\u00edk'>Josef Val\u010d\u00edk<\/a><\/div><div class='xtd-person__content'><\/div><\/div><\/div><div class='xtd-person  '><div class='xtd-person__image color-primary xtd-shadow--normal-light'><a href='https:\/\/www.orchard-gallery.com\/de\/artists\/kanta-kishore-moharana\/' title='Kanta Kishore Moharana'><img loading=\"lazy\" decoding=\"async\" width=\"398\" height=\"265\" src=\"https:\/\/orchard-gallery.com\/wp-content\/uploads\/2020\/06\/kanta_kishore_moharana_sochar.jpg\" class=\"attachment-large size-large\" alt=\"\" srcset=\"https:\/\/orchard-gallery.com\/wp-content\/uploads\/2020\/06\/kanta_kishore_moharana_sochar.jpg 398w, https:\/\/orchard-gallery.com\/wp-content\/uploads\/2020\/06\/kanta_kishore_moharana_sochar-300x200.jpg 300w\" sizes=\"(max-width: 398px) 100vw, 398px\" \/><\/a><\/div><div class='xtd-person__info'><div class='xtd-person__title h2'><a href='https:\/\/www.orchard-gallery.com\/de\/artists\/kanta-kishore-moharana\/' title='Kanta Kishore Moharana'>Kanta Kishore Moharana<\/a><\/div><div class='xtd-person__content'><\/div><\/div><\/div><div class='xtd-person  '><div class='xtd-person__image color-primary xtd-shadow--normal-light'><a href='https:\/\/www.orchard-gallery.com\/de\/artists\/norbert-judt\/' title='Norbert Judt'><img loading=\"lazy\" decoding=\"async\" width=\"398\" height=\"265\" src=\"https:\/\/orchard-gallery.com\/wp-content\/uploads\/2020\/06\/norbert_judt_malir.jpg\" class=\"attachment-large size-large\" alt=\"\" srcset=\"https:\/\/orchard-gallery.com\/wp-content\/uploads\/2020\/06\/norbert_judt_malir.jpg 398w, https:\/\/orchard-gallery.com\/wp-content\/uploads\/2020\/06\/norbert_judt_malir-300x200.jpg 300w\" sizes=\"(max-width: 398px) 100vw, 398px\" \/><\/a><\/div><div class='xtd-person__info'><div class='xtd-person__title h2'><a href='https:\/\/www.orchard-gallery.com\/de\/artists\/norbert-judt\/' title='Norbert Judt'>Norbert Judt<\/a><\/div><div class='xtd-person__content'><\/div><\/div><\/div>[\/vc_column][vc_column width=&#8220;1\/3&#8243;]<div class='xtd-person  '><div class='xtd-person__image color-primary xtd-shadow--normal-light'><a href='https:\/\/www.orchard-gallery.com\/de\/artists\/ladislav-hodny\/' title='Ladislav Hodn\u00fd'><img loading=\"lazy\" decoding=\"async\" width=\"400\" height=\"265\" src=\"https:\/\/orchard-gallery.com\/wp-content\/uploads\/2020\/04\/ladislav_hodny_umelec.jpg\" class=\"attachment-large size-large\" alt=\"\" srcset=\"https:\/\/orchard-gallery.com\/wp-content\/uploads\/2020\/04\/ladislav_hodny_umelec.jpg 400w, https:\/\/orchard-gallery.com\/wp-content\/uploads\/2020\/04\/ladislav_hodny_umelec-300x199.jpg 300w\" sizes=\"(max-width: 400px) 100vw, 400px\" \/><\/a><\/div><div class='xtd-person__info'><div class='xtd-person__title h2'><a href='https:\/\/www.orchard-gallery.com\/de\/artists\/ladislav-hodny\/' title='Ladislav Hodn\u00fd'>Ladislav Hodn\u00fd<\/a><\/div><div class='xtd-person__content'><\/div><\/div><\/div><div class='xtd-person  '><div class='xtd-person__image color-primary xtd-shadow--normal-light'><a href='https:\/\/www.orchard-gallery.com\/de\/artists\/cyril-uhnak\/' title='Cyril Uhn\u00e1k'><img loading=\"lazy\" decoding=\"async\" width=\"400\" height=\"265\" src=\"https:\/\/orchard-gallery.com\/wp-content\/uploads\/2020\/04\/cyril_uhnak_umelec-e1587311593899.jpg\" class=\"attachment-large size-large\" alt=\"\" \/><\/a><\/div><div class='xtd-person__info'><div class='xtd-person__title h2'><a href='https:\/\/www.orchard-gallery.com\/de\/artists\/cyril-uhnak\/' title='Cyril Uhn\u00e1k'>Cyril Uhn\u00e1k<\/a><\/div><div class='xtd-person__content'><\/div><\/div><\/div><div class='xtd-person  '><div class='xtd-person__image color-primary xtd-shadow--normal-light'><a href='https:\/\/www.orchard-gallery.com\/de\/artists\/jindrich-bilek\/' title='Jind\u0159ich B\u00edlek'><img loading=\"lazy\" decoding=\"async\" width=\"398\" height=\"265\" src=\"https:\/\/orchard-gallery.com\/wp-content\/uploads\/2020\/06\/jindrich_bilek_malir.jpg\" class=\"attachment-large size-large\" alt=\"\" srcset=\"https:\/\/orchard-gallery.com\/wp-content\/uploads\/2020\/06\/jindrich_bilek_malir.jpg 398w, https:\/\/orchard-gallery.com\/wp-content\/uploads\/2020\/06\/jindrich_bilek_malir-300x200.jpg 300w\" sizes=\"(max-width: 398px) 100vw, 398px\" \/><\/a><\/div><div class='xtd-person__info'><div class='xtd-person__title h2'><a href='https:\/\/www.orchard-gallery.com\/de\/artists\/jindrich-bilek\/' title='Jind\u0159ich B\u00edlek'>Jind\u0159ich B\u00edlek<\/a><\/div><div class='xtd-person__content'><\/div><\/div><\/div><div class='xtd-person  '><div class='xtd-person__image color-primary xtd-shadow--normal-light'><a href='https:\/\/www.orchard-gallery.com\/de\/artists\/michele-duchene\/' title='Mich\u00e8le Duch\u00eane'><img loading=\"lazy\" decoding=\"async\" width=\"398\" height=\"265\" src=\"https:\/\/orchard-gallery.com\/wp-content\/uploads\/2020\/06\/michele_duchene_socharka.jpg\" class=\"attachment-large size-large\" alt=\"\" srcset=\"https:\/\/orchard-gallery.com\/wp-content\/uploads\/2020\/06\/michele_duchene_socharka.jpg 398w, https:\/\/orchard-gallery.com\/wp-content\/uploads\/2020\/06\/michele_duchene_socharka-300x200.jpg 300w\" sizes=\"(max-width: 398px) 100vw, 398px\" \/><\/a><\/div><div class='xtd-person__info'><div class='xtd-person__title h2'><a href='https:\/\/www.orchard-gallery.com\/de\/artists\/michele-duchene\/' title='Mich\u00e8le Duch\u00eane'>Mich\u00e8le Duch\u00eane<\/a><\/div><div class='xtd-person__content'><\/div><\/div><\/div><div class='xtd-person  '><div class='xtd-person__image color-primary xtd-shadow--normal-light'><a href='https:\/\/www.orchard-gallery.com\/de\/artists\/solomon-teshome-jenbere\/' title='Solomon Teshome Jenbere'><img loading=\"lazy\" decoding=\"async\" width=\"398\" height=\"265\" src=\"https:\/\/orchard-gallery.com\/wp-content\/uploads\/2020\/06\/solomon_teshome_jenbere_malir.jpg\" class=\"attachment-large size-large\" alt=\"\" srcset=\"https:\/\/orchard-gallery.com\/wp-content\/uploads\/2020\/06\/solomon_teshome_jenbere_malir.jpg 398w, https:\/\/orchard-gallery.com\/wp-content\/uploads\/2020\/06\/solomon_teshome_jenbere_malir-300x200.jpg 300w\" sizes=\"(max-width: 398px) 100vw, 398px\" \/><\/a><\/div><div class='xtd-person__info'><div class='xtd-person__title h2'><a href='https:\/\/www.orchard-gallery.com\/de\/artists\/solomon-teshome-jenbere\/' title='Solomon Teshome Jenbere'>Solomon Teshome Jenbere<\/a><\/div><div class='xtd-person__content'><\/div><\/div><\/div>[\/vc_column][vc_column width=&#8220;1\/3&#8243;]<div class='xtd-person  '><div class='xtd-person__image color-primary xtd-shadow--normal-light'><a href='https:\/\/www.orchard-gallery.com\/de\/artists\/ebip-serafedino\/' title='Ebip Serafedino'><img loading=\"lazy\" decoding=\"async\" width=\"400\" height=\"265\" src=\"https:\/\/orchard-gallery.com\/wp-content\/uploads\/2020\/04\/ebip_serafedino_umelec.jpg\" class=\"attachment-large size-large\" alt=\"\" srcset=\"https:\/\/orchard-gallery.com\/wp-content\/uploads\/2020\/04\/ebip_serafedino_umelec.jpg 400w, https:\/\/orchard-gallery.com\/wp-content\/uploads\/2020\/04\/ebip_serafedino_umelec-300x199.jpg 300w\" sizes=\"(max-width: 400px) 100vw, 400px\" \/><\/a><\/div><div class='xtd-person__info'><div class='xtd-person__title h2'><a href='https:\/\/www.orchard-gallery.com\/de\/artists\/ebip-serafedino\/' title='Ebip Serafedino'>Ebip Serafedino<\/a><\/div><div class='xtd-person__content'><\/div><\/div><\/div><div class='xtd-person  '><div class='xtd-person__image color-primary xtd-shadow--normal-light'><a href='https:\/\/www.orchard-gallery.com\/de\/artists\/vladimir-domnicev\/' title='Vladimir Domni\u010dev'><img loading=\"lazy\" decoding=\"async\" width=\"400\" height=\"265\" src=\"https:\/\/orchard-gallery.com\/wp-content\/uploads\/2020\/04\/vladimir_domnicev_umelec.jpg\" class=\"attachment-large size-large\" alt=\"\" srcset=\"https:\/\/orchard-gallery.com\/wp-content\/uploads\/2020\/04\/vladimir_domnicev_umelec.jpg 400w, https:\/\/orchard-gallery.com\/wp-content\/uploads\/2020\/04\/vladimir_domnicev_umelec-300x199.jpg 300w\" sizes=\"(max-width: 400px) 100vw, 400px\" \/><\/a><\/div><div class='xtd-person__info'><div class='xtd-person__title h2'><a href='https:\/\/www.orchard-gallery.com\/de\/artists\/vladimir-domnicev\/' title='Vladimir Domni\u010dev'>Vladimir Domni\u010dev<\/a><\/div><div class='xtd-person__content'><\/div><\/div><\/div><div class='xtd-person  '><div class='xtd-person__image color-primary xtd-shadow--normal-light'><a href='https:\/\/www.orchard-gallery.com\/de\/artists\/fedor-nemec\/' title='Fedor Nemec'><img loading=\"lazy\" decoding=\"async\" width=\"398\" height=\"265\" src=\"https:\/\/orchard-gallery.com\/wp-content\/uploads\/2020\/06\/fedor_nemec_fotograf.jpg\" class=\"attachment-large size-large\" alt=\"\" srcset=\"https:\/\/orchard-gallery.com\/wp-content\/uploads\/2020\/06\/fedor_nemec_fotograf.jpg 398w, https:\/\/orchard-gallery.com\/wp-content\/uploads\/2020\/06\/fedor_nemec_fotograf-300x200.jpg 300w\" sizes=\"(max-width: 398px) 100vw, 398px\" \/><\/a><\/div><div class='xtd-person__info'><div class='xtd-person__title h2'><a href='https:\/\/www.orchard-gallery.com\/de\/artists\/fedor-nemec\/' title='Fedor Nemec'>Fedor Nemec<\/a><\/div><div class='xtd-person__content'><\/div><\/div><\/div><div class='xtd-person  '><div class='xtd-person__image color-primary xtd-shadow--normal-light'><a href='https:\/\/www.orchard-gallery.com\/de\/artists\/rajesh-pritam-more\/' title='Kanta Kishore Moharana'><img loading=\"lazy\" decoding=\"async\" width=\"398\" height=\"265\" src=\"https:\/\/orchard-gallery.com\/wp-content\/uploads\/2020\/06\/rajesh_more_malir.jpg\" class=\"attachment-large size-large\" alt=\"\" srcset=\"https:\/\/orchard-gallery.com\/wp-content\/uploads\/2020\/06\/rajesh_more_malir.jpg 398w, https:\/\/orchard-gallery.com\/wp-content\/uploads\/2020\/06\/rajesh_more_malir-300x200.jpg 300w\" sizes=\"(max-width: 398px) 100vw, 398px\" \/><\/a><\/div><div class='xtd-person__info'><div class='xtd-person__title h2'><a href='https:\/\/www.orchard-gallery.com\/de\/artists\/rajesh-pritam-more\/' title='Kanta Kishore Moharana'>Rajesh Pritam More<\/a><\/div><div class='xtd-person__content'><\/div><\/div><\/div><div class='xtd-person  '><div class='xtd-person__image color-primary xtd-shadow--normal-light'><a href='https:\/\/www.orchard-gallery.com\/de\/artists\/peter-klonowski\/' title='Peter Klonowski'><img loading=\"lazy\" decoding=\"async\" width=\"398\" height=\"265\" src=\"https:\/\/orchard-gallery.com\/wp-content\/uploads\/2020\/06\/peter_klonowski_malir.jpg\" class=\"attachment-large size-large\" alt=\"\" srcset=\"https:\/\/orchard-gallery.com\/wp-content\/uploads\/2020\/06\/peter_klonowski_malir.jpg 398w, https:\/\/orchard-gallery.com\/wp-content\/uploads\/2020\/06\/peter_klonowski_malir-300x200.jpg 300w\" sizes=\"(max-width: 398px) 100vw, 398px\" \/><\/a><\/div><div class='xtd-person__info'><div class='xtd-person__title h2'><a href='https:\/\/www.orchard-gallery.com\/de\/artists\/peter-klonowski\/' title='Peter Klonowski'>Peter Klonowski<\/a><\/div><div class='xtd-person__content'><\/div><\/div><\/div>[\/vc_column][\/vc_row]\n<\/section>","protected":false},"excerpt":{"rendered":"<p>[vc_row full_width=&#8220;stretch_row&#8220; gap=&#8220;35&#8243; curly_padding=&#8220;content-padding&#8220; css=&#8220;.vc_custom_1504636772443{background-color: #f5f5f5 !important;}&#8220; el_id=&#8220;our-artists&#8220;][vc_column][vc_column_text] K\u00fcnstler [\/vc_column_text][\/vc_column][vc_column width=&#8220;1\/3&#8243;][\/vc_column][vc_column width=&#8220;1\/3&#8243;][\/vc_column][vc_column width=&#8220;1\/3&#8243;][\/vc_column][\/vc_row]<\/p>\n","protected":false},"author":1,"featured_media":0,"parent":0,"menu_order":0,"comment_status":"closed","ping_status":"closed","template":"","meta":{"footnotes":""},"yoast_head":"<!-- This site is optimized with the Yoast SEO plugin v22.7 - https:\/\/yoast.com\/wordpress\/plugins\/seo\/ -->\n<title>K\u00fcnstler -<\/title>\n<meta name=\"robots\" content=\"index, follow, max-snippet:-1, max-image-preview:large, max-video-preview:-1\" \/>\n<link rel=\"canonical\" href=\"https:\/\/orchard-gallery.com\/de\/artists\/\" \/>\n<meta property=\"og:locale\" content=\"de_DE\" \/>\n<meta property=\"og:type\" content=\"article\" \/>\n<meta property=\"og:title\" content=\"K\u00fcnstler -\" \/>\n<meta property=\"og:description\" content=\"[vc_row full_width=&#8220;stretch_row&#8220; gap=&#8220;35&#8243; curly_padding=&#8220;content-padding&#8220; css=&#8220;.vc_custom_1504636772443{background-color: #f5f5f5 !important;}&#8220; el_id=&#8220;our-artists&#8220;][vc_column][vc_column_text] K\u00fcnstler [\/vc_column_text][\/vc_column][vc_column width=&#8220;1\/3&#8243;][\/vc_column][vc_column width=&#8220;1\/3&#8243;][\/vc_column][vc_column width=&#8220;1\/3&#8243;][\/vc_column][\/vc_row]\" \/>\n<meta property=\"og:url\" content=\"https:\/\/orchard-gallery.com\/de\/artists\/\" \/>\n<meta property=\"article:publisher\" content=\"https:\/\/www.facebook.com\/galleryorchard\/\" \/>\n<meta property=\"article:modified_time\" content=\"2020-06-19T16:54:58+00:00\" \/>\n<meta name=\"twitter:card\" content=\"summary_large_image\" \/>\n<meta name=\"twitter:label1\" content=\"Gesch\u00e4tzte Lesezeit\" \/>\n\t<meta name=\"twitter:data1\" content=\"3\u00a0Minuten\" \/>\n<script type=\"application\/ld+json\" class=\"yoast-schema-graph\">{\"@context\":\"https:\/\/schema.org\",\"@graph\":[{\"@type\":\"WebPage\",\"@id\":\"https:\/\/orchard-gallery.com\/de\/artists\/\",\"url\":\"https:\/\/orchard-gallery.com\/de\/artists\/\",\"name\":\"K\u00fcnstler -\",\"isPartOf\":{\"@id\":\"https:\/\/orchard-gallery.com\/#website\"},\"datePublished\":\"2017-09-05T10:49:47+00:00\",\"dateModified\":\"2020-06-19T16:54:58+00:00\",\"breadcrumb\":{\"@id\":\"https:\/\/orchard-gallery.com\/de\/artists\/#breadcrumb\"},\"inLanguage\":\"de\",\"potentialAction\":[{\"@type\":\"ReadAction\",\"target\":[\"https:\/\/orchard-gallery.com\/de\/artists\/\"]}]},{\"@type\":\"BreadcrumbList\",\"@id\":\"https:\/\/orchard-gallery.com\/de\/artists\/#breadcrumb\",\"itemListElement\":[{\"@type\":\"ListItem\",\"position\":1,\"name\":\"Dom\u016f\",\"item\":\"https:\/\/orchard-gallery.com\/home\/\"},{\"@type\":\"ListItem\",\"position\":2,\"name\":\"K\u00fcnstler\"}]},{\"@type\":\"WebSite\",\"@id\":\"https:\/\/orchard-gallery.com\/#website\",\"url\":\"https:\/\/orchard-gallery.com\/\",\"name\":\"Orchard Gallery\",\"description\":\"\",\"publisher\":{\"@id\":\"https:\/\/orchard-gallery.com\/#organization\"},\"potentialAction\":[{\"@type\":\"SearchAction\",\"target\":{\"@type\":\"EntryPoint\",\"urlTemplate\":\"https:\/\/orchard-gallery.com\/?s={search_term_string}\"},\"query-input\":\"required name=search_term_string\"}],\"inLanguage\":\"de\"},{\"@type\":\"Organization\",\"@id\":\"https:\/\/orchard-gallery.com\/#organization\",\"name\":\"OrchardGallery\",\"url\":\"https:\/\/orchard-gallery.com\/\",\"logo\":{\"@type\":\"ImageObject\",\"inLanguage\":\"de\",\"@id\":\"https:\/\/orchard-gallery.com\/#\/schema\/logo\/image\/\",\"url\":\"https:\/\/www.orchard-gallery.com\/wp-content\/uploads\/2020\/05\/orchard_retina-.png\",\"contentUrl\":\"https:\/\/www.orchard-gallery.com\/wp-content\/uploads\/2020\/05\/orchard_retina-.png\",\"width\":400,\"height\":38,\"caption\":\"OrchardGallery\"},\"image\":{\"@id\":\"https:\/\/orchard-gallery.com\/#\/schema\/logo\/image\/\"},\"sameAs\":[\"https:\/\/www.facebook.com\/galleryorchard\/\",\"https:\/\/www.instagram.com\/artisticostores\/\",\"https:\/\/www.youtube.com\/channel\/UC6fZFM4tjduboVY2BzlFjzA\"]}]}<\/script>\n<!-- \/ Yoast SEO plugin. -->","yoast_head_json":{"title":"K\u00fcnstler -","robots":{"index":"index","follow":"follow","max-snippet":"max-snippet:-1","max-image-preview":"max-image-preview:large","max-video-preview":"max-video-preview:-1"},"canonical":"https:\/\/orchard-gallery.com\/de\/artists\/","og_locale":"de_DE","og_type":"article","og_title":"K\u00fcnstler -","og_description":"[vc_row full_width=&#8220;stretch_row&#8220; gap=&#8220;35&#8243; curly_padding=&#8220;content-padding&#8220; css=&#8220;.vc_custom_1504636772443{background-color: #f5f5f5 !important;}&#8220; el_id=&#8220;our-artists&#8220;][vc_column][vc_column_text] K\u00fcnstler [\/vc_column_text][\/vc_column][vc_column width=&#8220;1\/3&#8243;][\/vc_column][vc_column width=&#8220;1\/3&#8243;][\/vc_column][vc_column width=&#8220;1\/3&#8243;][\/vc_column][\/vc_row]","og_url":"https:\/\/orchard-gallery.com\/de\/artists\/","article_publisher":"https:\/\/www.facebook.com\/galleryorchard\/","article_modified_time":"2020-06-19T16:54:58+00:00","twitter_card":"summary_large_image","twitter_misc":{"Gesch\u00e4tzte Lesezeit":"3\u00a0Minuten"},"schema":{"@context":"https:\/\/schema.org","@graph":[{"@type":"WebPage","@id":"https:\/\/orchard-gallery.com\/de\/artists\/","url":"https:\/\/orchard-gallery.com\/de\/artists\/","name":"K\u00fcnstler -","isPartOf":{"@id":"https:\/\/orchard-gallery.com\/#website"},"datePublished":"2017-09-05T10:49:47+00:00","dateModified":"2020-06-19T16:54:58+00:00","breadcrumb":{"@id":"https:\/\/orchard-gallery.com\/de\/artists\/#breadcrumb"},"inLanguage":"de","potentialAction":[{"@type":"ReadAction","target":["https:\/\/orchard-gallery.com\/de\/artists\/"]}]},{"@type":"BreadcrumbList","@id":"https:\/\/orchard-gallery.com\/de\/artists\/#breadcrumb","itemListElement":[{"@type":"ListItem","position":1,"name":"Dom\u016f","item":"https:\/\/orchard-gallery.com\/home\/"},{"@type":"ListItem","position":2,"name":"K\u00fcnstler"}]},{"@type":"WebSite","@id":"https:\/\/orchard-gallery.com\/#website","url":"https:\/\/orchard-gallery.com\/","name":"Orchard Gallery","description":"","publisher":{"@id":"https:\/\/orchard-gallery.com\/#organization"},"potentialAction":[{"@type":"SearchAction","target":{"@type":"EntryPoint","urlTemplate":"https:\/\/orchard-gallery.com\/?s={search_term_string}"},"query-input":"required name=search_term_string"}],"inLanguage":"de"},{"@type":"Organization","@id":"https:\/\/orchard-gallery.com\/#organization","name":"OrchardGallery","url":"https:\/\/orchard-gallery.com\/","logo":{"@type":"ImageObject","inLanguage":"de","@id":"https:\/\/orchard-gallery.com\/#\/schema\/logo\/image\/","url":"https:\/\/www.orchard-gallery.com\/wp-content\/uploads\/2020\/05\/orchard_retina-.png","contentUrl":"https:\/\/www.orchard-gallery.com\/wp-content\/uploads\/2020\/05\/orchard_retina-.png","width":400,"height":38,"caption":"OrchardGallery"},"image":{"@id":"https:\/\/orchard-gallery.com\/#\/schema\/logo\/image\/"},"sameAs":["https:\/\/www.facebook.com\/galleryorchard\/","https:\/\/www.instagram.com\/artisticostores\/","https:\/\/www.youtube.com\/channel\/UC6fZFM4tjduboVY2BzlFjzA"]}]}},"_links":{"self":[{"href":"https:\/\/orchard-gallery.com\/de\/wp-json\/wp\/v2\/pages\/668"}],"collection":[{"href":"https:\/\/orchard-gallery.com\/de\/wp-json\/wp\/v2\/pages"}],"about":[{"href":"https:\/\/orchard-gallery.com\/de\/wp-json\/wp\/v2\/types\/page"}],"author":[{"embeddable":true,"href":"https:\/\/orchard-gallery.com\/de\/wp-json\/wp\/v2\/users\/1"}],"replies":[{"embeddable":true,"href":"https:\/\/orchard-gallery.com\/de\/wp-json\/wp\/v2\/comments?post=668"}],"version-history":[{"count":7,"href":"https:\/\/orchard-gallery.com\/de\/wp-json\/wp\/v2\/pages\/668\/revisions"}],"predecessor-version":[{"id":3432,"href":"https:\/\/orchard-gallery.com\/de\/wp-json\/wp\/v2\/pages\/668\/revisions\/3432"}],"wp:attachment":[{"href":"https:\/\/orchard-gallery.com\/de\/wp-json\/wp\/v2\/media?parent=668"}],"curies":[{"name":"wp","href":"https:\/\/api.w.org\/{rel}","templated":true}]}}