{"id":617,"date":"2017-09-05T10:55:59","date_gmt":"2017-09-05T09:55:59","guid":{"rendered":"http:\/\/www.orchard-gallery.com\/vaclav-killer\/"},"modified":"2020-11-30T18:44:08","modified_gmt":"2020-11-30T17:44:08","slug":"vaclav-killer","status":"publish","type":"page","link":"https:\/\/orchard-gallery.com\/de\/artists\/vaclav-killer\/","title":{"rendered":"V\u00e1clav K. Killer"},"content":{"rendered":"<section class=\"wpb-content-wrapper\">[vc_row curly_padding=&#8220;content-padding&#8220; css=&#8220;.vc_custom_1504195713546{padding-bottom: 0px !important;}&#8220;][vc_column][vc_column_text]\n<h1 class=\"display-2 special-title\" style=\"text-align: center;\"><small>\u010cESK\u00dd MAL\u00cd\u0158<\/small> V\u00e1clav K. Killer<\/h1>\n[\/vc_column_text][vc_empty_space height=&#8220;&#8220; el_class=&#8220;xtd-spacer&#8220;][\/vc_column][vc_column width=&#8220;1\/3&#8243;][vc_empty_space height=&#8220;90px&#8220;][vc_single_image image=&#8220;2949&#8243; img_size=&#8220;full&#8220; style=&#8220;xtd-shadow&#8211;normal-light&#8220; el_class=&#8220;xtd-offset-frame&#8220;][vc_empty_space][vc_btn title=&#8220;Gehe in den E-Shop&#8220; style=&#8220;btn-outline-primary&#8220; shape=&#8220;square&#8220; align=&#8220;center&#8220; link=&#8220;url:https%3A%2F%2Fwww.artisticostores.com%2Fde%2Fprodukt-kategorie%2Fv-k-killer-de%2F|title:V.K.Killer%20Artistico||&#8220;][\/vc_column][vc_column width=&#8220;2\/3&#8243; offset=&#8220;vc_col-lg-offset-1 vc_col-lg-7&#8243;][vc_column_text]Seine k\u00fcnstlerische Ausbildung schlie\u00df er 1983 im Atelier von Professor Jaroslav Ho\u0159\u00e1nek ab, und arbeitete viele Jahre als Kunstredakteur in Zeitschriften und sp\u00e4ter als Art Director einer exklusiven Frauenzeitschrift.<\/p>\n<p>Obwohl er seine Lebensleidenschaft &#8211; Schiffe und Meer &#8211; bereits in seiner Kindheit kennengelernt hatte (damals fiel ihm in die H\u00e4nde das Buch von Ren\u00e9 Gr\u00e9gr &#8211; Die Herrscher der Ozeane &#8211; Vl\u00e1dcov\u00e9 oce\u00e1n\u016f), lange Jahre verz\u00e4rtelte er es nur, und kehrte erst viele Jahre k\u00fcnstlerisch dazu zur\u00fcck.<\/p>\n<p>In seinem Atelier entstehen Leinw\u00e4nde, in denen Schiffe oder das Meer selbst eine wichtige Rolle spielen. Es arbeitet an seinem Lieblingsthema nicht nur in den Geschichten bestimmter Schiffe, sondern auch in vielen Variationen traumhafter Landschaften. Oft findet man das Meer in seinen Gem\u00e4lden nur in Andeutungen.<\/p>\n<p>Das Hauptthema seiner Arbeit bleibt immer noch die Zeit, als damals auch unbekannte Meere mutige Matrosen auf Segelbooten durchkreuzten. Der Umfang der verarbeiteten Themen ist jedoch viel breiter, reicht von den ber\u00fchmten Zeiten von Christoph Kolumbus bis zum fr\u00fchen zwanzigsten Jahrhundert, als die Kraft der Dampfmaschine definitiv \u00fcber dem Wind herrschte. Nicht weniger wichtige Liebe, und sie hat auch mit dem Meer zu tun, ist jetzt eine halb vergessene Geschichte der \u00f6sterreichisch-ungarischen Marine, die systematisch in seinen Gem\u00e4lden abgebildet wird.[\/vc_column_text][\/vc_column][\/vc_row][vc_row][vc_column width=&#8220;1\/3&#8243;][vc_column_text]\n<p style=\"text-align: justify;\">Er arbeitet mit der klassischen Technik der \u00d6lmalerei. Er legt gro\u00dfen Wert darauf, dass die Schiffe in seinen Gem\u00e4lden nicht nur gef\u00e4llige Staffage sind &#8211; auch die Treue der abgebildeten Schiffe ist ihm sehr wichtig. Gleichzeitig versucht er, sie in eine typische Umgebung zu bringen.<\/p>\n<p style=\"text-align: justify;\">Zuletzt pr\u00e4sentierte er seine Bilder bei einer Einzelausstellung im Transportmuseum in Bratislava im Jahr 2015, wo sie ganz nat\u00fcrlich unter die ausgestellten Exponate hineinpassten. Im Laufe der Jahre haben seine Gem\u00e4lde nicht nur in Europa, sondern auch im \u00dcbersee den Weg in private Sammlungen gefunden.<\/p>\n[\/vc_column_text][\/vc_column][vc_column width=&#8220;1\/3&#8243;]<div class='xtd-carousel-mini__container  '><div class='xtd-carousel-mini'><div class='owl-carousel' data-autoplay='true' data-timeout='2000' data-hover='true' data-loop='false' data-dots='true'>[vc_single_image image=&#8220;2538&#8243; img_size=&#8220;full&#8220;][vc_single_image image=&#8220;2539&#8243; img_size=&#8220;full&#8220;][vc_single_image image=&#8220;2540&#8243; img_size=&#8220;full&#8220;]<\/div><\/div><\/div>[\/vc_column][vc_column width=&#8220;1\/3&#8243;][vc_column_text]\n<h3 style=\"text-align: left;\">Ausstellung<\/h3>\n[\/vc_column_text][vc_column_text]\n<ul>\n<li>2006 Passage CNB Prague<\/li>\n<li>2010 MPG Prague<\/li>\n<li>2012 ARTisti&amp;Co Bratislava<\/li>\n<li>2013 ARTisti&amp;Co Prague<\/li>\n<li>2014 ARTisti&amp;Co Vienna<\/li>\n<li>2015 Technical Museum Bratislava<\/li>\n<li>2018 Orchard Gallery Ostrava<\/li>\n<\/ul>\n[\/vc_column_text][\/vc_column][\/vc_row]\n<\/section>","protected":false},"excerpt":{"rendered":"<p>[vc_row curly_padding=&#8220;content-padding&#8220; css=&#8220;.vc_custom_1504195713546{padding-bottom: 0px !important;}&#8220;][vc_column][vc_column_text] \u010cESK\u00dd MAL\u00cd\u0158 V\u00e1clav K. Killer [\/vc_column_text][vc_empty_space height=&#8220;&#8220; el_class=&#8220;xtd-spacer&#8220;][\/vc_column][vc_column width=&#8220;1\/3&#8243;][vc_empty_space height=&#8220;90px&#8220;][vc_single_image image=&#8220;2949&#8243; img_size=&#8220;full&#8220; style=&#8220;xtd-shadow&#8211;normal-light&#8220; el_class=&#8220;xtd-offset-frame&#8220;][vc_empty_space][vc_btn title=&#8220;Gehe in den E-Shop&#8220; style=&#8220;btn-outline-primary&#8220; shape=&#8220;square&#8220; align=&#8220;center&#8220; link=&#8220;url:https%3A%2F%2Fwww.artisticostores.com%2Fde%2Fprodukt-kategorie%2Fv-k-killer-de%2F|title:V.K.Killer%20Artistico||&#8220;][\/vc_column][vc_column width=&#8220;2\/3&#8243; offset=&#8220;vc_col-lg-offset-1 vc_col-lg-7&#8243;][vc_column_text]Seine k\u00fcnstlerische Ausbildung schlie\u00df er 1983 im Atelier von Professor Jaroslav Ho\u0159\u00e1nek ab, und arbeitete viele Jahre als Kunstredakteur in Zeitschriften und sp\u00e4ter als Art Director einer exklusiven Frauenzeitschrift. Obwohl er [&hellip;]<\/p>\n","protected":false},"author":1,"featured_media":0,"parent":668,"menu_order":0,"comment_status":"closed","ping_status":"closed","template":"","meta":{"footnotes":""},"yoast_head":"<!-- This site is optimized with the Yoast SEO plugin v22.7 - https:\/\/yoast.com\/wordpress\/plugins\/seo\/ -->\n<title>V\u00e1clav K. Killer -<\/title>\n<meta name=\"robots\" content=\"index, follow, max-snippet:-1, max-image-preview:large, max-video-preview:-1\" \/>\n<link rel=\"canonical\" href=\"https:\/\/orchard-gallery.com\/de\/artists\/vaclav-killer\/\" \/>\n<meta property=\"og:locale\" content=\"de_DE\" \/>\n<meta property=\"og:type\" content=\"article\" \/>\n<meta property=\"og:title\" content=\"V\u00e1clav K. Killer -\" \/>\n<meta property=\"og:description\" content=\"[vc_row curly_padding=&#8220;content-padding&#8220; css=&#8220;.vc_custom_1504195713546{padding-bottom: 0px !important;}&#8220;][vc_column][vc_column_text] \u010cESK\u00dd MAL\u00cd\u0158 V\u00e1clav K. Killer [\/vc_column_text][vc_empty_space height=&#8220;&#8220; el_class=&#8220;xtd-spacer&#8220;][\/vc_column][vc_column width=&#8220;1\/3&#8243;][vc_empty_space height=&#8220;90px&#8220;][vc_single_image image=&#8220;2949&#8243; img_size=&#8220;full&#8220; style=&#8220;xtd-shadow&#8211;normal-light&#8220; el_class=&#8220;xtd-offset-frame&#8220;][vc_empty_space][vc_btn title=&#8220;Gehe in den E-Shop&#8220; style=&#8220;btn-outline-primary&#8220; shape=&#8220;square&#8220; align=&#8220;center&#8220; link=&#8220;url:https%3A%2F%2Fwww.artisticostores.com%2Fde%2Fprodukt-kategorie%2Fv-k-killer-de%2F|title:V.K.Killer%20Artistico||&#8220;][\/vc_column][vc_column width=&#8220;2\/3&#8243; offset=&#8220;vc_col-lg-offset-1 vc_col-lg-7&#8243;][vc_column_text]Seine k\u00fcnstlerische Ausbildung schlie\u00df er 1983 im Atelier von Professor Jaroslav Ho\u0159\u00e1nek ab, und arbeitete viele Jahre als Kunstredakteur in Zeitschriften und sp\u00e4ter als Art Director einer exklusiven Frauenzeitschrift. Obwohl er [&hellip;]\" \/>\n<meta property=\"og:url\" content=\"https:\/\/orchard-gallery.com\/artists\/vaclav-killer\/\" \/>\n<meta property=\"article:publisher\" content=\"https:\/\/www.facebook.com\/galleryorchard\/\" \/>\n<meta property=\"article:modified_time\" content=\"2020-11-30T17:44:08+00:00\" \/>\n<meta name=\"twitter:card\" content=\"summary_large_image\" \/>\n<meta name=\"twitter:label1\" content=\"Gesch\u00e4tzte Lesezeit\" \/>\n\t<meta name=\"twitter:data1\" content=\"3\u00a0Minuten\" \/>\n<script type=\"application\/ld+json\" class=\"yoast-schema-graph\">{\"@context\":\"https:\/\/schema.org\",\"@graph\":[{\"@type\":\"WebPage\",\"@id\":\"https:\/\/orchard-gallery.com\/artists\/vaclav-killer\/\",\"url\":\"https:\/\/orchard-gallery.com\/artists\/vaclav-killer\/\",\"name\":\"V\u00e1clav K. Killer -\",\"isPartOf\":{\"@id\":\"https:\/\/orchard-gallery.com\/#website\"},\"datePublished\":\"2017-09-05T09:55:59+00:00\",\"dateModified\":\"2020-11-30T17:44:08+00:00\",\"breadcrumb\":{\"@id\":\"https:\/\/orchard-gallery.com\/artists\/vaclav-killer\/#breadcrumb\"},\"inLanguage\":\"de\",\"potentialAction\":[{\"@type\":\"ReadAction\",\"target\":[\"https:\/\/orchard-gallery.com\/artists\/vaclav-killer\/\"]}]},{\"@type\":\"BreadcrumbList\",\"@id\":\"https:\/\/orchard-gallery.com\/artists\/vaclav-killer\/#breadcrumb\",\"itemListElement\":[{\"@type\":\"ListItem\",\"position\":1,\"name\":\"Dom\u016f\",\"item\":\"https:\/\/orchard-gallery.com\/home\/\"},{\"@type\":\"ListItem\",\"position\":2,\"name\":\"K\u00fcnstler\",\"item\":\"https:\/\/orchard-gallery.com\/de\/artists\/\"},{\"@type\":\"ListItem\",\"position\":3,\"name\":\"V\u00e1clav K. Killer\"}]},{\"@type\":\"WebSite\",\"@id\":\"https:\/\/orchard-gallery.com\/#website\",\"url\":\"https:\/\/orchard-gallery.com\/\",\"name\":\"Orchard Gallery\",\"description\":\"\",\"publisher\":{\"@id\":\"https:\/\/orchard-gallery.com\/#organization\"},\"potentialAction\":[{\"@type\":\"SearchAction\",\"target\":{\"@type\":\"EntryPoint\",\"urlTemplate\":\"https:\/\/orchard-gallery.com\/?s={search_term_string}\"},\"query-input\":\"required name=search_term_string\"}],\"inLanguage\":\"de\"},{\"@type\":\"Organization\",\"@id\":\"https:\/\/orchard-gallery.com\/#organization\",\"name\":\"OrchardGallery\",\"url\":\"https:\/\/orchard-gallery.com\/\",\"logo\":{\"@type\":\"ImageObject\",\"inLanguage\":\"de\",\"@id\":\"https:\/\/orchard-gallery.com\/#\/schema\/logo\/image\/\",\"url\":\"https:\/\/www.orchard-gallery.com\/wp-content\/uploads\/2020\/05\/orchard_retina-.png\",\"contentUrl\":\"https:\/\/www.orchard-gallery.com\/wp-content\/uploads\/2020\/05\/orchard_retina-.png\",\"width\":400,\"height\":38,\"caption\":\"OrchardGallery\"},\"image\":{\"@id\":\"https:\/\/orchard-gallery.com\/#\/schema\/logo\/image\/\"},\"sameAs\":[\"https:\/\/www.facebook.com\/galleryorchard\/\",\"https:\/\/www.instagram.com\/artisticostores\/\",\"https:\/\/www.youtube.com\/channel\/UC6fZFM4tjduboVY2BzlFjzA\"]}]}<\/script>\n<!-- \/ Yoast SEO plugin. -->","yoast_head_json":{"title":"V\u00e1clav K. Killer -","robots":{"index":"index","follow":"follow","max-snippet":"max-snippet:-1","max-image-preview":"max-image-preview:large","max-video-preview":"max-video-preview:-1"},"canonical":"https:\/\/orchard-gallery.com\/de\/artists\/vaclav-killer\/","og_locale":"de_DE","og_type":"article","og_title":"V\u00e1clav K. Killer -","og_description":"[vc_row curly_padding=&#8220;content-padding&#8220; css=&#8220;.vc_custom_1504195713546{padding-bottom: 0px !important;}&#8220;][vc_column][vc_column_text] \u010cESK\u00dd MAL\u00cd\u0158 V\u00e1clav K. Killer [\/vc_column_text][vc_empty_space height=&#8220;&#8220; el_class=&#8220;xtd-spacer&#8220;][\/vc_column][vc_column width=&#8220;1\/3&#8243;][vc_empty_space height=&#8220;90px&#8220;][vc_single_image image=&#8220;2949&#8243; img_size=&#8220;full&#8220; style=&#8220;xtd-shadow&#8211;normal-light&#8220; el_class=&#8220;xtd-offset-frame&#8220;][vc_empty_space][vc_btn title=&#8220;Gehe in den E-Shop&#8220; style=&#8220;btn-outline-primary&#8220; shape=&#8220;square&#8220; align=&#8220;center&#8220; link=&#8220;url:https%3A%2F%2Fwww.artisticostores.com%2Fde%2Fprodukt-kategorie%2Fv-k-killer-de%2F|title:V.K.Killer%20Artistico||&#8220;][\/vc_column][vc_column width=&#8220;2\/3&#8243; offset=&#8220;vc_col-lg-offset-1 vc_col-lg-7&#8243;][vc_column_text]Seine k\u00fcnstlerische Ausbildung schlie\u00df er 1983 im Atelier von Professor Jaroslav Ho\u0159\u00e1nek ab, und arbeitete viele Jahre als Kunstredakteur in Zeitschriften und sp\u00e4ter als Art Director einer exklusiven Frauenzeitschrift. Obwohl er [&hellip;]","og_url":"https:\/\/orchard-gallery.com\/artists\/vaclav-killer\/","article_publisher":"https:\/\/www.facebook.com\/galleryorchard\/","article_modified_time":"2020-11-30T17:44:08+00:00","twitter_card":"summary_large_image","twitter_misc":{"Gesch\u00e4tzte Lesezeit":"3\u00a0Minuten"},"schema":{"@context":"https:\/\/schema.org","@graph":[{"@type":"WebPage","@id":"https:\/\/orchard-gallery.com\/artists\/vaclav-killer\/","url":"https:\/\/orchard-gallery.com\/artists\/vaclav-killer\/","name":"V\u00e1clav K. Killer -","isPartOf":{"@id":"https:\/\/orchard-gallery.com\/#website"},"datePublished":"2017-09-05T09:55:59+00:00","dateModified":"2020-11-30T17:44:08+00:00","breadcrumb":{"@id":"https:\/\/orchard-gallery.com\/artists\/vaclav-killer\/#breadcrumb"},"inLanguage":"de","potentialAction":[{"@type":"ReadAction","target":["https:\/\/orchard-gallery.com\/artists\/vaclav-killer\/"]}]},{"@type":"BreadcrumbList","@id":"https:\/\/orchard-gallery.com\/artists\/vaclav-killer\/#breadcrumb","itemListElement":[{"@type":"ListItem","position":1,"name":"Dom\u016f","item":"https:\/\/orchard-gallery.com\/home\/"},{"@type":"ListItem","position":2,"name":"K\u00fcnstler","item":"https:\/\/orchard-gallery.com\/de\/artists\/"},{"@type":"ListItem","position":3,"name":"V\u00e1clav K. Killer"}]},{"@type":"WebSite","@id":"https:\/\/orchard-gallery.com\/#website","url":"https:\/\/orchard-gallery.com\/","name":"Orchard Gallery","description":"","publisher":{"@id":"https:\/\/orchard-gallery.com\/#organization"},"potentialAction":[{"@type":"SearchAction","target":{"@type":"EntryPoint","urlTemplate":"https:\/\/orchard-gallery.com\/?s={search_term_string}"},"query-input":"required name=search_term_string"}],"inLanguage":"de"},{"@type":"Organization","@id":"https:\/\/orchard-gallery.com\/#organization","name":"OrchardGallery","url":"https:\/\/orchard-gallery.com\/","logo":{"@type":"ImageObject","inLanguage":"de","@id":"https:\/\/orchard-gallery.com\/#\/schema\/logo\/image\/","url":"https:\/\/www.orchard-gallery.com\/wp-content\/uploads\/2020\/05\/orchard_retina-.png","contentUrl":"https:\/\/www.orchard-gallery.com\/wp-content\/uploads\/2020\/05\/orchard_retina-.png","width":400,"height":38,"caption":"OrchardGallery"},"image":{"@id":"https:\/\/orchard-gallery.com\/#\/schema\/logo\/image\/"},"sameAs":["https:\/\/www.facebook.com\/galleryorchard\/","https:\/\/www.instagram.com\/artisticostores\/","https:\/\/www.youtube.com\/channel\/UC6fZFM4tjduboVY2BzlFjzA"]}]}},"_links":{"self":[{"href":"https:\/\/orchard-gallery.com\/de\/wp-json\/wp\/v2\/pages\/617"}],"collection":[{"href":"https:\/\/orchard-gallery.com\/de\/wp-json\/wp\/v2\/pages"}],"about":[{"href":"https:\/\/orchard-gallery.com\/de\/wp-json\/wp\/v2\/types\/page"}],"author":[{"embeddable":true,"href":"https:\/\/orchard-gallery.com\/de\/wp-json\/wp\/v2\/users\/1"}],"replies":[{"embeddable":true,"href":"https:\/\/orchard-gallery.com\/de\/wp-json\/wp\/v2\/comments?post=617"}],"version-history":[{"count":9,"href":"https:\/\/orchard-gallery.com\/de\/wp-json\/wp\/v2\/pages\/617\/revisions"}],"predecessor-version":[{"id":4897,"href":"https:\/\/orchard-gallery.com\/de\/wp-json\/wp\/v2\/pages\/617\/revisions\/4897"}],"up":[{"embeddable":true,"href":"https:\/\/orchard-gallery.com\/de\/wp-json\/wp\/v2\/pages\/668"}],"wp:attachment":[{"href":"https:\/\/orchard-gallery.com\/de\/wp-json\/wp\/v2\/media?parent=617"}],"curies":[{"name":"wp","href":"https:\/\/api.w.org\/{rel}","templated":true}]}}