{"id":608,"date":"2017-09-05T15:27:16","date_gmt":"2017-09-05T14:27:16","guid":{"rendered":"http:\/\/www.orchard-gallery.com\/manuel-martinez\/"},"modified":"2024-01-17T10:41:12","modified_gmt":"2024-01-17T09:41:12","slug":"manuel-martinez","status":"publish","type":"page","link":"https:\/\/orchard-gallery.com\/de\/artists\/manuel-martinez\/","title":{"rendered":"Manuel Martinez"},"content":{"rendered":"<section class=\"wpb-content-wrapper\">[vc_row curly_padding=&#8220;content-padding&#8220; css=&#8220;.vc_custom_1504195713546{padding-bottom: 0px !important;}&#8220;][vc_column][vc_column_text]\n<h1 class=\"display-2 special-title\" style=\"text-align: center;\"><small>FRANZ\u00d6SISCHER K\u00dcNSTLER<\/small> Manuel Martinez<\/h1>\n[\/vc_column_text][vc_empty_space height=&#8220;&#8220; el_class=&#8220;xtd-spacer&#8220;][\/vc_column][vc_column width=&#8220;1\/3&#8243;][vc_single_image image=&#8220;609&#8243; img_size=&#8220;full&#8220; style=&#8220;xtd-shadow&#8211;normal-light&#8220; el_class=&#8220;xtd-offset-frame&#8220;][\/vc_column][vc_column width=&#8220;2\/3&#8243; offset=&#8220;vc_col-lg-offset-1 vc_col-lg-7&#8243;][vc_column_text]\n<p style=\"text-align: justify;\"><span class=\"s1\">Manuel Martin\u00e9z wurde im Jahr 1956 in einem kleinen andalusischen Dorf im S\u00fcden von Spanien geboren. In den sechziger Jahren ist er nach Frankreich gezogen und schon mit 18 Jahren hat er zum ersten Mal seine Arbeiten in Pamiers, wo er f\u00fcr seine Arbeit mit der Preis der Stadt ausgezeichnet wurde, ausgestellt. <\/span><\/p>\n<div class=\"page\" title=\"Page 3\">\n<div class=\"section\">\n<div class=\"layoutArea\">\n<div class=\"column\">\n<p class=\"p1\" style=\"text-align: justify;\"><span class=\"s1\">Er studierte Kunst an der \u00c9cole des Beaux Arts in Toulouse. Im Hafen Collioure, wo er als Stra\u00dfenzeichner von Portr\u00e4ts sein Geld verdiente, ist er einheimischen K\u00fcnstlern aufgefallen, unter denen er dann einige Zeit verbrachte und berufl ich sowie pers\u00f6nlich reifte und nicht nur seine praktischen Malerfertigkeiten, sondern auch seine kunstgeschichtlichen Kenntnisse erweiterte und vertiefte. Er bet\u00e4tigte sich mehrere Jahre als Illustrator und Grafi kdesigner, seit 1999 arbeitete er mit der franz\u00f6sischen Galerie der zeitgen\u00f6ssischen Kunst in Biarritz zusammen. Seit 2000 stellt er seine Werke in der ganzen Welt aus, seine Bilder fi nden sich in Sammlungen vieler in- sowie ausl\u00e4ndischer Kunstsammler, die die Einzigartigkeit und Qualit\u00e4t seiner Malerei zu sch\u00e4tzen wissen. Er lebt und arbeitet im &#8222;K\u00fcnstlerdorf&#8220; Carla-Bayle.<\/span><\/p>\n<\/div>\n<\/div>\n<\/div>\n<\/div>\n[\/vc_column_text][vc_btn title=&#8220;Gehe in den E-Shop&#8220; style=&#8220;btn-outline-primary&#8220; shape=&#8220;square&#8220; align=&#8220;center&#8220; link=&#8220;url:https%3A%2F%2Fwww.artisticostores.com%2Fde%2Fprodukt-kategorie%2Fmanuel-martinez-de%2F|title:Manuel%20Martinez%20Artistico||&#8220;][\/vc_column][\/vc_row][vc_row][vc_column][vc_row_inner][vc_column_inner width=&#8220;1\/2&#8243;][vc_column_text]\n<p class=\"p1\" style=\"text-align: justify;\"><span class=\"s1\">Im Martin\u00e9z Schaff en ist die Begeisterung f\u00fcr die Gr\u00f6ssen der bildenden Kunst zu sp\u00fcren. Meistermaler wie Fernand L\u00e9ger, Joan Mir\u00f3, Pablo Picasso oder Wassily Kandinsky haben ihn inspiriert. Der Autor kn\u00fcpft auf eine originelle Art und Weise an ihr Werk <span class=\"Apple-converted-space\">\u00a0 \u00a0 \u00a0 \u00a0 <\/span>an und entwickelt ihr Verm\u00e4chtnis zu einem zeitgen\u00f6ssischen Malerausdruck und zu seinem charakteristischen, eigenartigen Stil. Seine Palette geht aus Grundfarben aus, sein Ausdruck steht dem Kubismus und dem Surrealismus nahe. Viele Motive seiner Werke k\u00f6nnen symbolisch gedeutet werden. Neben Frauenakten und Portr\u00e4ts kommen in seinem Werk auch mythologische Motive oder das traditionelle spanische Attribut, der Stier, vor. <\/span><\/p>\n<p class=\"p1\" style=\"text-align: justify;\"><span class=\"s1\">Martin\u00e9z Gem\u00e4lde strahlen die Lebensenergie seiner Heimat, aber auch die Eleganz und den Charme Frankreichs aus. Diese Merkmale vereint er in einem einzigartigen Stil, den er entwickelt hat und womit er die Aufmerksamkeit sowohl der Laien als auch Fachleute<span class=\"Apple-converted-space\">\u00a0 <\/span>weltweit anzieht. Einer besonders guten Resonanz erfreuen sich Werke Martin\u00e9z\u00b4 in Deutschland, Frankreich und der Schweiz, und sehr gut wird seine Kunst auch in den umliegenden L\u00e4ndern empfangen, wo er die Sammler der modernen Kunst so sehr begeistert, dass seine Bilder in Galerien oder Auktionsh\u00e4user gar nicht gelangen, weil sie direkt aus dem Atelier verkauft werden. <\/span><\/p>\n[\/vc_column_text][\/vc_column_inner][vc_column_inner width=&#8220;1\/2&#8243;]<div class='xtd-carousel-mini__container  '><div class='xtd-carousel-mini'><div class='owl-carousel' data-autoplay='true' data-timeout='4000' data-hover='true' data-loop='true' data-dots='true'>[vc_single_image image=&#8220;642&#8243; img_size=&#8220;400&#215;400&#8243; alignment=&#8220;center&#8220;][vc_single_image image=&#8220;641&#8243; img_size=&#8220;400&#215;400&#8243; alignment=&#8220;center&#8220;][vc_single_image image=&#8220;639&#8243; img_size=&#8220;400&#215;400&#8243; alignment=&#8220;center&#8220;][vc_single_image image=&#8220;640&#8243; img_size=&#8220;400&#215;400&#8243; alignment=&#8220;center&#8220;]<\/div><\/div><\/div>[\/vc_column_inner][\/vc_row_inner][vc_row_inner][vc_column_inner width=&#8220;1\/2&#8243;][vc_video link=&#8220;https:\/\/www.youtube.com\/watch?v=7kA6s0x_NLU&#8220;][\/vc_column_inner][vc_column_inner width=&#8220;1\/2&#8243;][vc_video link=&#8220;https:\/\/www.youtube.com\/watch?v=8sD8uKpi7Uk&#8220;][\/vc_column_inner][\/vc_row_inner][vc_row_inner][vc_column_inner][vc_column_text]\n<h3 style=\"text-align: center;\">Ausstellungen und Sammlungen<\/h3>\n[\/vc_column_text][\/vc_column_inner][\/vc_row_inner][vc_row_inner][vc_column_inner width=&#8220;1\/2&#8243;][vc_column_text]\n<ul>\n<li>2001 Groupe Ausstellung \u2013 Ch\u00e2teau de Barbirey sur Ouche (Bourgogne)<\/li>\n<li>2001 Groupe Ausstellung \u2013 Ch\u00e2teau de Barbirey sur Ouche (Bourgogne)<\/li>\n<li>2002 Groupe Ausstellung (Sao Paulo &#8211; Br\u00e9sil)<\/li>\n<li>2004 2\u00e8me Biennale de sculpture de Montbron (Charente)<\/li>\n<li>2004 La Halle aux Arts (Touvre-Charente)<\/li>\n<li>2005 Biennale \u201cArts Atlantic\u201d s\/avec la galerie Ginou Larrouilh (La Rochelle)<\/li>\n<li>2006 Biennale \u201cTryptique\u201d s\/avec la galerie Ginou Larrouilh (Angers)<\/li>\n<li>2007 Ville de Madrid s\/avec la galerie Ginou Larrouilh<\/li>\n<li>2007 Galerie \u201cClos de la Madeleine\u201d (St Emililion)<\/li>\n<li>2008 Galerie \u201csalle Expalioux\u201d (Les Mille tiroirs \u2013 Pamiers)<\/li>\n<li>2008 \u201cLa M\u00e9diterran\u00e9e\u201d de Portet\/Garonne Mai 2009 Espace d\u2019art de Craishlem (Allemagne)<\/li>\n<li>2009 \u201cRue des Arts\u201d Carla Bayle<\/li>\n<li>2009 Le CHIVA Varilhes<\/li>\n<li>2009 \u201cGalerie le grenier aux artistes\u201d Rocquecor<\/li>\n<li>2010 \u201cContemporan\u00e9os\u201d Barbastro (Espagne)<\/li>\n<li>2010 \u201d Rue des Arts\u201d Carla Bayle<\/li>\n<li>2011 Galerie de l\u2019Echarpe (Toulouse)<\/li>\n<li>2011 Salon des arts actuels \u2013 Hommage \u00e0 Volti (C. Bayle)<\/li>\n<li>2011 \u201cRue des Arts\u201d Carla Bayle<\/li>\n<li>2011 \u201cL\u2019art se m\u00eale\u201d Vic d\u2019oust \u2013 Baroque et contemporrain<\/li>\n<li>2012 \u201cArtisti &amp; Co\u201d Bratislava-Slovaquie<\/li>\n<li>2012 \u201cRencontres d\u2019art\u201d Mus\u00e9e Ingres-Montauban<\/li>\n<li>2012 \u201cRue des Arts\u201d Carla Bayle<\/li>\n<\/ul>\n[\/vc_column_text][\/vc_column_inner][vc_column_inner width=&#8220;1\/2&#8243;][vc_column_text]\n<ul>\n<li>2012 Pyla sur Mer (Arcachon)<\/li>\n<li>2012 \u201cCr\u00e9ateurs d\u2019aujourd\u2019hui\u201d VALBONNE (avec la Galerie Gabel)<\/li>\n<li>2012 Galerie Gabel (Biot &#8211; Alpes Maritimes)<\/li>\n<li>2012 Espace d\u2019art contemporain Les Carmes (Pamiers)<\/li>\n<li>2013 \u201cArtisti &amp; Co\u201d Prague-R\u00e9publique Tch\u00e8que<\/li>\n<li>2013 \u201cRue des Arts &#8211; Contresens\u201d Carla Bayle<\/li>\n<li>2013 Galerie Caroline Tresca \u2013 Paris 6\u00b0<\/li>\n<li>2014 \u201cArtistes du Monde\u201d\u2013 MONACO<\/li>\n<li>2014 Galerie 30 \u2013 LE CANNET<\/li>\n<li>2014 \u201cRue des Arts\u201d Carla Bayle<\/li>\n<li>2014 Invit\u00e9 d\u2019honneur \u2013 Salon de Ste-Croix-Volvestre<\/li>\n<li>2014 Mus\u00e9e Aristide Berg\u00e8s \u2013 Lorp Senteraille<\/li>\n<li>2014 \u201cLes oiseaux&#8230;ils arrivent\u201d \u2013 Les milles Tiroirs \u2013 Pamiers<\/li>\n<li>2014 \u201cArtistes du Monde\u201d Croisette de CANNES \u2013 Prix de la Ville de Vallauris<\/li>\n<li>2014 Galerie Art Espace \u2013 A\u00e9roport Toulouse Blagnac 241<\/li>\n<li>2014 \u201cArtisti &amp; Co\u201d Vienne (Autriche)<\/li>\n<li>2015 Galerie UMELKA \u2013 avec Artisti &amp; Co \u2013 Bratislava (Slovaquie)<\/li>\n<li>2016 Galerie ADM \u2013 Mandoulieu La Napoule (France)<\/li>\n<li>2016 SWINTON Gallery \u2013 Road to Mukono \u2013 Madrid (Espagne)<\/li>\n<li>2016 Espace Culturel \u201cLe Coucaril\u201d \u2013 Carla-Bayle (France)<\/li>\n<li>2016 Galerie Anagama \u2013 Trilogie &#8211; Versailles (France)<\/li>\n<li>2017 Galerie Bleu R\u00e9glisse \u2013 Auvillar (France)<\/li>\n<li>2017 Galerie GAAB \u2013 Biarritz (France)<\/li>\n<li>2017 Bleeker Gallery \u2013 New York (USA)<\/li>\n<li>2017 Espace R\u00e9publique \u2013 Valence D\u2019Agen (France)<\/li>\n<\/ul>\n[\/vc_column_text][\/vc_column_inner][\/vc_row_inner][\/vc_column][\/vc_row]\n<\/section>","protected":false},"excerpt":{"rendered":"<p>[vc_row curly_padding=&#8220;content-padding&#8220; css=&#8220;.vc_custom_1504195713546{padding-bottom: 0px !important;}&#8220;][vc_column][vc_column_text] FRANZ\u00d6SISCHER K\u00dcNSTLER Manuel Martinez [\/vc_column_text][vc_empty_space height=&#8220;&#8220; el_class=&#8220;xtd-spacer&#8220;][\/vc_column][vc_column width=&#8220;1\/3&#8243;][vc_single_image image=&#8220;609&#8243; img_size=&#8220;full&#8220; style=&#8220;xtd-shadow&#8211;normal-light&#8220; el_class=&#8220;xtd-offset-frame&#8220;][\/vc_column][vc_column width=&#8220;2\/3&#8243; offset=&#8220;vc_col-lg-offset-1 vc_col-lg-7&#8243;][vc_column_text] Manuel Martin\u00e9z wurde im Jahr 1956 in einem kleinen andalusischen Dorf im S\u00fcden von Spanien geboren. In den sechziger Jahren ist er nach Frankreich gezogen und schon mit 18 Jahren hat er zum ersten Mal seine Arbeiten in Pamiers, wo [&hellip;]<\/p>\n","protected":false},"author":1,"featured_media":0,"parent":668,"menu_order":0,"comment_status":"closed","ping_status":"closed","template":"","meta":{"footnotes":""},"yoast_head":"<!-- This site is optimized with the Yoast SEO plugin v22.7 - https:\/\/yoast.com\/wordpress\/plugins\/seo\/ -->\n<title>Manuel Martinez -<\/title>\n<meta name=\"robots\" content=\"index, follow, max-snippet:-1, max-image-preview:large, max-video-preview:-1\" \/>\n<link rel=\"canonical\" href=\"https:\/\/orchard-gallery.com\/de\/artists\/manuel-martinez\/\" \/>\n<meta property=\"og:locale\" content=\"de_DE\" \/>\n<meta property=\"og:type\" content=\"article\" \/>\n<meta property=\"og:title\" content=\"Manuel Martinez -\" \/>\n<meta property=\"og:description\" content=\"[vc_row curly_padding=&#8220;content-padding&#8220; css=&#8220;.vc_custom_1504195713546{padding-bottom: 0px !important;}&#8220;][vc_column][vc_column_text] FRANZ\u00d6SISCHER K\u00dcNSTLER Manuel Martinez [\/vc_column_text][vc_empty_space height=&#8220;&#8220; el_class=&#8220;xtd-spacer&#8220;][\/vc_column][vc_column width=&#8220;1\/3&#8243;][vc_single_image image=&#8220;609&#8243; img_size=&#8220;full&#8220; style=&#8220;xtd-shadow&#8211;normal-light&#8220; el_class=&#8220;xtd-offset-frame&#8220;][\/vc_column][vc_column width=&#8220;2\/3&#8243; offset=&#8220;vc_col-lg-offset-1 vc_col-lg-7&#8243;][vc_column_text] Manuel Martin\u00e9z wurde im Jahr 1956 in einem kleinen andalusischen Dorf im S\u00fcden von Spanien geboren. In den sechziger Jahren ist er nach Frankreich gezogen und schon mit 18 Jahren hat er zum ersten Mal seine Arbeiten in Pamiers, wo [&hellip;]\" \/>\n<meta property=\"og:url\" content=\"https:\/\/orchard-gallery.com\/de\/artists\/manuel-martinez\/\" \/>\n<meta property=\"article:publisher\" content=\"https:\/\/www.facebook.com\/galleryorchard\/\" \/>\n<meta property=\"article:modified_time\" content=\"2024-01-17T09:41:12+00:00\" \/>\n<meta name=\"twitter:card\" content=\"summary_large_image\" \/>\n<meta name=\"twitter:label1\" content=\"Gesch\u00e4tzte Lesezeit\" \/>\n\t<meta name=\"twitter:data1\" content=\"6\u00a0Minuten\" \/>\n<script type=\"application\/ld+json\" class=\"yoast-schema-graph\">{\"@context\":\"https:\/\/schema.org\",\"@graph\":[{\"@type\":\"WebPage\",\"@id\":\"https:\/\/orchard-gallery.com\/de\/artists\/manuel-martinez\/\",\"url\":\"https:\/\/orchard-gallery.com\/de\/artists\/manuel-martinez\/\",\"name\":\"Manuel Martinez -\",\"isPartOf\":{\"@id\":\"https:\/\/orchard-gallery.com\/#website\"},\"datePublished\":\"2017-09-05T14:27:16+00:00\",\"dateModified\":\"2024-01-17T09:41:12+00:00\",\"breadcrumb\":{\"@id\":\"https:\/\/orchard-gallery.com\/de\/artists\/manuel-martinez\/#breadcrumb\"},\"inLanguage\":\"de\",\"potentialAction\":[{\"@type\":\"ReadAction\",\"target\":[\"https:\/\/orchard-gallery.com\/de\/artists\/manuel-martinez\/\"]}]},{\"@type\":\"BreadcrumbList\",\"@id\":\"https:\/\/orchard-gallery.com\/de\/artists\/manuel-martinez\/#breadcrumb\",\"itemListElement\":[{\"@type\":\"ListItem\",\"position\":1,\"name\":\"Dom\u016f\",\"item\":\"https:\/\/orchard-gallery.com\/home\/\"},{\"@type\":\"ListItem\",\"position\":2,\"name\":\"K\u00fcnstler\",\"item\":\"https:\/\/orchard-gallery.com\/de\/artists\/\"},{\"@type\":\"ListItem\",\"position\":3,\"name\":\"Manuel Martinez\"}]},{\"@type\":\"WebSite\",\"@id\":\"https:\/\/orchard-gallery.com\/#website\",\"url\":\"https:\/\/orchard-gallery.com\/\",\"name\":\"Orchard Gallery\",\"description\":\"\",\"publisher\":{\"@id\":\"https:\/\/orchard-gallery.com\/#organization\"},\"potentialAction\":[{\"@type\":\"SearchAction\",\"target\":{\"@type\":\"EntryPoint\",\"urlTemplate\":\"https:\/\/orchard-gallery.com\/?s={search_term_string}\"},\"query-input\":\"required name=search_term_string\"}],\"inLanguage\":\"de\"},{\"@type\":\"Organization\",\"@id\":\"https:\/\/orchard-gallery.com\/#organization\",\"name\":\"OrchardGallery\",\"url\":\"https:\/\/orchard-gallery.com\/\",\"logo\":{\"@type\":\"ImageObject\",\"inLanguage\":\"de\",\"@id\":\"https:\/\/orchard-gallery.com\/#\/schema\/logo\/image\/\",\"url\":\"https:\/\/www.orchard-gallery.com\/wp-content\/uploads\/2020\/05\/orchard_retina-.png\",\"contentUrl\":\"https:\/\/www.orchard-gallery.com\/wp-content\/uploads\/2020\/05\/orchard_retina-.png\",\"width\":400,\"height\":38,\"caption\":\"OrchardGallery\"},\"image\":{\"@id\":\"https:\/\/orchard-gallery.com\/#\/schema\/logo\/image\/\"},\"sameAs\":[\"https:\/\/www.facebook.com\/galleryorchard\/\",\"https:\/\/www.instagram.com\/artisticostores\/\",\"https:\/\/www.youtube.com\/channel\/UC6fZFM4tjduboVY2BzlFjzA\"]}]}<\/script>\n<!-- \/ Yoast SEO plugin. -->","yoast_head_json":{"title":"Manuel Martinez -","robots":{"index":"index","follow":"follow","max-snippet":"max-snippet:-1","max-image-preview":"max-image-preview:large","max-video-preview":"max-video-preview:-1"},"canonical":"https:\/\/orchard-gallery.com\/de\/artists\/manuel-martinez\/","og_locale":"de_DE","og_type":"article","og_title":"Manuel Martinez -","og_description":"[vc_row curly_padding=&#8220;content-padding&#8220; css=&#8220;.vc_custom_1504195713546{padding-bottom: 0px !important;}&#8220;][vc_column][vc_column_text] FRANZ\u00d6SISCHER K\u00dcNSTLER Manuel Martinez [\/vc_column_text][vc_empty_space height=&#8220;&#8220; el_class=&#8220;xtd-spacer&#8220;][\/vc_column][vc_column width=&#8220;1\/3&#8243;][vc_single_image image=&#8220;609&#8243; img_size=&#8220;full&#8220; style=&#8220;xtd-shadow&#8211;normal-light&#8220; el_class=&#8220;xtd-offset-frame&#8220;][\/vc_column][vc_column width=&#8220;2\/3&#8243; offset=&#8220;vc_col-lg-offset-1 vc_col-lg-7&#8243;][vc_column_text] Manuel Martin\u00e9z wurde im Jahr 1956 in einem kleinen andalusischen Dorf im S\u00fcden von Spanien geboren. In den sechziger Jahren ist er nach Frankreich gezogen und schon mit 18 Jahren hat er zum ersten Mal seine Arbeiten in Pamiers, wo [&hellip;]","og_url":"https:\/\/orchard-gallery.com\/de\/artists\/manuel-martinez\/","article_publisher":"https:\/\/www.facebook.com\/galleryorchard\/","article_modified_time":"2024-01-17T09:41:12+00:00","twitter_card":"summary_large_image","twitter_misc":{"Gesch\u00e4tzte Lesezeit":"6\u00a0Minuten"},"schema":{"@context":"https:\/\/schema.org","@graph":[{"@type":"WebPage","@id":"https:\/\/orchard-gallery.com\/de\/artists\/manuel-martinez\/","url":"https:\/\/orchard-gallery.com\/de\/artists\/manuel-martinez\/","name":"Manuel Martinez -","isPartOf":{"@id":"https:\/\/orchard-gallery.com\/#website"},"datePublished":"2017-09-05T14:27:16+00:00","dateModified":"2024-01-17T09:41:12+00:00","breadcrumb":{"@id":"https:\/\/orchard-gallery.com\/de\/artists\/manuel-martinez\/#breadcrumb"},"inLanguage":"de","potentialAction":[{"@type":"ReadAction","target":["https:\/\/orchard-gallery.com\/de\/artists\/manuel-martinez\/"]}]},{"@type":"BreadcrumbList","@id":"https:\/\/orchard-gallery.com\/de\/artists\/manuel-martinez\/#breadcrumb","itemListElement":[{"@type":"ListItem","position":1,"name":"Dom\u016f","item":"https:\/\/orchard-gallery.com\/home\/"},{"@type":"ListItem","position":2,"name":"K\u00fcnstler","item":"https:\/\/orchard-gallery.com\/de\/artists\/"},{"@type":"ListItem","position":3,"name":"Manuel Martinez"}]},{"@type":"WebSite","@id":"https:\/\/orchard-gallery.com\/#website","url":"https:\/\/orchard-gallery.com\/","name":"Orchard Gallery","description":"","publisher":{"@id":"https:\/\/orchard-gallery.com\/#organization"},"potentialAction":[{"@type":"SearchAction","target":{"@type":"EntryPoint","urlTemplate":"https:\/\/orchard-gallery.com\/?s={search_term_string}"},"query-input":"required name=search_term_string"}],"inLanguage":"de"},{"@type":"Organization","@id":"https:\/\/orchard-gallery.com\/#organization","name":"OrchardGallery","url":"https:\/\/orchard-gallery.com\/","logo":{"@type":"ImageObject","inLanguage":"de","@id":"https:\/\/orchard-gallery.com\/#\/schema\/logo\/image\/","url":"https:\/\/www.orchard-gallery.com\/wp-content\/uploads\/2020\/05\/orchard_retina-.png","contentUrl":"https:\/\/www.orchard-gallery.com\/wp-content\/uploads\/2020\/05\/orchard_retina-.png","width":400,"height":38,"caption":"OrchardGallery"},"image":{"@id":"https:\/\/orchard-gallery.com\/#\/schema\/logo\/image\/"},"sameAs":["https:\/\/www.facebook.com\/galleryorchard\/","https:\/\/www.instagram.com\/artisticostores\/","https:\/\/www.youtube.com\/channel\/UC6fZFM4tjduboVY2BzlFjzA"]}]}},"_links":{"self":[{"href":"https:\/\/orchard-gallery.com\/de\/wp-json\/wp\/v2\/pages\/608"}],"collection":[{"href":"https:\/\/orchard-gallery.com\/de\/wp-json\/wp\/v2\/pages"}],"about":[{"href":"https:\/\/orchard-gallery.com\/de\/wp-json\/wp\/v2\/types\/page"}],"author":[{"embeddable":true,"href":"https:\/\/orchard-gallery.com\/de\/wp-json\/wp\/v2\/users\/1"}],"replies":[{"embeddable":true,"href":"https:\/\/orchard-gallery.com\/de\/wp-json\/wp\/v2\/comments?post=608"}],"version-history":[{"count":7,"href":"https:\/\/orchard-gallery.com\/de\/wp-json\/wp\/v2\/pages\/608\/revisions"}],"predecessor-version":[{"id":5778,"href":"https:\/\/orchard-gallery.com\/de\/wp-json\/wp\/v2\/pages\/608\/revisions\/5778"}],"up":[{"embeddable":true,"href":"https:\/\/orchard-gallery.com\/de\/wp-json\/wp\/v2\/pages\/668"}],"wp:attachment":[{"href":"https:\/\/orchard-gallery.com\/de\/wp-json\/wp\/v2\/media?parent=608"}],"curies":[{"name":"wp","href":"https:\/\/api.w.org\/{rel}","templated":true}]}}