{"id":590,"date":"2017-09-05T15:26:40","date_gmt":"2017-09-05T14:26:40","guid":{"rendered":"http:\/\/www.orchard-gallery.com\/ebip-serafedino\/"},"modified":"2024-01-17T10:44:22","modified_gmt":"2024-01-17T09:44:22","slug":"ebip-serafedino","status":"publish","type":"page","link":"https:\/\/orchard-gallery.com\/de\/artists\/ebip-serafedino\/","title":{"rendered":"Ebip Serafedino"},"content":{"rendered":"<section class=\"wpb-content-wrapper\">[vc_row curly_padding=&#8220;content-padding&#8220; css=&#8220;.vc_custom_1504195713546{padding-bottom: 0px !important;}&#8220;][vc_column][vc_column_text]\n<h1 class=\"display-2 special-title\" style=\"text-align: center;\"><small>FRANZ\u00d6SISCHER K\u00dcNSTLER<\/small> Ebip Serafedino<\/h1>\n[\/vc_column_text][vc_empty_space height=&#8220;&#8220; el_class=&#8220;xtd-spacer&#8220;][\/vc_column][vc_column width=&#8220;1\/3&#8243;][vc_empty_space height=&#8220;40px&#8220;][vc_single_image image=&#8220;591&#8243; img_size=&#8220;full&#8220; style=&#8220;xtd-shadow&#8211;normal-light&#8220; el_class=&#8220;xtd-offset-frame&#8220;][vc_empty_space height=&#8220;&#8220; el_class=&#8220;xtd-spacer&#8220;][vc_btn title=&#8220;Gehe in den E-Shop&#8220; style=&#8220;btn-outline-primary&#8220; shape=&#8220;square&#8220; align=&#8220;center&#8220; link=&#8220;url:https%3A%2F%2Fwww.artisticostores.com%2Fde%2Fprodukt-kategorie%2Febip-serafedino-de%2F|title:Ebip%20Serafedino%20Artistico||&#8220;][\/vc_column][vc_column width=&#8220;2\/3&#8243; offset=&#8220;vc_col-lg-offset-1 vc_col-lg-7&#8243;][vc_column_text]\n<p style=\"text-align: justify;\">Ebip Serafedino wurde am 20. November 1952 in Skopje \u2013 Mazedonien geboren. Heute lebt er und arbeitet in seinem Atelier in Paris. Der K\u00fcnstler malt im expressionistischen Stil, nicht im figurativen. Von 1970 bis 1974 kreierte er in Rom, Florenz, Venedig, Teneriffa, Berlin und Amsterdam. Er kam in Paris in 1975 an und stellte zum ersten Mal in 1980 aus.<\/p>\n<p style=\"text-align: justify;\">Ein Jahr danach stellte er seine Kunstwerke im \u201eMus\u00e9e de Cire\u201c, heute als \u201eL\u2018espace Dali\u201c bekannt, aus. In 1984 hat er an einer Kollektivausstellung in der Galerie Robert Philippe teilgenommen. Er exponierte auch in Hamburg, Saarbr\u00fccken (New Art Gallery, dann zweimal in der \u201e Galerie des Filmhauses\u201c), Helsingborg (Schweden, Galerie Flesser), Istanbul (Galerie Ekol Konstantinopolis), und in Paris im Jahr 1995, in der Galerie Etienne des Causans. G\u00e9rard Xuriguera, Autor des k\u00fcrzlich ver\u00f6ffentlichten dreisprachigen Katalog, m\u00f6chte seine Begeisterung f\u00fcr Ebip\u00b4s Kunstwerke nicht verbergen: \u201e&#8230; Mit einer n\u00fcchtern bestickten Extravaganz beeinflusst der konstruktive Geist den wilden Lyrismus, die ungeduldige Bewegung, die auch das Herumirren bremsen kann, aufgeweckte Fantasie. Serafedino entwickelte ein farbig sattes, gewaltiges und Kontrastvolles Werk&#8230;\u201c Atelier \u201ePlace de Tertre\u201c. Der geborene Mazedonier tr\u00e4gt in sich die Mediterrane Innigkeit und daher liebt er lebendige Farben, welche in einer gegenseitigen Umschligung eine br\u00fcderliche und Komposite Mosaik bilden.<\/p>\n[\/vc_column_text][\/vc_column][\/vc_row][vc_row curly_padding=&#8220;content-padding&#8220; css=&#8220;.vc_custom_1504195713546{padding-bottom: 0px !important;}&#8220;][vc_column][vc_row_inner][vc_column_inner width=&#8220;1\/3&#8243;][vc_video link=&#8220;https:\/\/www.youtube.com\/watch?v=CNocdK3j6xc&#8220;][\/vc_column_inner][vc_column_inner width=&#8220;1\/3&#8243;][vc_video link=&#8220;https:\/\/www.youtube.com\/watch?v=mw-h5BzOTMY&#8220;][\/vc_column_inner][vc_column_inner width=&#8220;1\/3&#8243;][vc_video link=&#8220;https:\/\/www.youtube.com\/watch?v=fK2lgez3ymo&#8220;][\/vc_column_inner][\/vc_row_inner][vc_column_text]\n<h3 style=\"text-align: center;\">Autoren- und Kollektivausstellungen<\/h3>\n[\/vc_column_text][vc_row_inner][vc_column_inner width=&#8220;1\/3&#8243;][vc_column_text]\n<ul>\n<li>1980 \u2013 Kollektivausstellung \u201eLyon\u201c, Galerie T\u00e9te d\u2018Or, Paris, Frankreich<\/li>\n<li>1981 \u2013 Mus\u00e9e de Cire, Montmartre, Paris, Frankreich<\/li>\n<li>1982 \u2013 Kollektivausstellung der Maler aus Jugoslawien, Paris, Frankreich<\/li>\n<li>1983 \u2013 Kollektivausstellung, Herold Centrum, Hamburg, Deutschland<\/li>\n<li>1984 \u2013 Kollektivausstellung, Galerie 14 Robert Phillipe, Paris, Frankreich<\/li>\n<li>1990 \u2013 New Art Gallery, Saarbr\u00fccken, Deutschland<\/li>\n<li>1993 \u2013 Kollektivausstellung Gallery Flesser, Helsingborg, Schweden<\/li>\n<li>1995 \u2013 Galerie Etienne des Causans, Rue de Seine, Paris, Frankreich<\/li>\n<li>1996 \u2013 Gallery Ekol Constantinopolis, Istanbul, T\u00fcrkei<\/li>\n<\/ul>\n[\/vc_column_text][\/vc_column_inner][vc_column_inner width=&#8220;1\/3&#8243;][vc_column_text]\n<ul>\n<li>1996 \u2013 Exposition Galerie Filmhauses, Saarbr\u00fccken, Deutschland<\/li>\n<li>1997 \u2013 Galerie Filmhauses, Saarbr\u00fccken, Deutschland<\/li>\n<li>1997 \u2013 Le Toit de la Grande Arche, Paris, Frankreich<\/li>\n<li>1998 \u2013 Salon d\u2019Automne, Paris, Frankreich<\/li>\n<li>1998 \u2013 Galerie Tatry, Bordeaux, Frankreich<\/li>\n<li>1998 \u2013 Salon d\u2019Art Contemporain, Marseille, Frankreich<\/li>\n<li>1999 \u2013 Cruzadas Arte, Lisboa, Portugal<\/li>\n<li>1999 \u2013 Gallery Flesser, Helsingborg, Schweden<\/li>\n<li>2001 \u2013 Artitude Gallery, Paris, Frankreich<\/li>\n<li>2002 \u2013 Gallery und Prince Prince, Berlin, Deutschland<\/li>\n<li>2003 \u2013 Mediath\u00e9que Jean-Moulin, Compi\u00e8gne, Frankreich<\/li>\n<li>2003 \u2013 Gallery the Art Museum, Ponce, Puerto Rico, USA<\/li>\n<\/ul>\n[\/vc_column_text][\/vc_column_inner][vc_column_inner width=&#8220;1\/3&#8243;][vc_column_text]\n<ul>\n<li>2005 \u2013 Galerie de l\u2019Elys\u00e9e, Paris, Frankreich<\/li>\n<li>2006 \u2013 Golden Gate Area, Montreux, Schweiz<\/li>\n<li>2008 \u2013 Gallery Kanstmass\u00e4n 08, Stockholm, Schweden<\/li>\n<li>2008 \u2013 Galerie Carpe Diem, Montpeyroux, Frankreich<\/li>\n<li>2009 \u2013 World Fine Art Gallery, New York, USA<\/li>\n<li>2009 \u2013 Fine Art Gallery, Bratislava, Slowakei<\/li>\n<li>2012 \u2013 Artistico, Bratislava, Slowakei<\/li>\n<li>2013 \u2013 Artistico, Prag, Tschechische Republik<\/li>\n<li>2014 \u2013 Morcote, Schweiz<\/li>\n<li>2014 \u2013 Artistico, Wien, \u00d6sterreich<\/li>\n<li>2016 \u2013 Gallery Flesser, Bastad, Stockholm<\/li>\n<li>2019 \u2013 Orchard Gallery, Ostrava, Tschechische Republik<\/li>\n<li>2019 \u2013 Galerie M\u00e1nes, Praha, Tschechische Republik<\/li>\n<\/ul>\n[\/vc_column_text][\/vc_column_inner][\/vc_row_inner][vc_row_inner][vc_column_inner width=&#8220;1\/3&#8243;][vc_single_image image=&#8220;600&#8243; img_size=&#8220;full&#8220;][\/vc_column_inner][vc_column_inner width=&#8220;1\/3&#8243;][vc_single_image image=&#8220;601&#8243; img_size=&#8220;full&#8220;][\/vc_column_inner][vc_column_inner width=&#8220;1\/3&#8243;][vc_single_image image=&#8220;602&#8243; img_size=&#8220;full&#8220;][\/vc_column_inner][\/vc_row_inner][\/vc_column][\/vc_row]\n<\/section>","protected":false},"excerpt":{"rendered":"<p>[vc_row curly_padding=&#8220;content-padding&#8220; css=&#8220;.vc_custom_1504195713546{padding-bottom: 0px !important;}&#8220;][vc_column][vc_column_text] FRANZ\u00d6SISCHER K\u00dcNSTLER Ebip Serafedino [\/vc_column_text][vc_empty_space height=&#8220;&#8220; el_class=&#8220;xtd-spacer&#8220;][\/vc_column][vc_column width=&#8220;1\/3&#8243;][vc_empty_space height=&#8220;40px&#8220;][vc_single_image image=&#8220;591&#8243; img_size=&#8220;full&#8220; style=&#8220;xtd-shadow&#8211;normal-light&#8220; el_class=&#8220;xtd-offset-frame&#8220;][vc_empty_space height=&#8220;&#8220; el_class=&#8220;xtd-spacer&#8220;][vc_btn title=&#8220;Gehe in den E-Shop&#8220; style=&#8220;btn-outline-primary&#8220; shape=&#8220;square&#8220; align=&#8220;center&#8220; link=&#8220;url:https%3A%2F%2Fwww.artisticostores.com%2Fde%2Fprodukt-kategorie%2Febip-serafedino-de%2F|title:Ebip%20Serafedino%20Artistico||&#8220;][\/vc_column][vc_column width=&#8220;2\/3&#8243; offset=&#8220;vc_col-lg-offset-1 vc_col-lg-7&#8243;][vc_column_text] Ebip Serafedino wurde am 20. November 1952 in Skopje \u2013 Mazedonien geboren. Heute lebt er und arbeitet in seinem Atelier in Paris. Der K\u00fcnstler malt im expressionistischen Stil, nicht [&hellip;]<\/p>\n","protected":false},"author":1,"featured_media":0,"parent":668,"menu_order":0,"comment_status":"closed","ping_status":"closed","template":"","meta":{"footnotes":""},"yoast_head":"<!-- This site is optimized with the Yoast SEO plugin v22.7 - https:\/\/yoast.com\/wordpress\/plugins\/seo\/ -->\n<title>Ebip Serafedino -<\/title>\n<meta name=\"robots\" content=\"index, follow, max-snippet:-1, max-image-preview:large, max-video-preview:-1\" \/>\n<link rel=\"canonical\" href=\"https:\/\/orchard-gallery.com\/de\/artists\/ebip-serafedino\/\" \/>\n<meta property=\"og:locale\" content=\"de_DE\" \/>\n<meta property=\"og:type\" content=\"article\" \/>\n<meta property=\"og:title\" content=\"Ebip Serafedino -\" \/>\n<meta property=\"og:description\" content=\"[vc_row curly_padding=&#8220;content-padding&#8220; css=&#8220;.vc_custom_1504195713546{padding-bottom: 0px !important;}&#8220;][vc_column][vc_column_text] FRANZ\u00d6SISCHER K\u00dcNSTLER Ebip Serafedino [\/vc_column_text][vc_empty_space height=&#8220;&#8220; el_class=&#8220;xtd-spacer&#8220;][\/vc_column][vc_column width=&#8220;1\/3&#8243;][vc_empty_space height=&#8220;40px&#8220;][vc_single_image image=&#8220;591&#8243; img_size=&#8220;full&#8220; style=&#8220;xtd-shadow&#8211;normal-light&#8220; el_class=&#8220;xtd-offset-frame&#8220;][vc_empty_space height=&#8220;&#8220; el_class=&#8220;xtd-spacer&#8220;][vc_btn title=&#8220;Gehe in den E-Shop&#8220; style=&#8220;btn-outline-primary&#8220; shape=&#8220;square&#8220; align=&#8220;center&#8220; link=&#8220;url:https%3A%2F%2Fwww.artisticostores.com%2Fde%2Fprodukt-kategorie%2Febip-serafedino-de%2F|title:Ebip%20Serafedino%20Artistico||&#8220;][\/vc_column][vc_column width=&#8220;2\/3&#8243; offset=&#8220;vc_col-lg-offset-1 vc_col-lg-7&#8243;][vc_column_text] Ebip Serafedino wurde am 20. November 1952 in Skopje \u2013 Mazedonien geboren. Heute lebt er und arbeitet in seinem Atelier in Paris. Der K\u00fcnstler malt im expressionistischen Stil, nicht [&hellip;]\" \/>\n<meta property=\"og:url\" content=\"https:\/\/orchard-gallery.com\/de\/artists\/ebip-serafedino\/\" \/>\n<meta property=\"article:publisher\" content=\"https:\/\/www.facebook.com\/galleryorchard\/\" \/>\n<meta property=\"article:modified_time\" content=\"2024-01-17T09:44:22+00:00\" \/>\n<meta name=\"twitter:card\" content=\"summary_large_image\" \/>\n<meta name=\"twitter:label1\" content=\"Gesch\u00e4tzte Lesezeit\" \/>\n\t<meta name=\"twitter:data1\" content=\"4\u00a0Minuten\" \/>\n<script type=\"application\/ld+json\" class=\"yoast-schema-graph\">{\"@context\":\"https:\/\/schema.org\",\"@graph\":[{\"@type\":\"WebPage\",\"@id\":\"https:\/\/orchard-gallery.com\/de\/artists\/ebip-serafedino\/\",\"url\":\"https:\/\/orchard-gallery.com\/de\/artists\/ebip-serafedino\/\",\"name\":\"Ebip Serafedino -\",\"isPartOf\":{\"@id\":\"https:\/\/orchard-gallery.com\/#website\"},\"datePublished\":\"2017-09-05T14:26:40+00:00\",\"dateModified\":\"2024-01-17T09:44:22+00:00\",\"breadcrumb\":{\"@id\":\"https:\/\/orchard-gallery.com\/de\/artists\/ebip-serafedino\/#breadcrumb\"},\"inLanguage\":\"de\",\"potentialAction\":[{\"@type\":\"ReadAction\",\"target\":[\"https:\/\/orchard-gallery.com\/de\/artists\/ebip-serafedino\/\"]}]},{\"@type\":\"BreadcrumbList\",\"@id\":\"https:\/\/orchard-gallery.com\/de\/artists\/ebip-serafedino\/#breadcrumb\",\"itemListElement\":[{\"@type\":\"ListItem\",\"position\":1,\"name\":\"Dom\u016f\",\"item\":\"https:\/\/orchard-gallery.com\/home\/\"},{\"@type\":\"ListItem\",\"position\":2,\"name\":\"K\u00fcnstler\",\"item\":\"https:\/\/orchard-gallery.com\/de\/artists\/\"},{\"@type\":\"ListItem\",\"position\":3,\"name\":\"Ebip Serafedino\"}]},{\"@type\":\"WebSite\",\"@id\":\"https:\/\/orchard-gallery.com\/#website\",\"url\":\"https:\/\/orchard-gallery.com\/\",\"name\":\"Orchard Gallery\",\"description\":\"\",\"publisher\":{\"@id\":\"https:\/\/orchard-gallery.com\/#organization\"},\"potentialAction\":[{\"@type\":\"SearchAction\",\"target\":{\"@type\":\"EntryPoint\",\"urlTemplate\":\"https:\/\/orchard-gallery.com\/?s={search_term_string}\"},\"query-input\":\"required name=search_term_string\"}],\"inLanguage\":\"de\"},{\"@type\":\"Organization\",\"@id\":\"https:\/\/orchard-gallery.com\/#organization\",\"name\":\"OrchardGallery\",\"url\":\"https:\/\/orchard-gallery.com\/\",\"logo\":{\"@type\":\"ImageObject\",\"inLanguage\":\"de\",\"@id\":\"https:\/\/orchard-gallery.com\/#\/schema\/logo\/image\/\",\"url\":\"https:\/\/www.orchard-gallery.com\/wp-content\/uploads\/2020\/05\/orchard_retina-.png\",\"contentUrl\":\"https:\/\/www.orchard-gallery.com\/wp-content\/uploads\/2020\/05\/orchard_retina-.png\",\"width\":400,\"height\":38,\"caption\":\"OrchardGallery\"},\"image\":{\"@id\":\"https:\/\/orchard-gallery.com\/#\/schema\/logo\/image\/\"},\"sameAs\":[\"https:\/\/www.facebook.com\/galleryorchard\/\",\"https:\/\/www.instagram.com\/artisticostores\/\",\"https:\/\/www.youtube.com\/channel\/UC6fZFM4tjduboVY2BzlFjzA\"]}]}<\/script>\n<!-- \/ Yoast SEO plugin. -->","yoast_head_json":{"title":"Ebip Serafedino -","robots":{"index":"index","follow":"follow","max-snippet":"max-snippet:-1","max-image-preview":"max-image-preview:large","max-video-preview":"max-video-preview:-1"},"canonical":"https:\/\/orchard-gallery.com\/de\/artists\/ebip-serafedino\/","og_locale":"de_DE","og_type":"article","og_title":"Ebip Serafedino -","og_description":"[vc_row curly_padding=&#8220;content-padding&#8220; css=&#8220;.vc_custom_1504195713546{padding-bottom: 0px !important;}&#8220;][vc_column][vc_column_text] FRANZ\u00d6SISCHER K\u00dcNSTLER Ebip Serafedino [\/vc_column_text][vc_empty_space height=&#8220;&#8220; el_class=&#8220;xtd-spacer&#8220;][\/vc_column][vc_column width=&#8220;1\/3&#8243;][vc_empty_space height=&#8220;40px&#8220;][vc_single_image image=&#8220;591&#8243; img_size=&#8220;full&#8220; style=&#8220;xtd-shadow&#8211;normal-light&#8220; el_class=&#8220;xtd-offset-frame&#8220;][vc_empty_space height=&#8220;&#8220; el_class=&#8220;xtd-spacer&#8220;][vc_btn title=&#8220;Gehe in den E-Shop&#8220; style=&#8220;btn-outline-primary&#8220; shape=&#8220;square&#8220; align=&#8220;center&#8220; link=&#8220;url:https%3A%2F%2Fwww.artisticostores.com%2Fde%2Fprodukt-kategorie%2Febip-serafedino-de%2F|title:Ebip%20Serafedino%20Artistico||&#8220;][\/vc_column][vc_column width=&#8220;2\/3&#8243; offset=&#8220;vc_col-lg-offset-1 vc_col-lg-7&#8243;][vc_column_text] Ebip Serafedino wurde am 20. November 1952 in Skopje \u2013 Mazedonien geboren. Heute lebt er und arbeitet in seinem Atelier in Paris. Der K\u00fcnstler malt im expressionistischen Stil, nicht [&hellip;]","og_url":"https:\/\/orchard-gallery.com\/de\/artists\/ebip-serafedino\/","article_publisher":"https:\/\/www.facebook.com\/galleryorchard\/","article_modified_time":"2024-01-17T09:44:22+00:00","twitter_card":"summary_large_image","twitter_misc":{"Gesch\u00e4tzte Lesezeit":"4\u00a0Minuten"},"schema":{"@context":"https:\/\/schema.org","@graph":[{"@type":"WebPage","@id":"https:\/\/orchard-gallery.com\/de\/artists\/ebip-serafedino\/","url":"https:\/\/orchard-gallery.com\/de\/artists\/ebip-serafedino\/","name":"Ebip Serafedino -","isPartOf":{"@id":"https:\/\/orchard-gallery.com\/#website"},"datePublished":"2017-09-05T14:26:40+00:00","dateModified":"2024-01-17T09:44:22+00:00","breadcrumb":{"@id":"https:\/\/orchard-gallery.com\/de\/artists\/ebip-serafedino\/#breadcrumb"},"inLanguage":"de","potentialAction":[{"@type":"ReadAction","target":["https:\/\/orchard-gallery.com\/de\/artists\/ebip-serafedino\/"]}]},{"@type":"BreadcrumbList","@id":"https:\/\/orchard-gallery.com\/de\/artists\/ebip-serafedino\/#breadcrumb","itemListElement":[{"@type":"ListItem","position":1,"name":"Dom\u016f","item":"https:\/\/orchard-gallery.com\/home\/"},{"@type":"ListItem","position":2,"name":"K\u00fcnstler","item":"https:\/\/orchard-gallery.com\/de\/artists\/"},{"@type":"ListItem","position":3,"name":"Ebip Serafedino"}]},{"@type":"WebSite","@id":"https:\/\/orchard-gallery.com\/#website","url":"https:\/\/orchard-gallery.com\/","name":"Orchard Gallery","description":"","publisher":{"@id":"https:\/\/orchard-gallery.com\/#organization"},"potentialAction":[{"@type":"SearchAction","target":{"@type":"EntryPoint","urlTemplate":"https:\/\/orchard-gallery.com\/?s={search_term_string}"},"query-input":"required name=search_term_string"}],"inLanguage":"de"},{"@type":"Organization","@id":"https:\/\/orchard-gallery.com\/#organization","name":"OrchardGallery","url":"https:\/\/orchard-gallery.com\/","logo":{"@type":"ImageObject","inLanguage":"de","@id":"https:\/\/orchard-gallery.com\/#\/schema\/logo\/image\/","url":"https:\/\/www.orchard-gallery.com\/wp-content\/uploads\/2020\/05\/orchard_retina-.png","contentUrl":"https:\/\/www.orchard-gallery.com\/wp-content\/uploads\/2020\/05\/orchard_retina-.png","width":400,"height":38,"caption":"OrchardGallery"},"image":{"@id":"https:\/\/orchard-gallery.com\/#\/schema\/logo\/image\/"},"sameAs":["https:\/\/www.facebook.com\/galleryorchard\/","https:\/\/www.instagram.com\/artisticostores\/","https:\/\/www.youtube.com\/channel\/UC6fZFM4tjduboVY2BzlFjzA"]}]}},"_links":{"self":[{"href":"https:\/\/orchard-gallery.com\/de\/wp-json\/wp\/v2\/pages\/590"}],"collection":[{"href":"https:\/\/orchard-gallery.com\/de\/wp-json\/wp\/v2\/pages"}],"about":[{"href":"https:\/\/orchard-gallery.com\/de\/wp-json\/wp\/v2\/types\/page"}],"author":[{"embeddable":true,"href":"https:\/\/orchard-gallery.com\/de\/wp-json\/wp\/v2\/users\/1"}],"replies":[{"embeddable":true,"href":"https:\/\/orchard-gallery.com\/de\/wp-json\/wp\/v2\/comments?post=590"}],"version-history":[{"count":9,"href":"https:\/\/orchard-gallery.com\/de\/wp-json\/wp\/v2\/pages\/590\/revisions"}],"predecessor-version":[{"id":5780,"href":"https:\/\/orchard-gallery.com\/de\/wp-json\/wp\/v2\/pages\/590\/revisions\/5780"}],"up":[{"embeddable":true,"href":"https:\/\/orchard-gallery.com\/de\/wp-json\/wp\/v2\/pages\/668"}],"wp:attachment":[{"href":"https:\/\/orchard-gallery.com\/de\/wp-json\/wp\/v2\/media?parent=590"}],"curies":[{"name":"wp","href":"https:\/\/api.w.org\/{rel}","templated":true}]}}