{"id":3302,"date":"2020-06-19T11:33:14","date_gmt":"2020-06-19T10:33:14","guid":{"rendered":"https:\/\/www.orchard-gallery.com\/artists\/michele-duchene\/"},"modified":"2020-11-30T18:27:37","modified_gmt":"2020-11-30T17:27:37","slug":"michele-duchene","status":"publish","type":"page","link":"https:\/\/orchard-gallery.com\/de\/artists\/michele-duchene\/","title":{"rendered":"Mich\u00e8le Duch\u00eane"},"content":{"rendered":"<section class=\"wpb-content-wrapper\">[vc_row curly_padding=&#8220;content-padding&#8220; css=&#8220;.vc_custom_1504195713546{padding-bottom: 0px !important;}&#8220;][vc_column][vc_column_text]\n<h1 class=\"display-2 special-title\" style=\"text-align: center;\"><small>FRANZ\u00d6SISCHER BILDHAUERIN<\/small>Mich\u00e8le Duch\u00eane<small><\/small><\/h1>\n[\/vc_column_text][\/vc_column][vc_column width=&#8220;1\/3&#8243;][vc_empty_space height=&#8220;64px&#8220;][vc_single_image image=&#8220;3288&#8243; img_size=&#8220;full&#8220; style=&#8220;xtd-shadow&#8211;normal-light&#8220; el_class=&#8220;xtd-offset-frame&#8220;][vc_btn title=&#8220;Gehe in den e-shop&#8220; style=&#8220;btn-outline-primary&#8220; shape=&#8220;square&#8220; align=&#8220;center&#8220; link=&#8220;url:https%3A%2F%2Fwww.artisticostores.com%2Fde%2Fprodukt-kategorie%2Fmichele-duchene-de%2F|title:Mich%C3%A8le%20Duch%C3%AAne%20Artistico||&#8220;][\/vc_column][vc_column width=&#8220;2\/3&#8243; offset=&#8220;vc_col-lg-offset-1 vc_col-lg-7&#8243;][vc_column_text]\n<p style=\"text-align: justify;\"><strong>Mich\u00e8le Duch\u00eane<\/strong>\u00a0wurde am 2. Dezember 1954 in Foix, der Hauptstadt des franz\u00f6sischen Departements Ari\u00e8ge, geboren. Nach ihrem Abschluss an der Gabriel-Faur\u00e9-Schule, wo sie einen Bachelor-Abschluss machte, studierte sie f\u00fcnf Jahre lang Keramik an der Beaux-Arts-Schule in Toulouse. In ihrem Studio in Madrid spezialisierte sie sich auch auf die \u201eAzulejos\u201c \u2013Technik und restaurierte die urspr\u00fcnglichen Muster, die f\u00fcr handgefertigte Keramikfliesen typisch waren. 25 Jahre lang arbeitete sie mit Ton und war gleichzeitig in der Werbung und im Grafikdesign besch\u00e4ftigt.<\/p>\n<p style=\"text-align: justify;\">Im Jahre 2010 begann Mich\u00e8le Duch\u00eane mit der Arbeit mit Papier. Als Material erm\u00f6glichte ihr Papier, viele verschiedene Verwendungsm\u00f6glichkeiten zu entdecken, die sie als Bildhauerin st\u00e4ndig erforschen konnte.\u00a0 Die Arbeit mit Ton war im Hinblick auf den Bildhauereiprozess sehr anspruchsvoll. Andererseits war die Arbeit mit Papier (Zeitungen) komfortabler und befreiender. Sie braucht nur Sonne und Wind \u2013 die einzigen Elemente, die f\u00fcr die Fertigstellung ihrer Skulpturen notwendig sind. Die Paste aus zerkleinertem und gereinigtem Zeitungspapier malt die Skulpturen in zementgrauer Farbe und verleiht ihnen einen steinernen Look. Allm\u00e4hlich \u00e4ndert sich jedoch ihr Ausdruck und das Endergebnis ist mehr als beeindruckend.<\/p>\n<p style=\"text-align: justify;\">Es w\u00e4re unfair, die Farbe nicht zu erw\u00e4hnen, die schlie\u00dflich zur Vervollst\u00e4ndigung ihrer Kunstwerke kommt. Sie bestehen aus Hunderten kleiner Papierst\u00fccke aus zerrissenen Zeitschriften und Zeitungen, die sorgf\u00e4ltig nach Farben sortiert sind. Mich\u00e8le Duch\u00eane verwendet sie genauso wie ein Maler seine Palette. Luxuri\u00f6se Texturen verleihen ihren Statuen eine bemerkenswerte Pr\u00e4senz. Die Bem\u00fchungen f\u00fchren zu einer Skulptur, die mit der gleichen evokativen Kraft wie das Gem\u00e4lde gef\u00fcllt ist.<\/p>\n<p style=\"text-align: justify;\">Mich\u00e8le Duch\u00eanes Skulpturen dr\u00fccken eine entfernte Nostalgie nach Kindheit aus. Diese mysteri\u00f6sen jungen Frauen, die aussehen, als stammten sie aus einem virtuellen Universum, repr\u00e4sentieren eine Kombination von Realismus und poetischer Stilisierung.<\/p>\n[\/vc_column_text][\/vc_column][\/vc_row][vc_row curly_padding=&#8220;content-padding&#8220; css=&#8220;.vc_custom_1587296404408{margin-top: -50px !important;padding-bottom: 0px !important;}&#8220;][vc_column][vc_column_text]\n<div class=\"page\" title=\"Page 246\">\n<div class=\"section\">\n<div class=\"layoutArea\">\n<div class=\"column\">\n<h3 style=\"text-align: center;\">EINZEL- UND GEMEINSCHAFTSAUSSTELLUNGEN<\/h3>\n<\/div>\n<\/div>\n<\/div>\n<\/div>\n[\/vc_column_text][vc_row_inner][vc_column_inner width=&#8220;1\/3&#8243;][vc_column_text]\n<div title=\"Page 246\">\n<h4 style=\"padding-left: 40px;\"><strong>2013<\/strong><\/h4>\n<ul>\n<li>Kunstgalerie Contemporain les Carmes \u2013 Pamiers 09<\/li>\n<li>Galerie du Philosophe \u2013 Carla-Bayle 09<\/li>\n<li>Platform Magazine # 58<\/li>\n<\/ul>\n<h4 style=\"padding-left: 40px;\"><strong>2014<\/strong><\/h4>\n<ul>\n<li>Art Espace Galerie \u2013 Bagnac 31<\/li>\n<li>Aristide Berges Museum \u2013 Lorp Sentaraille 09<\/li>\n<li>Sainte-Croix-Volvestre 09230<\/li>\n<\/ul>\n<h4 style=\"padding-left: 40px;\"><strong>2015<\/strong><\/h4>\n<ul>\n<li>Espace Exposition \u2013 CHIVA \u2013 Foix 09<\/li>\n<li>Galerie du Philosophe \u2013 Carla-Bayle 09<\/li>\n<li>M\u00e9diath\u00e8que de Pamiers 09100<\/li>\n<li>Galerie Um\u011blka \u2013 Bratislava, Slovak Republic<\/li>\n<li>Forges de Pyr\u00e8ne Foix 09<\/li>\n<li>Centre d\u2019animation Culturelle \u2013 Portet \/ garonne 31<\/li>\n<\/ul>\n<\/div>\n[\/vc_column_text][\/vc_column_inner][vc_column_inner width=&#8220;1\/3&#8243;][vc_column_text]\n<div title=\"Page 246\">\n<h4 style=\"padding-left: 40px;\"><strong>2016<\/strong><\/h4>\n<ul>\n<li>Sculpturum \u2013 Paris<\/li>\n<li>Amalgama Galerie \u2013 Versailles<\/li>\n<li>Annotiau Galerie \u2013 Rodez<\/li>\n<li>Swinton Galerie \u2013 Madrid Spain<\/li>\n<li>Mille tiroirs Pamiers 09<\/li>\n<li>M\u00e9diath\u00e8que de Pamiers 09<\/li>\n<li>ArToulouse \u2013 Lab\u00e8ge Innopole 31<\/li>\n<li>Art Espace Galerie \u2013 Bagnac 31<\/li>\n<\/ul>\n<h4 style=\"padding-left: 40px;\"><strong>2017<\/strong><\/h4>\n<ul>\n<li>04\/2017 Mosa\u00efque\u00a0Galerie \u2013 Saint-Jean Haute-Garonne<\/li>\n<li>06\/2017 Art Bleu R\u00e9glisse Galerie \u2013 Espace Toutain \u2013 Auvillar 82340<\/li>\n<li>08\/2017 Avoz\u2019art \u2013 Mour\u00e8de, Gers<\/li>\n<li>10\/2017 Salle Pierre Satg\u00e9 Muret (31)<\/li>\n<li>10\/2017 Kunstgalerie Anne Broitman \u2013 Biarritz 64<\/li>\n<li>11\/2017 Art Bleu R\u00e9glisse \u2013 Espace R\u00e9publique \u2013 Valence d\u2019Agen 82<\/li>\n<li>12\/2017 Expo Rouge- Galerie de l\u2019Hirondelle \u2013 Carla-Bayle 09<\/li>\n<\/ul>\n<\/div>\n[\/vc_column_text][\/vc_column_inner][vc_column_inner width=&#8220;1\/3&#8243;][vc_column_text]\n<h4 style=\"padding-left: 40px;\"><strong>2018<\/strong><\/h4>\n<ul>\n<li>03\/2018 Mairie \u2013 Castelmaurou 31<\/li>\n<li>04\/2018 Grande Halle \u2013 L\u2019Union 31<\/li>\n<li>07\/2018 Festival d\u2019Arts Plastiques Carla-Bayle 09<\/li>\n<li>09\/2018 Orchard Galerie \u2013 Ostrava \u2013 Czech Republic<\/li>\n<\/ul>\n<h4 style=\"padding-left: 40px;\"><strong>2019<\/strong><\/h4>\n<ul>\n<li>01\/2019 Art Bleu R\u00e9glisse Galerie \u2013 Auvillar 82340<\/li>\n<li>05\/2019 Galerie M\u00e1nes- Prague, Czech Republic<\/li>\n<li>07\/2019 Festival d\u2019Arts Plastiques Carla-Bayle 09<\/li>\n<li>09\/2019 Galerie M\u00e1nes \u2013 Prague, Czech Republic<\/li>\n<\/ul>\n<h4 style=\"padding-left: 40px;\"><strong>2020<\/strong><\/h4>\n<ul>\n<li>01\/2020 Art Bleu R\u00e9glisse Galerie \u2013 Auvillar 82340<\/li>\n<li>03\/2020 Journ\u00e9e des droits de la femme \u2013 Jeu du mail \u2013 Pamiers 09100<\/li>\n<\/ul>\n[\/vc_column_text][\/vc_column_inner][\/vc_row_inner][vc_row_inner][vc_column_inner width=&#8220;1\/3&#8243;][vc_single_image image=&#8220;3297&#8243; img_size=&#8220;full&#8220; alignment=&#8220;center&#8220;][\/vc_column_inner][vc_column_inner width=&#8220;1\/3&#8243;][vc_single_image image=&#8220;3294&#8243; img_size=&#8220;full&#8220; alignment=&#8220;center&#8220;][\/vc_column_inner][vc_column_inner width=&#8220;1\/3&#8243;][vc_single_image image=&#8220;3291&#8243; img_size=&#8220;full&#8220; alignment=&#8220;center&#8220;][\/vc_column_inner][\/vc_row_inner][\/vc_column][\/vc_row]\n<\/section>","protected":false},"excerpt":{"rendered":"<p>[vc_row curly_padding=&#8220;content-padding&#8220; css=&#8220;.vc_custom_1504195713546{padding-bottom: 0px !important;}&#8220;][vc_column][vc_column_text] FRANZ\u00d6SISCHER BILDHAUERINMich\u00e8le Duch\u00eane [\/vc_column_text][\/vc_column][vc_column width=&#8220;1\/3&#8243;][vc_empty_space height=&#8220;64px&#8220;][vc_single_image image=&#8220;3288&#8243; img_size=&#8220;full&#8220; style=&#8220;xtd-shadow&#8211;normal-light&#8220; el_class=&#8220;xtd-offset-frame&#8220;][vc_btn title=&#8220;Gehe in den e-shop&#8220; style=&#8220;btn-outline-primary&#8220; shape=&#8220;square&#8220; align=&#8220;center&#8220; link=&#8220;url:https%3A%2F%2Fwww.artisticostores.com%2Fde%2Fprodukt-kategorie%2Fmichele-duchene-de%2F|title:Mich%C3%A8le%20Duch%C3%AAne%20Artistico||&#8220;][\/vc_column][vc_column width=&#8220;2\/3&#8243; offset=&#8220;vc_col-lg-offset-1 vc_col-lg-7&#8243;][vc_column_text] Mich\u00e8le Duch\u00eane\u00a0wurde am 2. Dezember 1954 in Foix, der Hauptstadt des franz\u00f6sischen Departements Ari\u00e8ge, geboren. Nach ihrem Abschluss an der Gabriel-Faur\u00e9-Schule, wo sie einen Bachelor-Abschluss machte, studierte sie f\u00fcnf Jahre lang Keramik an der [&hellip;]<\/p>\n","protected":false},"author":1,"featured_media":0,"parent":668,"menu_order":0,"comment_status":"closed","ping_status":"closed","template":"","meta":{"footnotes":""},"yoast_head":"<!-- This site is optimized with the Yoast SEO plugin v22.7 - https:\/\/yoast.com\/wordpress\/plugins\/seo\/ -->\n<title>Mich\u00e8le Duch\u00eane -<\/title>\n<meta name=\"robots\" content=\"index, follow, max-snippet:-1, max-image-preview:large, max-video-preview:-1\" \/>\n<link rel=\"canonical\" href=\"https:\/\/orchard-gallery.com\/de\/artists\/michele-duchene\/\" \/>\n<meta property=\"og:locale\" content=\"de_DE\" \/>\n<meta property=\"og:type\" content=\"article\" \/>\n<meta property=\"og:title\" content=\"Mich\u00e8le Duch\u00eane -\" \/>\n<meta property=\"og:description\" content=\"[vc_row curly_padding=&#8220;content-padding&#8220; css=&#8220;.vc_custom_1504195713546{padding-bottom: 0px !important;}&#8220;][vc_column][vc_column_text] FRANZ\u00d6SISCHER BILDHAUERINMich\u00e8le Duch\u00eane [\/vc_column_text][\/vc_column][vc_column width=&#8220;1\/3&#8243;][vc_empty_space height=&#8220;64px&#8220;][vc_single_image image=&#8220;3288&#8243; img_size=&#8220;full&#8220; style=&#8220;xtd-shadow&#8211;normal-light&#8220; el_class=&#8220;xtd-offset-frame&#8220;][vc_btn title=&#8220;Gehe in den e-shop&#8220; style=&#8220;btn-outline-primary&#8220; shape=&#8220;square&#8220; align=&#8220;center&#8220; link=&#8220;url:https%3A%2F%2Fwww.artisticostores.com%2Fde%2Fprodukt-kategorie%2Fmichele-duchene-de%2F|title:Mich%C3%A8le%20Duch%C3%AAne%20Artistico||&#8220;][\/vc_column][vc_column width=&#8220;2\/3&#8243; offset=&#8220;vc_col-lg-offset-1 vc_col-lg-7&#8243;][vc_column_text] Mich\u00e8le Duch\u00eane\u00a0wurde am 2. Dezember 1954 in Foix, der Hauptstadt des franz\u00f6sischen Departements Ari\u00e8ge, geboren. Nach ihrem Abschluss an der Gabriel-Faur\u00e9-Schule, wo sie einen Bachelor-Abschluss machte, studierte sie f\u00fcnf Jahre lang Keramik an der [&hellip;]\" \/>\n<meta property=\"og:url\" content=\"https:\/\/orchard-gallery.com\/artists\/michele-duchene\/\" \/>\n<meta property=\"article:publisher\" content=\"https:\/\/www.facebook.com\/galleryorchard\/\" \/>\n<meta property=\"article:modified_time\" content=\"2020-11-30T17:27:37+00:00\" \/>\n<meta name=\"twitter:card\" content=\"summary_large_image\" \/>\n<meta name=\"twitter:label1\" content=\"Gesch\u00e4tzte Lesezeit\" \/>\n\t<meta name=\"twitter:data1\" content=\"4\u00a0Minuten\" \/>\n<script type=\"application\/ld+json\" class=\"yoast-schema-graph\">{\"@context\":\"https:\/\/schema.org\",\"@graph\":[{\"@type\":\"WebPage\",\"@id\":\"https:\/\/orchard-gallery.com\/artists\/michele-duchene\/\",\"url\":\"https:\/\/orchard-gallery.com\/artists\/michele-duchene\/\",\"name\":\"Mich\u00e8le Duch\u00eane -\",\"isPartOf\":{\"@id\":\"https:\/\/orchard-gallery.com\/#website\"},\"datePublished\":\"2020-06-19T10:33:14+00:00\",\"dateModified\":\"2020-11-30T17:27:37+00:00\",\"breadcrumb\":{\"@id\":\"https:\/\/orchard-gallery.com\/artists\/michele-duchene\/#breadcrumb\"},\"inLanguage\":\"de\",\"potentialAction\":[{\"@type\":\"ReadAction\",\"target\":[\"https:\/\/orchard-gallery.com\/artists\/michele-duchene\/\"]}]},{\"@type\":\"BreadcrumbList\",\"@id\":\"https:\/\/orchard-gallery.com\/artists\/michele-duchene\/#breadcrumb\",\"itemListElement\":[{\"@type\":\"ListItem\",\"position\":1,\"name\":\"Dom\u016f\",\"item\":\"https:\/\/orchard-gallery.com\/home\/\"},{\"@type\":\"ListItem\",\"position\":2,\"name\":\"K\u00fcnstler\",\"item\":\"https:\/\/orchard-gallery.com\/de\/artists\/\"},{\"@type\":\"ListItem\",\"position\":3,\"name\":\"Mich\u00e8le Duch\u00eane\"}]},{\"@type\":\"WebSite\",\"@id\":\"https:\/\/orchard-gallery.com\/#website\",\"url\":\"https:\/\/orchard-gallery.com\/\",\"name\":\"Orchard Gallery\",\"description\":\"\",\"publisher\":{\"@id\":\"https:\/\/orchard-gallery.com\/#organization\"},\"potentialAction\":[{\"@type\":\"SearchAction\",\"target\":{\"@type\":\"EntryPoint\",\"urlTemplate\":\"https:\/\/orchard-gallery.com\/?s={search_term_string}\"},\"query-input\":\"required name=search_term_string\"}],\"inLanguage\":\"de\"},{\"@type\":\"Organization\",\"@id\":\"https:\/\/orchard-gallery.com\/#organization\",\"name\":\"OrchardGallery\",\"url\":\"https:\/\/orchard-gallery.com\/\",\"logo\":{\"@type\":\"ImageObject\",\"inLanguage\":\"de\",\"@id\":\"https:\/\/orchard-gallery.com\/#\/schema\/logo\/image\/\",\"url\":\"https:\/\/www.orchard-gallery.com\/wp-content\/uploads\/2020\/05\/orchard_retina-.png\",\"contentUrl\":\"https:\/\/www.orchard-gallery.com\/wp-content\/uploads\/2020\/05\/orchard_retina-.png\",\"width\":400,\"height\":38,\"caption\":\"OrchardGallery\"},\"image\":{\"@id\":\"https:\/\/orchard-gallery.com\/#\/schema\/logo\/image\/\"},\"sameAs\":[\"https:\/\/www.facebook.com\/galleryorchard\/\",\"https:\/\/www.instagram.com\/artisticostores\/\",\"https:\/\/www.youtube.com\/channel\/UC6fZFM4tjduboVY2BzlFjzA\"]}]}<\/script>\n<!-- \/ Yoast SEO plugin. -->","yoast_head_json":{"title":"Mich\u00e8le Duch\u00eane -","robots":{"index":"index","follow":"follow","max-snippet":"max-snippet:-1","max-image-preview":"max-image-preview:large","max-video-preview":"max-video-preview:-1"},"canonical":"https:\/\/orchard-gallery.com\/de\/artists\/michele-duchene\/","og_locale":"de_DE","og_type":"article","og_title":"Mich\u00e8le Duch\u00eane -","og_description":"[vc_row curly_padding=&#8220;content-padding&#8220; css=&#8220;.vc_custom_1504195713546{padding-bottom: 0px !important;}&#8220;][vc_column][vc_column_text] FRANZ\u00d6SISCHER BILDHAUERINMich\u00e8le Duch\u00eane [\/vc_column_text][\/vc_column][vc_column width=&#8220;1\/3&#8243;][vc_empty_space height=&#8220;64px&#8220;][vc_single_image image=&#8220;3288&#8243; img_size=&#8220;full&#8220; style=&#8220;xtd-shadow&#8211;normal-light&#8220; el_class=&#8220;xtd-offset-frame&#8220;][vc_btn title=&#8220;Gehe in den e-shop&#8220; style=&#8220;btn-outline-primary&#8220; shape=&#8220;square&#8220; align=&#8220;center&#8220; link=&#8220;url:https%3A%2F%2Fwww.artisticostores.com%2Fde%2Fprodukt-kategorie%2Fmichele-duchene-de%2F|title:Mich%C3%A8le%20Duch%C3%AAne%20Artistico||&#8220;][\/vc_column][vc_column width=&#8220;2\/3&#8243; offset=&#8220;vc_col-lg-offset-1 vc_col-lg-7&#8243;][vc_column_text] Mich\u00e8le Duch\u00eane\u00a0wurde am 2. Dezember 1954 in Foix, der Hauptstadt des franz\u00f6sischen Departements Ari\u00e8ge, geboren. Nach ihrem Abschluss an der Gabriel-Faur\u00e9-Schule, wo sie einen Bachelor-Abschluss machte, studierte sie f\u00fcnf Jahre lang Keramik an der [&hellip;]","og_url":"https:\/\/orchard-gallery.com\/artists\/michele-duchene\/","article_publisher":"https:\/\/www.facebook.com\/galleryorchard\/","article_modified_time":"2020-11-30T17:27:37+00:00","twitter_card":"summary_large_image","twitter_misc":{"Gesch\u00e4tzte Lesezeit":"4\u00a0Minuten"},"schema":{"@context":"https:\/\/schema.org","@graph":[{"@type":"WebPage","@id":"https:\/\/orchard-gallery.com\/artists\/michele-duchene\/","url":"https:\/\/orchard-gallery.com\/artists\/michele-duchene\/","name":"Mich\u00e8le Duch\u00eane -","isPartOf":{"@id":"https:\/\/orchard-gallery.com\/#website"},"datePublished":"2020-06-19T10:33:14+00:00","dateModified":"2020-11-30T17:27:37+00:00","breadcrumb":{"@id":"https:\/\/orchard-gallery.com\/artists\/michele-duchene\/#breadcrumb"},"inLanguage":"de","potentialAction":[{"@type":"ReadAction","target":["https:\/\/orchard-gallery.com\/artists\/michele-duchene\/"]}]},{"@type":"BreadcrumbList","@id":"https:\/\/orchard-gallery.com\/artists\/michele-duchene\/#breadcrumb","itemListElement":[{"@type":"ListItem","position":1,"name":"Dom\u016f","item":"https:\/\/orchard-gallery.com\/home\/"},{"@type":"ListItem","position":2,"name":"K\u00fcnstler","item":"https:\/\/orchard-gallery.com\/de\/artists\/"},{"@type":"ListItem","position":3,"name":"Mich\u00e8le Duch\u00eane"}]},{"@type":"WebSite","@id":"https:\/\/orchard-gallery.com\/#website","url":"https:\/\/orchard-gallery.com\/","name":"Orchard Gallery","description":"","publisher":{"@id":"https:\/\/orchard-gallery.com\/#organization"},"potentialAction":[{"@type":"SearchAction","target":{"@type":"EntryPoint","urlTemplate":"https:\/\/orchard-gallery.com\/?s={search_term_string}"},"query-input":"required name=search_term_string"}],"inLanguage":"de"},{"@type":"Organization","@id":"https:\/\/orchard-gallery.com\/#organization","name":"OrchardGallery","url":"https:\/\/orchard-gallery.com\/","logo":{"@type":"ImageObject","inLanguage":"de","@id":"https:\/\/orchard-gallery.com\/#\/schema\/logo\/image\/","url":"https:\/\/www.orchard-gallery.com\/wp-content\/uploads\/2020\/05\/orchard_retina-.png","contentUrl":"https:\/\/www.orchard-gallery.com\/wp-content\/uploads\/2020\/05\/orchard_retina-.png","width":400,"height":38,"caption":"OrchardGallery"},"image":{"@id":"https:\/\/orchard-gallery.com\/#\/schema\/logo\/image\/"},"sameAs":["https:\/\/www.facebook.com\/galleryorchard\/","https:\/\/www.instagram.com\/artisticostores\/","https:\/\/www.youtube.com\/channel\/UC6fZFM4tjduboVY2BzlFjzA"]}]}},"_links":{"self":[{"href":"https:\/\/orchard-gallery.com\/de\/wp-json\/wp\/v2\/pages\/3302"}],"collection":[{"href":"https:\/\/orchard-gallery.com\/de\/wp-json\/wp\/v2\/pages"}],"about":[{"href":"https:\/\/orchard-gallery.com\/de\/wp-json\/wp\/v2\/types\/page"}],"author":[{"embeddable":true,"href":"https:\/\/orchard-gallery.com\/de\/wp-json\/wp\/v2\/users\/1"}],"replies":[{"embeddable":true,"href":"https:\/\/orchard-gallery.com\/de\/wp-json\/wp\/v2\/comments?post=3302"}],"version-history":[{"count":4,"href":"https:\/\/orchard-gallery.com\/de\/wp-json\/wp\/v2\/pages\/3302\/revisions"}],"predecessor-version":[{"id":4880,"href":"https:\/\/orchard-gallery.com\/de\/wp-json\/wp\/v2\/pages\/3302\/revisions\/4880"}],"up":[{"embeddable":true,"href":"https:\/\/orchard-gallery.com\/de\/wp-json\/wp\/v2\/pages\/668"}],"wp:attachment":[{"href":"https:\/\/orchard-gallery.com\/de\/wp-json\/wp\/v2\/media?parent=3302"}],"curies":[{"name":"wp","href":"https:\/\/api.w.org\/{rel}","templated":true}]}}