{"id":3239,"date":"2020-06-18T23:03:34","date_gmt":"2020-06-18T22:03:34","guid":{"rendered":"https:\/\/www.orchard-gallery.com\/artists\/fedor-nemec\/"},"modified":"2020-11-30T18:07:50","modified_gmt":"2020-11-30T17:07:50","slug":"fedor-nemec","status":"publish","type":"page","link":"https:\/\/orchard-gallery.com\/de\/artists\/fedor-nemec\/","title":{"rendered":"Fedor Nemec"},"content":{"rendered":"<section class=\"wpb-content-wrapper\">[vc_row curly_padding=&#8220;content-padding&#8220; css=&#8220;.vc_custom_1504195713546{padding-bottom: 0px !important;}&#8220;][vc_column][vc_column_text]\n<h1 class=\"display-2 special-title\" style=\"text-align: center;\"><small>SLOWAKISCHER FOTOGRAF<\/small>Fedor Nemec<small><\/small><\/h1>\n[\/vc_column_text][\/vc_column][vc_column width=&#8220;1\/3&#8243;][vc_single_image image=&#8220;3225&#8243; img_size=&#8220;full&#8220; style=&#8220;xtd-shadow&#8211;normal-light&#8220; el_class=&#8220;xtd-offset-frame&#8220;][vc_btn title=&#8220;Gehe in den e-shop&#8220; style=&#8220;btn-outline-primary&#8220; shape=&#8220;square&#8220; align=&#8220;center&#8220; link=&#8220;url:https%3A%2F%2Fwww.artisticostores.com%2Fde%2Fprodukt-kategorie%2Ffedor-nemec-de%2F|title:Fedor%20Nemec%20Artistico||&#8220;][\/vc_column][vc_column width=&#8220;2\/3&#8243; offset=&#8220;vc_col-lg-offset-1 vc_col-lg-7&#8243;][vc_column_text]\n<p style=\"text-align: justify;\"><strong>Fedor Nemec<\/strong>\u00a0wurde am 20. September 1956 in Bratislava geboren. Im Jahre 1976 absolvierte er die Sekundarschule f\u00fcr Kunst und Handwerk in Bratislava bei Professor Tom\u00edk, Studienrichtung Fotografie. Sp\u00e4ter entwickelte er sein Talent auf diesem Gebiet an der Filmfakult\u00e4t der Akademie der Musikk\u00fcnste in Prag bei Professor \u0160mok. Er begann seine Kunstwerke bereits w\u00e4hrend des Studiums an der die Sekundarschule auszustellen. Nach dem Abschluss an der Filmfakult\u00e4t widmete er sich in den 1980er Jahren haupts\u00e4chlich der Gebrauchsfotografie, der Mode, aber auch der freien Kunstfotografie.<\/p>\n<p style=\"text-align: justify;\">Er gr\u00fcndete das PHOTO DESIGN STUDIO in Bratislava, das zu dieser Zeit zu den Top-Kunstworkshops geh\u00f6rte. Fedor Nemec ist eine der f\u00fchrenden Figuren neuer Welle der slowakischen Fotografie. Er gewann viele Preise in der Slowakei und in der Tschechischen Republik, aber stellte seine Werke auch in ganz Europa und in den USA aus.<\/p>\n<p style=\"text-align: justify;\">Fedor Nemecs Fotografien sind spannende, aber auch meditative Motive von Frauen. Obwohl sie Elemente der Jugendstil-Z\u00e4rtlichkeit und der Eleganz des Art-d\u00e9co-Stils erhalten, werden sie von herausfordernder Unruhe, Provokation, Eros und emotionaler Neurose der Postmoderne dominiert. Die sind alte Elemente in einer neuen Gestalt, ewig in Ver\u00e4nderlichkeit, weiblich in Weiblichkeit. In den meisten F\u00e4llen handelt es sich um fotografische Solos \u2013 die Frau in ihrem eigenen Herzen. Frau, die die Zeit verlasst hat, und Frau, in der die Zeit eingegangen ist. F\u00fclle wurde zu Fruchtbarkeit und Fruchtbarkeit zu Vollst\u00e4ndigkeit. Sie ist eine erwartende Frau, die dieses Urteil tr\u00e4gt. Sie ist eine Frau, die ungeduldig auf ihr Schicksal wartet und auch auf die Aggression des K\u00f6rpers hofft, die die Seele f\u00fcllt.<\/p>\n<p style=\"text-align: justify;\">Die Komposition seiner Fotografien ist auch seine Unterschrift.<\/p>\n<p style=\"text-align: justify;\">Die Werke von Fedor Nemec sind nicht nur in Galerien, sondern auch in Privatsammlungen von Kunstsammlern wie F\u00fcrst Albert II. von Monaco oder K\u00f6nigin Elizabeth II., vertreten.<\/p>\n[\/vc_column_text][\/vc_column][\/vc_row][vc_row][vc_column width=&#8220;1\/3&#8243;][vc_single_image image=&#8220;3232&#8243; img_size=&#8220;full&#8220;][\/vc_column][vc_column width=&#8220;1\/3&#8243;][vc_single_image image=&#8220;3229&#8243; img_size=&#8220;full&#8220;][\/vc_column][vc_column width=&#8220;1\/3&#8243;][vc_single_image image=&#8220;3235&#8243; img_size=&#8220;full&#8220;][\/vc_column][\/vc_row]\n<\/section>","protected":false},"excerpt":{"rendered":"<p>[vc_row curly_padding=&#8220;content-padding&#8220; css=&#8220;.vc_custom_1504195713546{padding-bottom: 0px !important;}&#8220;][vc_column][vc_column_text] SLOWAKISCHER FOTOGRAFFedor Nemec [\/vc_column_text][\/vc_column][vc_column width=&#8220;1\/3&#8243;][vc_single_image image=&#8220;3225&#8243; img_size=&#8220;full&#8220; style=&#8220;xtd-shadow&#8211;normal-light&#8220; el_class=&#8220;xtd-offset-frame&#8220;][vc_btn title=&#8220;Gehe in den e-shop&#8220; style=&#8220;btn-outline-primary&#8220; shape=&#8220;square&#8220; align=&#8220;center&#8220; link=&#8220;url:https%3A%2F%2Fwww.artisticostores.com%2Fde%2Fprodukt-kategorie%2Ffedor-nemec-de%2F|title:Fedor%20Nemec%20Artistico||&#8220;][\/vc_column][vc_column width=&#8220;2\/3&#8243; offset=&#8220;vc_col-lg-offset-1 vc_col-lg-7&#8243;][vc_column_text] Fedor Nemec\u00a0wurde am 20. September 1956 in Bratislava geboren. Im Jahre 1976 absolvierte er die Sekundarschule f\u00fcr Kunst und Handwerk in Bratislava bei Professor Tom\u00edk, Studienrichtung Fotografie. Sp\u00e4ter entwickelte er sein Talent auf diesem Gebiet [&hellip;]<\/p>\n","protected":false},"author":1,"featured_media":0,"parent":668,"menu_order":0,"comment_status":"closed","ping_status":"closed","template":"","meta":{"footnotes":""},"yoast_head":"<!-- This site is optimized with the Yoast SEO plugin v22.7 - https:\/\/yoast.com\/wordpress\/plugins\/seo\/ -->\n<title>Fedor Nemec -<\/title>\n<meta name=\"robots\" content=\"index, follow, max-snippet:-1, max-image-preview:large, max-video-preview:-1\" \/>\n<link rel=\"canonical\" href=\"https:\/\/orchard-gallery.com\/de\/artists\/fedor-nemec\/\" \/>\n<meta property=\"og:locale\" content=\"de_DE\" \/>\n<meta property=\"og:type\" content=\"article\" \/>\n<meta property=\"og:title\" content=\"Fedor Nemec -\" \/>\n<meta property=\"og:description\" content=\"[vc_row curly_padding=&#8220;content-padding&#8220; css=&#8220;.vc_custom_1504195713546{padding-bottom: 0px !important;}&#8220;][vc_column][vc_column_text] SLOWAKISCHER FOTOGRAFFedor Nemec [\/vc_column_text][\/vc_column][vc_column width=&#8220;1\/3&#8243;][vc_single_image image=&#8220;3225&#8243; img_size=&#8220;full&#8220; style=&#8220;xtd-shadow&#8211;normal-light&#8220; el_class=&#8220;xtd-offset-frame&#8220;][vc_btn title=&#8220;Gehe in den e-shop&#8220; style=&#8220;btn-outline-primary&#8220; shape=&#8220;square&#8220; align=&#8220;center&#8220; link=&#8220;url:https%3A%2F%2Fwww.artisticostores.com%2Fde%2Fprodukt-kategorie%2Ffedor-nemec-de%2F|title:Fedor%20Nemec%20Artistico||&#8220;][\/vc_column][vc_column width=&#8220;2\/3&#8243; offset=&#8220;vc_col-lg-offset-1 vc_col-lg-7&#8243;][vc_column_text] Fedor Nemec\u00a0wurde am 20. September 1956 in Bratislava geboren. Im Jahre 1976 absolvierte er die Sekundarschule f\u00fcr Kunst und Handwerk in Bratislava bei Professor Tom\u00edk, Studienrichtung Fotografie. Sp\u00e4ter entwickelte er sein Talent auf diesem Gebiet [&hellip;]\" \/>\n<meta property=\"og:url\" content=\"https:\/\/orchard-gallery.com\/artists\/fedor-nemec\/\" \/>\n<meta property=\"article:publisher\" content=\"https:\/\/www.facebook.com\/galleryorchard\/\" \/>\n<meta property=\"article:modified_time\" content=\"2020-11-30T17:07:50+00:00\" \/>\n<meta name=\"twitter:card\" content=\"summary_large_image\" \/>\n<meta name=\"twitter:label1\" content=\"Gesch\u00e4tzte Lesezeit\" \/>\n\t<meta name=\"twitter:data1\" content=\"2\u00a0Minuten\" \/>\n<script type=\"application\/ld+json\" class=\"yoast-schema-graph\">{\"@context\":\"https:\/\/schema.org\",\"@graph\":[{\"@type\":\"WebPage\",\"@id\":\"https:\/\/orchard-gallery.com\/artists\/fedor-nemec\/\",\"url\":\"https:\/\/orchard-gallery.com\/artists\/fedor-nemec\/\",\"name\":\"Fedor Nemec -\",\"isPartOf\":{\"@id\":\"https:\/\/orchard-gallery.com\/#website\"},\"datePublished\":\"2020-06-18T22:03:34+00:00\",\"dateModified\":\"2020-11-30T17:07:50+00:00\",\"breadcrumb\":{\"@id\":\"https:\/\/orchard-gallery.com\/artists\/fedor-nemec\/#breadcrumb\"},\"inLanguage\":\"de\",\"potentialAction\":[{\"@type\":\"ReadAction\",\"target\":[\"https:\/\/orchard-gallery.com\/artists\/fedor-nemec\/\"]}]},{\"@type\":\"BreadcrumbList\",\"@id\":\"https:\/\/orchard-gallery.com\/artists\/fedor-nemec\/#breadcrumb\",\"itemListElement\":[{\"@type\":\"ListItem\",\"position\":1,\"name\":\"Dom\u016f\",\"item\":\"https:\/\/orchard-gallery.com\/home\/\"},{\"@type\":\"ListItem\",\"position\":2,\"name\":\"K\u00fcnstler\",\"item\":\"https:\/\/orchard-gallery.com\/de\/artists\/\"},{\"@type\":\"ListItem\",\"position\":3,\"name\":\"Fedor Nemec\"}]},{\"@type\":\"WebSite\",\"@id\":\"https:\/\/orchard-gallery.com\/#website\",\"url\":\"https:\/\/orchard-gallery.com\/\",\"name\":\"Orchard Gallery\",\"description\":\"\",\"publisher\":{\"@id\":\"https:\/\/orchard-gallery.com\/#organization\"},\"potentialAction\":[{\"@type\":\"SearchAction\",\"target\":{\"@type\":\"EntryPoint\",\"urlTemplate\":\"https:\/\/orchard-gallery.com\/?s={search_term_string}\"},\"query-input\":\"required name=search_term_string\"}],\"inLanguage\":\"de\"},{\"@type\":\"Organization\",\"@id\":\"https:\/\/orchard-gallery.com\/#organization\",\"name\":\"OrchardGallery\",\"url\":\"https:\/\/orchard-gallery.com\/\",\"logo\":{\"@type\":\"ImageObject\",\"inLanguage\":\"de\",\"@id\":\"https:\/\/orchard-gallery.com\/#\/schema\/logo\/image\/\",\"url\":\"https:\/\/www.orchard-gallery.com\/wp-content\/uploads\/2020\/05\/orchard_retina-.png\",\"contentUrl\":\"https:\/\/www.orchard-gallery.com\/wp-content\/uploads\/2020\/05\/orchard_retina-.png\",\"width\":400,\"height\":38,\"caption\":\"OrchardGallery\"},\"image\":{\"@id\":\"https:\/\/orchard-gallery.com\/#\/schema\/logo\/image\/\"},\"sameAs\":[\"https:\/\/www.facebook.com\/galleryorchard\/\",\"https:\/\/www.instagram.com\/artisticostores\/\",\"https:\/\/www.youtube.com\/channel\/UC6fZFM4tjduboVY2BzlFjzA\"]}]}<\/script>\n<!-- \/ Yoast SEO plugin. -->","yoast_head_json":{"title":"Fedor Nemec -","robots":{"index":"index","follow":"follow","max-snippet":"max-snippet:-1","max-image-preview":"max-image-preview:large","max-video-preview":"max-video-preview:-1"},"canonical":"https:\/\/orchard-gallery.com\/de\/artists\/fedor-nemec\/","og_locale":"de_DE","og_type":"article","og_title":"Fedor Nemec -","og_description":"[vc_row curly_padding=&#8220;content-padding&#8220; css=&#8220;.vc_custom_1504195713546{padding-bottom: 0px !important;}&#8220;][vc_column][vc_column_text] SLOWAKISCHER FOTOGRAFFedor Nemec [\/vc_column_text][\/vc_column][vc_column width=&#8220;1\/3&#8243;][vc_single_image image=&#8220;3225&#8243; img_size=&#8220;full&#8220; style=&#8220;xtd-shadow&#8211;normal-light&#8220; el_class=&#8220;xtd-offset-frame&#8220;][vc_btn title=&#8220;Gehe in den e-shop&#8220; style=&#8220;btn-outline-primary&#8220; shape=&#8220;square&#8220; align=&#8220;center&#8220; link=&#8220;url:https%3A%2F%2Fwww.artisticostores.com%2Fde%2Fprodukt-kategorie%2Ffedor-nemec-de%2F|title:Fedor%20Nemec%20Artistico||&#8220;][\/vc_column][vc_column width=&#8220;2\/3&#8243; offset=&#8220;vc_col-lg-offset-1 vc_col-lg-7&#8243;][vc_column_text] Fedor Nemec\u00a0wurde am 20. September 1956 in Bratislava geboren. Im Jahre 1976 absolvierte er die Sekundarschule f\u00fcr Kunst und Handwerk in Bratislava bei Professor Tom\u00edk, Studienrichtung Fotografie. Sp\u00e4ter entwickelte er sein Talent auf diesem Gebiet [&hellip;]","og_url":"https:\/\/orchard-gallery.com\/artists\/fedor-nemec\/","article_publisher":"https:\/\/www.facebook.com\/galleryorchard\/","article_modified_time":"2020-11-30T17:07:50+00:00","twitter_card":"summary_large_image","twitter_misc":{"Gesch\u00e4tzte Lesezeit":"2\u00a0Minuten"},"schema":{"@context":"https:\/\/schema.org","@graph":[{"@type":"WebPage","@id":"https:\/\/orchard-gallery.com\/artists\/fedor-nemec\/","url":"https:\/\/orchard-gallery.com\/artists\/fedor-nemec\/","name":"Fedor Nemec -","isPartOf":{"@id":"https:\/\/orchard-gallery.com\/#website"},"datePublished":"2020-06-18T22:03:34+00:00","dateModified":"2020-11-30T17:07:50+00:00","breadcrumb":{"@id":"https:\/\/orchard-gallery.com\/artists\/fedor-nemec\/#breadcrumb"},"inLanguage":"de","potentialAction":[{"@type":"ReadAction","target":["https:\/\/orchard-gallery.com\/artists\/fedor-nemec\/"]}]},{"@type":"BreadcrumbList","@id":"https:\/\/orchard-gallery.com\/artists\/fedor-nemec\/#breadcrumb","itemListElement":[{"@type":"ListItem","position":1,"name":"Dom\u016f","item":"https:\/\/orchard-gallery.com\/home\/"},{"@type":"ListItem","position":2,"name":"K\u00fcnstler","item":"https:\/\/orchard-gallery.com\/de\/artists\/"},{"@type":"ListItem","position":3,"name":"Fedor Nemec"}]},{"@type":"WebSite","@id":"https:\/\/orchard-gallery.com\/#website","url":"https:\/\/orchard-gallery.com\/","name":"Orchard Gallery","description":"","publisher":{"@id":"https:\/\/orchard-gallery.com\/#organization"},"potentialAction":[{"@type":"SearchAction","target":{"@type":"EntryPoint","urlTemplate":"https:\/\/orchard-gallery.com\/?s={search_term_string}"},"query-input":"required name=search_term_string"}],"inLanguage":"de"},{"@type":"Organization","@id":"https:\/\/orchard-gallery.com\/#organization","name":"OrchardGallery","url":"https:\/\/orchard-gallery.com\/","logo":{"@type":"ImageObject","inLanguage":"de","@id":"https:\/\/orchard-gallery.com\/#\/schema\/logo\/image\/","url":"https:\/\/www.orchard-gallery.com\/wp-content\/uploads\/2020\/05\/orchard_retina-.png","contentUrl":"https:\/\/www.orchard-gallery.com\/wp-content\/uploads\/2020\/05\/orchard_retina-.png","width":400,"height":38,"caption":"OrchardGallery"},"image":{"@id":"https:\/\/orchard-gallery.com\/#\/schema\/logo\/image\/"},"sameAs":["https:\/\/www.facebook.com\/galleryorchard\/","https:\/\/www.instagram.com\/artisticostores\/","https:\/\/www.youtube.com\/channel\/UC6fZFM4tjduboVY2BzlFjzA"]}]}},"_links":{"self":[{"href":"https:\/\/orchard-gallery.com\/de\/wp-json\/wp\/v2\/pages\/3239"}],"collection":[{"href":"https:\/\/orchard-gallery.com\/de\/wp-json\/wp\/v2\/pages"}],"about":[{"href":"https:\/\/orchard-gallery.com\/de\/wp-json\/wp\/v2\/types\/page"}],"author":[{"embeddable":true,"href":"https:\/\/orchard-gallery.com\/de\/wp-json\/wp\/v2\/users\/1"}],"replies":[{"embeddable":true,"href":"https:\/\/orchard-gallery.com\/de\/wp-json\/wp\/v2\/comments?post=3239"}],"version-history":[{"count":11,"href":"https:\/\/orchard-gallery.com\/de\/wp-json\/wp\/v2\/pages\/3239\/revisions"}],"predecessor-version":[{"id":4860,"href":"https:\/\/orchard-gallery.com\/de\/wp-json\/wp\/v2\/pages\/3239\/revisions\/4860"}],"up":[{"embeddable":true,"href":"https:\/\/orchard-gallery.com\/de\/wp-json\/wp\/v2\/pages\/668"}],"wp:attachment":[{"href":"https:\/\/orchard-gallery.com\/de\/wp-json\/wp\/v2\/media?parent=3239"}],"curies":[{"name":"wp","href":"https:\/\/api.w.org\/{rel}","templated":true}]}}