{"id":3188,"date":"2020-06-18T22:19:37","date_gmt":"2020-06-18T21:19:37","guid":{"rendered":"https:\/\/www.orchard-gallery.com\/artists\/josef-valcik\/"},"modified":"2020-11-30T18:15:16","modified_gmt":"2020-11-30T17:15:16","slug":"josef-valcik","status":"publish","type":"page","link":"https:\/\/orchard-gallery.com\/de\/artists\/josef-valcik\/","title":{"rendered":"Josef Val\u010d\u00edk"},"content":{"rendered":"<section class=\"wpb-content-wrapper\">[vc_row curly_padding=&#8220;content-padding&#8220; css=&#8220;.vc_custom_1504195713546{padding-bottom: 0px !important;}&#8220;][vc_column][vc_column_text]\n<h1 class=\"display-2 special-title\" style=\"text-align: center;\"><small>TSCHECHISCHER K\u00dcNSTLER<\/small>Josef Val\u010d\u00edk<\/h1>\n[\/vc_column_text][vc_empty_space height=&#8220;&#8220; el_class=&#8220;xtd-spacer&#8220;][\/vc_column][vc_column width=&#8220;1\/3&#8243;][vc_empty_space][vc_single_image image=&#8220;3151&#8243; img_size=&#8220;full&#8220; style=&#8220;xtd-shadow&#8211;normal-light&#8220; el_class=&#8220;xtd-offset-frame&#8220;][vc_btn title=&#8220;Gehe in den e-shop&#8220; style=&#8220;btn-outline-primary&#8220; shape=&#8220;square&#8220; align=&#8220;center&#8220; link=&#8220;url:https%3A%2F%2Fwww.artisticostores.com%2Fde%2Fprodukt-kategorie%2Fjosef-valcik-de%2F|title:Josef%20Val%C4%8D%C3%ADk%20Artistico||&#8220;][\/vc_column][vc_column width=&#8220;2\/3&#8243; offset=&#8220;vc_col-lg-offset-1 vc_col-lg-7&#8243;][vc_column_text]\n<p style=\"text-align: justify;\">Josef Val\u010d\u00edk ist das proteische Element des Ateli\u00e9r Val\u010d\u00edk. Proteisch nicht etwa aus dem Grund, dass er die Methoden seines Schaffens oder seinen Stil nach aktuellen Moden gewechselt h\u00e4tte. Im Gegenteil, die Art seines Malens, Fotografierens und seines bildhauerischen Schaffens weist langfristig bestimmte konstante Z\u00fcge auf, die die thematische und motivische Seite seiner Arbeit, die bevorzugten Gattungen oder auch seine Technik und seine Handschrift betreffen.<\/p>\n<p style=\"text-align: justify;\">Trotz dieser Konstanten kommt Josef Val\u010d\u00edk nicht mit nur einem Medium seines Malens aus wie die anderen Mitglieder des Ateli\u00e9r, er \u00fcberpr\u00fcft st\u00e4ndig unterschiedliche Arten der bildenden Kunst und bewegt sich auf ihren Grenzen. Josef Val\u010d\u00edk begann als Maler von Landschaften, Blumenstr\u00e4u\u00dfen und Aktbildern, und dieses Interesse f\u00fcr die schwindenden Gattungen des Malens vermochte er auch an seine Kinder weiterzugeben, an Magda und Ale\u0161. Die Technik des Acryls und seine leidenschaftliche pastose Handschrift f\u00fchrten ihn jedoch zu abstrakten Kompositionen mit symbolischen Verweisen, die in der Mitte der 90-er Jahre auftauchten und seitdem auch alle seine bisherigen und folgenden Arten und Techniken beeinflusst haben. Seine Blumenstr\u00e4u\u00dfe, Aktbilder und Landschaften bilden seit dieser Zeit nur einen Vorwand f\u00fcr den entfesselten Rhythmus seines gestischen Malens, das zu einem charakteristischen Merkmal seiner Weltsicht geworden ist.<\/p>\n[\/vc_column_text][\/vc_column][\/vc_row][vc_row][vc_column width=&#8220;2\/3&#8243;][vc_column_text]\n<p style=\"text-align: justify;\">Ein proteisches Wesen ist Josef Val\u010d\u00edk jedoch noch aus einem anderen Grund. Er betritt offen den piktographischen Kreislauf von Werbung, visueller Provokation und Kitsch, um sich selber st\u00e4ndig Fragen zu stellen \u00fcber den Sinn des eigenen Tuns zwischen diesen kompliziert geschichteten und miteinander ringenden Ikonosph\u00e4ren. So erscheint in seinem Werk die Polarit\u00e4t zwischen Symbolhaftigkeit und leeren Gesten, zwischen Kommerz und Unabh\u00e4ngigkeit, zwischen sakralen Bedeutungen und Obsz\u00f6nit\u00e4ten. Diese Polarit\u00e4ten zeigen sich zun\u00e4chst in Aktbildern und den fast nichtfiguralen Kompositionen, um dann in seinen Portr\u00e4ts, Jagdszenen oder den Fotografien nackter bemalter Frauenk\u00f6rper oder den keramischen ironisierenden nackten Torsos voll zur Geltung zu kommen. Wenn wir in diesem Flu\u00df von Bildern verschiedener Medien etwas ertasten wollen, was ihre Entstehung motiviert, dann finden wir hinter den gemalten Bildern, Fotografien oder Plastiken der Welt von Josef Val\u010d\u00edk eben das schon angedeutete Charakteristische. Das Malerische meldet sich durch Farben, die auf einer Fl\u00e4che die Entstehung von Gestalt definieren, in die Farben der K\u00f6rper \u00fcbergehen, der Keramik die Patina ansetzen.<\/p>\n<p style=\"text-align: justify;\">Wir stellen fest, dass Josef Val\u010d\u00edk nicht mit einer Farbe oder mit einem typischen Farbakkord zu verbinden ist. Viel eher kommen wir ihm n\u00e4her durch Kontraste zwischen dunklen monochromatischen und strahlenden bunten Fl\u00e4chen. Das Fotografische bringt die Festhaltung des Augenblicklichen und Unwiederholbaren ins Spiel. In diesem Sinne kommt es nicht nur in den fotografischen Bildern zum Vorschein, sondern auch in den Momentaufnahmen des flie\u00dfenden Zustands der Malerei oder der fest werdenden zerfurchten Gestalt einer Statue. Das Bildhauerische, seit jeher mit Volumen und Raum verbunden, spricht nicht nur aus verschiedenen dreidimensionalen Formen der gebrannten Tonerde, sondern auch aus stilisierten Kompositionen der Bewegung und des Durchdringens in nat\u00fcrlicher K\u00f6rperlichkeit, ebenso wie aus Spontaneit\u00e4t und gleichzeitig Strenge von Acrylflecken. Das Malerische, das Bildhauerische und das Fotografische erm\u00f6glichen, jedes auf seine Weise, sich auch mit den oben erw\u00e4hnten Polarit\u00e4ten im Werk von Josef Val\u010d\u00edk auseinanderzusetzen. Das Fotografische bringt auch Konnotationen von Werbung, Trivialkunst und Kommerz mit sich, das Bildhauerische wiederum totemische oder pseudomemoriale Bedeutungen. Das Malerische schlie\u00dflich verweist auch auf m\u00f6gliche auratische Bedeutungen, auf Katharsis, andererseits auch auf das Gek\u00fcnstelte und Leere. Diese drei Medien mit ihrem eigenen inneren Ged\u00e4chtnis, welche auch verschiedene Horizonte von M\u00f6glichkeiten \u00f6ffnen, formen das bisherige Portr\u00e4t des Malers Josef Val\u010d\u00edk. Jedes von ihnen entspricht einem anderen Ich, einer anderen Seite seiner Pers\u00f6nlichkeit, aber nur in ihrem wechselseitigen Zusammenspiel erkennen wir Ans\u00e4tze dessen, was seine innere Integrit\u00e4t bilden k\u00f6nnte.<\/p>\n[\/vc_column_text][\/vc_column][vc_column width=&#8220;1\/3&#8243;][vc_column_text]\n<h3 style=\"padding-left: 40px;\">AUSSTELLUNGEN<\/h3>\n<ul>\n<li class=\"\">1989 \u2013 Ausstellungsr\u00e4ume des Ort Krankenhauses, Kyjov<\/li>\n<li class=\"\">1990 \u2013 \u00a0Privatgalerie Ivana L\u017ei\u010da\u0159ov\u00e1, Str\u00e1\u017enice<\/li>\n<li class=\"\">1991 \u2013 Ausstellungsr\u00e4ume der Schlo\u00dfbuchhandlung, Choce\u0148<\/li>\n<li class=\"\">1992 \u2013 Privatgalerie Ivana L\u017ei\u010da\u0159ov\u00e1, Stra\u017enice<\/li>\n<li class=\"\">1992 \u2013 \u00a0Gelerie Inteko, Hodon\u00edn<\/li>\n<li class=\"\">1993 \u2013 \u00a0Galerie Art Spektrum, Vy\u0161kov<\/li>\n<li class=\"\">1993 \u2013 \u00a0Galerie \u201eG\u201c, Brno<\/li>\n<li class=\"\">1993 \u2013 Ausstellungsr\u00e4ume der Verkaufsstelle der Kun\u0161t\u00e1t\u00e9r Kunstkeramik, Kun\u0161t\u00e1t<\/li>\n<li class=\"\">1994 \u2013 \u00a0Galerie Art Spektrum, Vy\u0161kov<\/li>\n<li class=\"\">1994 \u2013 Privatgalerie Ivana L\u017ei\u010da\u0159ov\u00e1, Str\u00e1\u017enice<\/li>\n<li class=\"\">1994 \u2013 Schlo\u00dfgalerie, Krava\u0159e<\/li>\n<li class=\"\">1994 \u2013 \u00a0Galerie D\u00edlo, Uhersk\u00e9 Hradi\u0161t\u011b<\/li>\n<li class=\"\">1995 \u2013 \u00a0Galerie Eva, Brno<\/li>\n<li class=\"\">1995 \u2013 \u00a0Galerie Pegas, Brno<\/li>\n<li class=\"\">1995 \u2013 \u00a0Galerie Baret, Brno<\/li>\n<li class=\"\">1995 \u2013 Ausstellungsr\u00e4ume der Bausparkasse, Brno<\/li>\n<li class=\"\">1995 \u2013 Tschechische bau Sparkasse<\/li>\n<li class=\"\">1996 \u2013 \u00a0Galerie Eva, Brno<\/li>\n<li class=\"\">1996 \u2013 \u00a0Galerie D\u00edlo, Pre\u0161ov<\/li>\n<\/ul>\n[\/vc_column_text][\/vc_column][\/vc_row][vc_row curly_padding=&#8220;content-padding&#8220; css=&#8220;.vc_custom_1587296404408{margin-top: -50px !important;padding-bottom: 0px !important;}&#8220;][vc_column][vc_column_text]\n<div class=\"page\" title=\"Page 246\">\n<div class=\"section\">\n<div class=\"layoutArea\">\n<div class=\"column\">\n<h3 style=\"text-align: center;\">KOLLEKTIVE AUSSTELLUNGEN<\/h3>\n<\/div>\n<\/div>\n<\/div>\n<\/div>\n[\/vc_column_text][vc_row_inner][vc_column_inner width=&#8220;1\/2&#8243;][vc_column_text]\n<div title=\"Page 246\">\n<ul>\n<li>1981 \u2013 Ausstellung mit akademischen Maler Miroslav Bravenec, \u0160ardice<\/li>\n<li>1982-1988 \u2013 Ausstellungen in milit\u00e4rischen Wettbewerben ASUT<\/li>\n<li>1990 \u2013 Ausstellung mit akademischen Maler Miroslav Bravenec, \u010cej\u010d<\/li>\n<li>1990 \u2013 Ausstellungen imVerband der K\u00fcnstler der Region M\u00e4hren-Schlesien, Brno, Olomouc,<\/li>\n<li>1990 \u2013 Moravsk\u00e1 T\u0159ebov\u00e1, Troubsko<\/li>\n<li>1990 \u2013 Galerie VEGA, Kyjov<\/li>\n<li>1991 \u2013 Ausstellung SUMS, Ausstellungsr\u00e4ume Fl\u00f3ra Olomouc,<\/li>\n<li>1991 \u2013 Ausstellung SUMS, Ausstellungsr\u00e4ume Arboreta, Nov\u00fd Dv\u016fr bei Opava<\/li>\n<li>1991 \u2013 Ausstellung K\u00fcnstlerverein \u010cSFR na BVV, Brno<\/li>\n<li>1991 \u2013 Ausstellung zu 150. Jubil\u00e4um A. Dvo\u0159\u00e1ka, K\u00fcnstlerverein \u010cSFR, Berl\u00edn, SRN<\/li>\n<li>1991 \u2013 Ausstellung in \u00daBOK \u201eExperiment\u201c, K\u00fcnstlerverein \u010cSFR, Praha<\/li>\n<li>1991 \u2013 Ausstellung K\u00fcnstlerverein \u010cSFR, Mikulov<\/li>\n<li>1991 \u2013 Ausstellung K\u00fcnstlerverein \u010cSFR, Laa a d. Thaya<\/li>\n<li>1991 \u2013 Ausstellung K\u00fcnstlerverein \u010cSFR, Hollabrunn<\/li>\n<li>1991 \u2013 Ausstellung K\u00fcnstlerverein \u010cSFR, Mistelbach<\/li>\n<li>1992 \u2013 Ausstellung SUMS, Ausstellungsr\u00e4ume Fl\u00f3ra Olomouc<\/li>\n<li>1992 \u2013 Ausstellung SUMS, Ausstellungsr\u00e4ume Arboreta, Nov\u00fd Dv\u016fr bei Opava<\/li>\n<li>1992 \u2013 Ausstellung VTS QUINTART, Haus Petra Bezru\u010de, Opava<\/li>\n<li>1992 \u2013 Ausstellung VTS QUINTART, Mistelbach<\/li>\n<li>1992 \u2013 Ausstellung VTS QUINTART, Hollabrunn<\/li>\n<\/ul>\n<\/div>\n[\/vc_column_text][\/vc_column_inner][vc_column_inner width=&#8220;1\/2&#8243;][vc_column_text]\n<div title=\"Page 246\">\n<ul>\n<li>1992 \u2013 Ausstellung VTS QUINTART, Retz<\/li>\n<li>1993 \u2013 Ausstellung VTS QUINTART, V\u00edtkov<\/li>\n<li>1993 \u2013 Ausstellung VTS QUINTART, Stockerau<\/li>\n<li>1993 \u2013 Ausstellung VTS QUINTART, Korneuburg<\/li>\n<li>1993 \u2013 Ausstellung VTS QUINTART, Staatliches Kulturzentrum, Nov\u00fd Ji\u010d\u00edn<\/li>\n<li>1993 \u2013 Ausstellung VTS QUINTART, Haus Petra Bezru\u010de, Opava<\/li>\n<li>1994 \u2013 Ausstellung Prof Art Brno BVV, Brno<\/li>\n<li>1995 \u2013 Ausstellung Prof Art Brno, Ausstellungsr\u00e4ume M\u010c Brno \u2013 \u0158e\u010dkovice und Mokr\u00e1 Hora<\/li>\n<li>1995 \u2013 Ausstellung Prof Art Brno, Galerie Kino Jadran, Brno<\/li>\n<li>1995 \u2013 Ausstellung Ateli\u00e9r Val\u010d\u00edk, Ausstellungsr\u00e4ume, Firma Automedia, Brno<\/li>\n<li>1995 \u2013 Ausstellung Ateli\u00e9r Val\u010d\u00edk, Ausstellungsr\u00e4ume, \u010cMSS, Brno<\/li>\n<li>1996 \u2013 Ausstellung Prof Art Brno, Ausstellungsr\u00e4ume, Jan\u00e1\u010dek Theater, Brno<\/li>\n<li>2010 \u2013 Fine Art Gallery, Bratislava<\/li>\n<li>2012 \u2013 ARTisti&amp;Co, Bratislava<\/li>\n<li>2013 \u2013 ARTisti&amp;Co, Praha<\/li>\n<li>2014 \u2013 Technisches Museum, Ko\u0161ice<\/li>\n<li>2018 \u2013 Orchard Gallery, Ostrava<\/li>\n<li>2019 \u2013 Orchard Gallery, Ostrava<\/li>\n<\/ul>\n<\/div>\n[\/vc_column_text][\/vc_column_inner][\/vc_row_inner][vc_row_inner][vc_column_inner width=&#8220;1\/3&#8243;][vc_single_image image=&#8220;3182&#8243; img_size=&#8220;full&#8220;][\/vc_column_inner][vc_column_inner width=&#8220;1\/3&#8243;][vc_single_image image=&#8220;3179&#8243; img_size=&#8220;full&#8220;][\/vc_column_inner][vc_column_inner width=&#8220;1\/3&#8243;][vc_single_image image=&#8220;3176&#8243; img_size=&#8220;full&#8220;][\/vc_column_inner][\/vc_row_inner][\/vc_column][\/vc_row]\n<\/section>","protected":false},"excerpt":{"rendered":"<p>[vc_row curly_padding=&#8220;content-padding&#8220; css=&#8220;.vc_custom_1504195713546{padding-bottom: 0px !important;}&#8220;][vc_column][vc_column_text] TSCHECHISCHER K\u00dcNSTLERJosef Val\u010d\u00edk [\/vc_column_text][vc_empty_space height=&#8220;&#8220; el_class=&#8220;xtd-spacer&#8220;][\/vc_column][vc_column width=&#8220;1\/3&#8243;][vc_empty_space][vc_single_image image=&#8220;3151&#8243; img_size=&#8220;full&#8220; style=&#8220;xtd-shadow&#8211;normal-light&#8220; el_class=&#8220;xtd-offset-frame&#8220;][vc_btn title=&#8220;Gehe in den e-shop&#8220; style=&#8220;btn-outline-primary&#8220; shape=&#8220;square&#8220; align=&#8220;center&#8220; link=&#8220;url:https%3A%2F%2Fwww.artisticostores.com%2Fde%2Fprodukt-kategorie%2Fjosef-valcik-de%2F|title:Josef%20Val%C4%8D%C3%ADk%20Artistico||&#8220;][\/vc_column][vc_column width=&#8220;2\/3&#8243; offset=&#8220;vc_col-lg-offset-1 vc_col-lg-7&#8243;][vc_column_text] Josef Val\u010d\u00edk ist das proteische Element des Ateli\u00e9r Val\u010d\u00edk. Proteisch nicht etwa aus dem Grund, dass er die Methoden seines Schaffens oder seinen Stil nach aktuellen Moden gewechselt h\u00e4tte. Im Gegenteil, die Art [&hellip;]<\/p>\n","protected":false},"author":1,"featured_media":0,"parent":668,"menu_order":0,"comment_status":"closed","ping_status":"closed","template":"","meta":{"footnotes":""},"yoast_head":"<!-- This site is optimized with the Yoast SEO plugin v22.7 - https:\/\/yoast.com\/wordpress\/plugins\/seo\/ -->\n<title>Josef Val\u010d\u00edk -<\/title>\n<meta name=\"robots\" content=\"index, follow, max-snippet:-1, max-image-preview:large, max-video-preview:-1\" \/>\n<link rel=\"canonical\" href=\"https:\/\/orchard-gallery.com\/de\/artists\/josef-valcik\/\" \/>\n<meta property=\"og:locale\" content=\"de_DE\" \/>\n<meta property=\"og:type\" content=\"article\" \/>\n<meta property=\"og:title\" content=\"Josef Val\u010d\u00edk -\" \/>\n<meta property=\"og:description\" content=\"[vc_row curly_padding=&#8220;content-padding&#8220; css=&#8220;.vc_custom_1504195713546{padding-bottom: 0px !important;}&#8220;][vc_column][vc_column_text] TSCHECHISCHER K\u00dcNSTLERJosef Val\u010d\u00edk [\/vc_column_text][vc_empty_space height=&#8220;&#8220; el_class=&#8220;xtd-spacer&#8220;][\/vc_column][vc_column width=&#8220;1\/3&#8243;][vc_empty_space][vc_single_image image=&#8220;3151&#8243; img_size=&#8220;full&#8220; style=&#8220;xtd-shadow&#8211;normal-light&#8220; el_class=&#8220;xtd-offset-frame&#8220;][vc_btn title=&#8220;Gehe in den e-shop&#8220; style=&#8220;btn-outline-primary&#8220; shape=&#8220;square&#8220; align=&#8220;center&#8220; link=&#8220;url:https%3A%2F%2Fwww.artisticostores.com%2Fde%2Fprodukt-kategorie%2Fjosef-valcik-de%2F|title:Josef%20Val%C4%8D%C3%ADk%20Artistico||&#8220;][\/vc_column][vc_column width=&#8220;2\/3&#8243; offset=&#8220;vc_col-lg-offset-1 vc_col-lg-7&#8243;][vc_column_text] Josef Val\u010d\u00edk ist das proteische Element des Ateli\u00e9r Val\u010d\u00edk. Proteisch nicht etwa aus dem Grund, dass er die Methoden seines Schaffens oder seinen Stil nach aktuellen Moden gewechselt h\u00e4tte. Im Gegenteil, die Art [&hellip;]\" \/>\n<meta property=\"og:url\" content=\"https:\/\/orchard-gallery.com\/artists\/josef-valcik\/\" \/>\n<meta property=\"article:publisher\" content=\"https:\/\/www.facebook.com\/galleryorchard\/\" \/>\n<meta property=\"article:modified_time\" content=\"2020-11-30T17:15:16+00:00\" \/>\n<meta name=\"twitter:card\" content=\"summary_large_image\" \/>\n<meta name=\"twitter:label1\" content=\"Gesch\u00e4tzte Lesezeit\" \/>\n\t<meta name=\"twitter:data1\" content=\"6\u00a0Minuten\" \/>\n<script type=\"application\/ld+json\" class=\"yoast-schema-graph\">{\"@context\":\"https:\/\/schema.org\",\"@graph\":[{\"@type\":\"WebPage\",\"@id\":\"https:\/\/orchard-gallery.com\/artists\/josef-valcik\/\",\"url\":\"https:\/\/orchard-gallery.com\/artists\/josef-valcik\/\",\"name\":\"Josef Val\u010d\u00edk -\",\"isPartOf\":{\"@id\":\"https:\/\/orchard-gallery.com\/#website\"},\"datePublished\":\"2020-06-18T21:19:37+00:00\",\"dateModified\":\"2020-11-30T17:15:16+00:00\",\"breadcrumb\":{\"@id\":\"https:\/\/orchard-gallery.com\/artists\/josef-valcik\/#breadcrumb\"},\"inLanguage\":\"de\",\"potentialAction\":[{\"@type\":\"ReadAction\",\"target\":[\"https:\/\/orchard-gallery.com\/artists\/josef-valcik\/\"]}]},{\"@type\":\"BreadcrumbList\",\"@id\":\"https:\/\/orchard-gallery.com\/artists\/josef-valcik\/#breadcrumb\",\"itemListElement\":[{\"@type\":\"ListItem\",\"position\":1,\"name\":\"Dom\u016f\",\"item\":\"https:\/\/orchard-gallery.com\/home\/\"},{\"@type\":\"ListItem\",\"position\":2,\"name\":\"K\u00fcnstler\",\"item\":\"https:\/\/orchard-gallery.com\/de\/artists\/\"},{\"@type\":\"ListItem\",\"position\":3,\"name\":\"Josef Val\u010d\u00edk\"}]},{\"@type\":\"WebSite\",\"@id\":\"https:\/\/orchard-gallery.com\/#website\",\"url\":\"https:\/\/orchard-gallery.com\/\",\"name\":\"Orchard Gallery\",\"description\":\"\",\"publisher\":{\"@id\":\"https:\/\/orchard-gallery.com\/#organization\"},\"potentialAction\":[{\"@type\":\"SearchAction\",\"target\":{\"@type\":\"EntryPoint\",\"urlTemplate\":\"https:\/\/orchard-gallery.com\/?s={search_term_string}\"},\"query-input\":\"required name=search_term_string\"}],\"inLanguage\":\"de\"},{\"@type\":\"Organization\",\"@id\":\"https:\/\/orchard-gallery.com\/#organization\",\"name\":\"OrchardGallery\",\"url\":\"https:\/\/orchard-gallery.com\/\",\"logo\":{\"@type\":\"ImageObject\",\"inLanguage\":\"de\",\"@id\":\"https:\/\/orchard-gallery.com\/#\/schema\/logo\/image\/\",\"url\":\"https:\/\/www.orchard-gallery.com\/wp-content\/uploads\/2020\/05\/orchard_retina-.png\",\"contentUrl\":\"https:\/\/www.orchard-gallery.com\/wp-content\/uploads\/2020\/05\/orchard_retina-.png\",\"width\":400,\"height\":38,\"caption\":\"OrchardGallery\"},\"image\":{\"@id\":\"https:\/\/orchard-gallery.com\/#\/schema\/logo\/image\/\"},\"sameAs\":[\"https:\/\/www.facebook.com\/galleryorchard\/\",\"https:\/\/www.instagram.com\/artisticostores\/\",\"https:\/\/www.youtube.com\/channel\/UC6fZFM4tjduboVY2BzlFjzA\"]}]}<\/script>\n<!-- \/ Yoast SEO plugin. -->","yoast_head_json":{"title":"Josef Val\u010d\u00edk -","robots":{"index":"index","follow":"follow","max-snippet":"max-snippet:-1","max-image-preview":"max-image-preview:large","max-video-preview":"max-video-preview:-1"},"canonical":"https:\/\/orchard-gallery.com\/de\/artists\/josef-valcik\/","og_locale":"de_DE","og_type":"article","og_title":"Josef Val\u010d\u00edk -","og_description":"[vc_row curly_padding=&#8220;content-padding&#8220; css=&#8220;.vc_custom_1504195713546{padding-bottom: 0px !important;}&#8220;][vc_column][vc_column_text] TSCHECHISCHER K\u00dcNSTLERJosef Val\u010d\u00edk [\/vc_column_text][vc_empty_space height=&#8220;&#8220; el_class=&#8220;xtd-spacer&#8220;][\/vc_column][vc_column width=&#8220;1\/3&#8243;][vc_empty_space][vc_single_image image=&#8220;3151&#8243; img_size=&#8220;full&#8220; style=&#8220;xtd-shadow&#8211;normal-light&#8220; el_class=&#8220;xtd-offset-frame&#8220;][vc_btn title=&#8220;Gehe in den e-shop&#8220; style=&#8220;btn-outline-primary&#8220; shape=&#8220;square&#8220; align=&#8220;center&#8220; link=&#8220;url:https%3A%2F%2Fwww.artisticostores.com%2Fde%2Fprodukt-kategorie%2Fjosef-valcik-de%2F|title:Josef%20Val%C4%8D%C3%ADk%20Artistico||&#8220;][\/vc_column][vc_column width=&#8220;2\/3&#8243; offset=&#8220;vc_col-lg-offset-1 vc_col-lg-7&#8243;][vc_column_text] Josef Val\u010d\u00edk ist das proteische Element des Ateli\u00e9r Val\u010d\u00edk. Proteisch nicht etwa aus dem Grund, dass er die Methoden seines Schaffens oder seinen Stil nach aktuellen Moden gewechselt h\u00e4tte. Im Gegenteil, die Art [&hellip;]","og_url":"https:\/\/orchard-gallery.com\/artists\/josef-valcik\/","article_publisher":"https:\/\/www.facebook.com\/galleryorchard\/","article_modified_time":"2020-11-30T17:15:16+00:00","twitter_card":"summary_large_image","twitter_misc":{"Gesch\u00e4tzte Lesezeit":"6\u00a0Minuten"},"schema":{"@context":"https:\/\/schema.org","@graph":[{"@type":"WebPage","@id":"https:\/\/orchard-gallery.com\/artists\/josef-valcik\/","url":"https:\/\/orchard-gallery.com\/artists\/josef-valcik\/","name":"Josef Val\u010d\u00edk -","isPartOf":{"@id":"https:\/\/orchard-gallery.com\/#website"},"datePublished":"2020-06-18T21:19:37+00:00","dateModified":"2020-11-30T17:15:16+00:00","breadcrumb":{"@id":"https:\/\/orchard-gallery.com\/artists\/josef-valcik\/#breadcrumb"},"inLanguage":"de","potentialAction":[{"@type":"ReadAction","target":["https:\/\/orchard-gallery.com\/artists\/josef-valcik\/"]}]},{"@type":"BreadcrumbList","@id":"https:\/\/orchard-gallery.com\/artists\/josef-valcik\/#breadcrumb","itemListElement":[{"@type":"ListItem","position":1,"name":"Dom\u016f","item":"https:\/\/orchard-gallery.com\/home\/"},{"@type":"ListItem","position":2,"name":"K\u00fcnstler","item":"https:\/\/orchard-gallery.com\/de\/artists\/"},{"@type":"ListItem","position":3,"name":"Josef Val\u010d\u00edk"}]},{"@type":"WebSite","@id":"https:\/\/orchard-gallery.com\/#website","url":"https:\/\/orchard-gallery.com\/","name":"Orchard Gallery","description":"","publisher":{"@id":"https:\/\/orchard-gallery.com\/#organization"},"potentialAction":[{"@type":"SearchAction","target":{"@type":"EntryPoint","urlTemplate":"https:\/\/orchard-gallery.com\/?s={search_term_string}"},"query-input":"required name=search_term_string"}],"inLanguage":"de"},{"@type":"Organization","@id":"https:\/\/orchard-gallery.com\/#organization","name":"OrchardGallery","url":"https:\/\/orchard-gallery.com\/","logo":{"@type":"ImageObject","inLanguage":"de","@id":"https:\/\/orchard-gallery.com\/#\/schema\/logo\/image\/","url":"https:\/\/www.orchard-gallery.com\/wp-content\/uploads\/2020\/05\/orchard_retina-.png","contentUrl":"https:\/\/www.orchard-gallery.com\/wp-content\/uploads\/2020\/05\/orchard_retina-.png","width":400,"height":38,"caption":"OrchardGallery"},"image":{"@id":"https:\/\/orchard-gallery.com\/#\/schema\/logo\/image\/"},"sameAs":["https:\/\/www.facebook.com\/galleryorchard\/","https:\/\/www.instagram.com\/artisticostores\/","https:\/\/www.youtube.com\/channel\/UC6fZFM4tjduboVY2BzlFjzA"]}]}},"_links":{"self":[{"href":"https:\/\/orchard-gallery.com\/de\/wp-json\/wp\/v2\/pages\/3188"}],"collection":[{"href":"https:\/\/orchard-gallery.com\/de\/wp-json\/wp\/v2\/pages"}],"about":[{"href":"https:\/\/orchard-gallery.com\/de\/wp-json\/wp\/v2\/types\/page"}],"author":[{"embeddable":true,"href":"https:\/\/orchard-gallery.com\/de\/wp-json\/wp\/v2\/users\/1"}],"replies":[{"embeddable":true,"href":"https:\/\/orchard-gallery.com\/de\/wp-json\/wp\/v2\/comments?post=3188"}],"version-history":[{"count":4,"href":"https:\/\/orchard-gallery.com\/de\/wp-json\/wp\/v2\/pages\/3188\/revisions"}],"predecessor-version":[{"id":4866,"href":"https:\/\/orchard-gallery.com\/de\/wp-json\/wp\/v2\/pages\/3188\/revisions\/4866"}],"up":[{"embeddable":true,"href":"https:\/\/orchard-gallery.com\/de\/wp-json\/wp\/v2\/pages\/668"}],"wp:attachment":[{"href":"https:\/\/orchard-gallery.com\/de\/wp-json\/wp\/v2\/media?parent=3188"}],"curies":[{"name":"wp","href":"https:\/\/api.w.org\/{rel}","templated":true}]}}